{"id":11668,"date":"2021-03-10T14:16:13","date_gmt":"2021-03-10T14:16:13","guid":{"rendered":"https:\/\/esclaustre.com\/event\/meritxell-neddermann-copy\/"},"modified":"2021-04-21T11:44:38","modified_gmt":"2021-04-21T11:44:38","slug":"surfistes-en-camera-lenta","status":"publish","type":"tribe_events","link":"https:\/\/esclaustre.com\/en\/event\/surfistes-en-camera-lenta\/","title":{"rendered":"Joan Miquel Oliver"},"content":{"rendered":"<p>[ bb_built=&#8221;1&#8243; fullwidth=&#8221;off&#8221; specialty=&#8221;on&#8221;][et_pb_column type=&#8221;3_4&#8243; specialty_columns=&#8221;3&#8243;][et_pb_row_inner admin_label=&#8221;Row&#8221; _builder_version=&#8221;3.0.51&#8243; background_position_1=&#8221;top_left&#8221; background_repeat_1=&#8221;no-repeat&#8221; module_class=&#8221;tribe-events-content__img&#8221;][et_pb_column_inner type=&#8221;4_4&#8243; saved_specialty_column_type=&#8221;3_4&#8243;][et_pb_image _builder_version=&#8221;3.0.64&#8243; show_in_lightbox=&#8221;off&#8221; url_new_window=&#8221;off&#8221; use_overlay=&#8221;off&#8221; sticky=&#8221;off&#8221; align=&#8221;left&#8221; always_center_on_mobile=&#8221;on&#8221; border_style=&#8221;solid&#8221; force_fullwidth=&#8221;off&#8221; src=&#8221;https:\/\/esclaustre.com\/wp-content\/uploads\/2021\/03\/Joan_Miquel_Oliver-.jpg&#8221; \/][\/et_pb_column_inner][\/et_pb_row_inner][et_pb_row_inner admin_label=&#8221;Row&#8221; _builder_version=&#8221;3.0.51&#8243; background_position_1=&#8221;top_left&#8221; background_repeat_1=&#8221;no-repeat&#8221; module_class=&#8221;tribe-events-content__content&#8221;][et_pb_column_inner type=&#8221;4_4&#8243; saved_specialty_column_type=&#8221;3_4&#8243;][et_pb_code _builder_version=&#8221;3.0.64&#8243;][socialpug_share][\/et_pb_code][et_pb_text _builder_version=&#8221;3.0.64&#8243; background_layout=&#8221;light&#8221; text_orientation=&#8221;left&#8221; border_style=&#8221;solid&#8221;]<\/p>\n<h2><strong>Joan Miquel Oliver, 15 anys de \u00abSurfistes en c\u00e0mera lenta\u00bb\u00a0<\/strong><\/h2>\n<p>Ara fa quinze anys Joan Miquel Oliver publicava el seu primer disc en solitari, Surfistes en c\u00e0mera lenta. El que ha passat despr\u00e9s \u2013els anys i els discos\u2013, certifica Surfistes en c\u00e0mera lenta com l\u2019inici d\u2019una carrera personal s\u00f2lida, compaginada amb la milit\u00e0ncia a <span style=\"color: #000000;\">Ant\u00f2nia Font<\/span> fins a la dissoluci\u00f3 del grup, i que fins al 2020 suma cinc \u00e0lbums m\u00e9s, per no parlar de les seves aventures liter\u00e0ries en els \u00e0mbits de la narrativa o el teatre.<\/p>\n<p>Si les can\u00e7ons d\u2019Oliver per <span style=\"color: #000000;\"><strong>Ant\u00f2nia Font<\/strong> <\/span>ja havien marcat un remarcable punt d\u2019inflexi\u00f3 en la cr\u00f2nica de la m\u00fasica en catal\u00e0 dels inicis de segle, ara l\u2019autor sentia la necessitat d\u2019afirmar-se en primer\u00edssima persona amb una col\u00b7lecci\u00f3 d\u2019onze can\u00e7ons on els p\u00edxels congelats que suggereix el t\u00edtol del disc s\u2019alternen amb imatges pertorbadores (La mujer que mordi\u00f3 un piano) i la melancolia m\u00e9s elegant (Pallasso).<\/p>\n<p>Un can\u00e7oner que ens oferia i ens ofereix vistes privilegiades del retrovisor del gran Emerson Fittipaldi, tot saltant des de la foguera marciana instrumental de Soy un lo-fi a un P\u00edcnic tan ef\u00edmer com feli\u00e7. Tot plegat, impulsat pel Rellotge que obre el disc, que tal vegada tamb\u00e9 ens serveix per entendre les raons de l\u2019artista alhora d\u2019endegar aquest nou cam\u00ed: \u201crellotge calculadora ja sumes 30 anys \/\u2026 \/ Rellotge tens sa vida per davant \/ rellotge no te pots aturar\u201d.<\/p>\n<p>&nbsp;<\/p>\n<h3><span style=\"color: #000000;\"><b>Sons de Nit i Es Claustre presenten aquest especial concert.<\/b><\/span><\/h3>\n<p>&nbsp;<\/p>\n<p>Una col\u00b7laboraci\u00f3 d&#8217;aquesta Gira de 15 any de \u00abSurfistes en c\u00e0mera lenta\u00bb amb el cicle <strong><span style=\"color: #000000;\">Sons de Nit<\/span>\u00a0<\/strong>amb un artista que s&#8217;ha enfilat a l&#8217;escenari maon\u00e9s tant en solitari com amb <span style=\"color: #000000;\"><strong>Ant\u00f2nia Font<\/strong><\/span> en diverses ocasions.<\/p>\n<p>Es Claustre alhora tamb\u00e9 ext\u00e9n aquest concert al <strong>Teatre des Born<\/strong> de Ciutadella. Un inici d&#8217;un mapa de vincles entre Es Claustre i destacats segells amb els que ens unim en forces, amb continguts i un fort esperit, i que s&#8217;extendr\u00e0 no nom\u00e9s a l&#8217;escenari de Ma\u00f3. Molt prest n&#8217;avan\u00e7arem m\u00e9s detalls.<\/p>\n<p>&nbsp;<\/p>\n<p>&nbsp;<\/p>\n<p><iframe width=\"560\" height=\"315\" src=\"https:\/\/www.youtube.com\/embed\/N3LdKfCVsgM\" title=\"YouTube video player\" frameborder=\"0\" allow=\"accelerometer; autoplay; clipboard-write; encrypted-media; gyroscope; picture-in-picture\" allowfullscreen><\/iframe><\/p>\n<p>&nbsp;<\/p>\n<p>[\/et_pb_text][\/et_pb_column_inner][\/et_pb_row_inner][\/et_pb_column][et_pb_column type=&#8221;1_4&#8243;][et_pb_customEventMetaFields admin_label=&#8221;EsClaustre Camps Event&#8221; _builder_version=&#8221;3.0.64&#8243; location=&#8221;on&#8221; schedule=&#8221;on&#8221; price=&#8221;on&#8221; module_class=&#8221;appendTo_tribe-events-infoBlocks_landscape&#8221; \/][et_pb_button _builder_version=&#8221;3.0.64&#8243; button_text=&#8221;COMPRAR&#8221; url_new_window=&#8221;on&#8221; button_alignment=&#8221;center&#8221; background_layout=&#8221;light&#8221; custom_button=&#8221;off&#8221; button_letter_spacing=&#8221;0&#8243; button_icon_placement=&#8221;right&#8221; button_letter_spacing_hover=&#8221;0&#8243; module_class=&#8221;btn-ticket appendTo_tribe-events-infoBlocks_landscape&#8221; button_url=&#8221;https:\/\/ticketib.com\/ca\/events\/joan-miquel-oliver&#8221; \/][et_pb_customEventCategories _builder_version=&#8221;3.0.64&#8243; \/][et_pb_customEventTags _builder_version=&#8221;3.0.64&#8243; \/][\/et_pb_column][\/]<\/p>\n","protected":false},"excerpt":{"rendered":"<p>Ara fa quinze anys Joan Miquel Oliver publicava el seu primer disc en solitari, \u00abSurfistes en c\u00e0mera lenta\u00bb. El que certifica Surfistes en c\u00e0mera lenta com l\u2019inici d\u2019una carrera personal s\u00f2lida, compaginada amb la milit\u00e0ncia a Ant\u00f2nia Font fins a la dissoluci\u00f3 del grup.<\/p>\n","protected":false},"author":1,"featured_media":11666,"template":"","meta":{"_acf_changed":false,"_tribe_events_status":"","_tribe_events_status_reason":"","_tribe_events_is_hybrid":"","_tribe_events_is_virtual":"","_tribe_events_virtual_video_source":"","_tribe_events_virtual_embed_video":"","_tribe_events_virtual_linked_button_text":"","_tribe_events_virtual_linked_button":"","_tribe_events_virtual_show_embed_at":"","_tribe_events_virtual_show_embed_to":[],"_tribe_events_virtual_show_on_event":"","_tribe_events_virtual_show_on_views":"","_tribe_events_virtual_url":"","footnotes":""},"tags":[2098,2099,132,2100],"tribe_events_cat":[650,107],"class_list":["post-11668","tribe_events","type-tribe_events","status-publish","has-post-thumbnail","hentry","tag-fonart-en","tag-gira-15-anys-en","tag-mallorca-en","tag-sons-de-nit-en","tribe_events_cat-cultura-en","tribe_events_cat-musica-en","cat_cultura-en","cat_musica-en"],"acf":[],"_links":{"self":[{"href":"https:\/\/esclaustre.com\/en\/wp-json\/wp\/v2\/tribe_events\/11668","targetHints":{"allow":["GET"]}}],"collection":[{"href":"https:\/\/esclaustre.com\/en\/wp-json\/wp\/v2\/tribe_events"}],"about":[{"href":"https:\/\/esclaustre.com\/en\/wp-json\/wp\/v2\/types\/tribe_events"}],"author":[{"embeddable":true,"href":"https:\/\/esclaustre.com\/en\/wp-json\/wp\/v2\/users\/1"}],"version-history":[{"count":0,"href":"https:\/\/esclaustre.com\/en\/wp-json\/wp\/v2\/tribe_events\/11668\/revisions"}],"wp:featuredmedia":[{"embeddable":true,"href":"https:\/\/esclaustre.com\/en\/wp-json\/wp\/v2\/media\/11666"}],"wp:attachment":[{"href":"https:\/\/esclaustre.com\/en\/wp-json\/wp\/v2\/media?parent=11668"}],"wp:term":[{"taxonomy":"post_tag","embeddable":true,"href":"https:\/\/esclaustre.com\/en\/wp-json\/wp\/v2\/tags?post=11668"},{"taxonomy":"tribe_events_cat","embeddable":true,"href":"https:\/\/esclaustre.com\/en\/wp-json\/wp\/v2\/tribe_events_cat?post=11668"}],"curies":[{"name":"wp","href":"https:\/\/api.w.org\/{rel}","templated":true}]}}