{"id":15765,"date":"2022-07-25T10:31:51","date_gmt":"2022-07-25T10:31:51","guid":{"rendered":"https:\/\/esclaustre.com\/event\/mil-incendis-copy\/"},"modified":"2022-07-25T10:58:55","modified_gmt":"2022-07-25T10:58:55","slug":"milicianes","status":"publish","type":"tribe_events","link":"https:\/\/esclaustre.com\/en\/event\/milicianes\/","title":{"rendered":"MILICIANES"},"content":{"rendered":"<p>[ bb_built=&#8221;1&#8243; admin_label=&#8221;section&#8221; module_class=&#8221;eventPost__vertical&#8221; _builder_version=&#8221;3.0.51&#8243;][et_pb_row admin_label=&#8221;row&#8221; make_equal=&#8221;on&#8221; background_position_1=&#8221;top_left&#8221; background_position_2=&#8221;top_left&#8221; background_repeat_1=&#8221;no-repeat&#8221; background_repeat_2=&#8221;no-repeat&#8221; module_class_1=&#8221;eventPost__vertical__img&#8221; module_class_2=&#8221;eventPost__vertical__img_content&#8221; _builder_version=&#8221;3.0.51&#8243; background_size=&#8221;initial&#8221; background_position=&#8221;top_left&#8221; background_repeat=&#8221;repeat&#8221;][et_pb_column type=&#8221;1_2&#8243;][et_pb_image sticky=&#8221;on&#8221; _builder_version=&#8221;3.0.64&#8243; show_in_lightbox=&#8221;off&#8221; url_new_window=&#8221;off&#8221; use_overlay=&#8221;off&#8221; align=&#8221;left&#8221; always_center_on_mobile=&#8221;on&#8221; border_style=&#8221;solid&#8221; force_fullwidth=&#8221;off&#8221; src=&#8221;https:\/\/esclaustre.com\/wp-content\/uploads\/2022\/07\/cartell-MILICIANES.jpg&#8221; \/][\/et_pb_column][et_pb_column type=&#8221;1_2&#8243;][et_pb_customEventMetaFields location=&#8221;on&#8221; schedule=&#8221;on&#8221; price=&#8221;on&#8221; _builder_version=&#8221;3.0.64&#8243;]<\/p>\n<div class=\"wrapper_tribe-events-infoBlock\">\n<dl class=\"tribe-events-infoBlock et_pb_customEventMetaFields_1\">\n<dt class=\"tribe-events-infoBlock__label\">Lloc<\/dt>\n<dd class=\"tribe-events-infoBlock__field\"><\/dd>\n<\/dl>\n<dl class=\"tribe-events-infoBlock et_pb_customEventMetaFields_1\">\n<dt class=\"tribe-events-infoBlock__label\">Horari<\/dt>\n<dd class=\"tribe-events-infoBlock__field\">H<\/dd>\n<\/dl>\n<dl class=\"tribe-events-infoBlock et_pb_customEventMetaFields_1\">\n<dt class=\"tribe-events-infoBlock__label\">Preu<\/dt>\n<dd class=\"tribe-events-infoBlock__field\"><\/dd>\n<\/dl>\n<p><a class=\"tribe-events-infoBlock_addCAlendar\" href=\"https:\/\/esclaustre.com\/agenda\/?ical=1\">Afegir al calendari<\/a><\/p>\n<\/div>\n<p>[\/et_pb_customEventMetaFields][et_pb_button _builder_version=&#8221;3.0.64&#8243; button_text=&#8221;COMPRAR&#8221; button_url=&#8221;https:\/\/entradas.codetickets.com\/entradas\/esclaustre&#8221; url_new_window=&#8221;off&#8221; button_alignment=&#8221;center&#8221; background_layout=&#8221;light&#8221; custom_button=&#8221;off&#8221; button_letter_spacing=&#8221;0&#8243; button_icon_placement=&#8221;right&#8221; button_letter_spacing_hover=&#8221;0&#8243; module_class=&#8221;btn-ticket appendTo_tribe-events-infoBlocks_landscape&#8221; \/][et_pb_text admin_label=&#8221;Dades generals de la pelicula&#8221; module_class=&#8221;postEvent_cine__block&#8221; _builder_version=&#8221;3.0.64&#8243; background_layout=&#8221;light&#8221; text_orientation=&#8221;left&#8221; border_style=&#8221;solid&#8221;]<\/p>\n<h1><span style=\"color: #000000;\">MILICIANES<\/span><\/h1>\n<h3 class=\"mt-4 font-condensed-48 text-2xl xs:text-3xl md:text-2xl 2xl:text-3xl tracking-tight leading-none\"><strong><span class=\"\">T\u00e0nia Ball\u00f3, Gonzalo Berger, Jaume Mir\u00f3<\/span><\/strong><\/h3>\n<p class=\"tit fusion-responsive-typography-calculated\" data-fontsize=\"46\" data-lineheight=\"41px\"><span style=\"color: #000000;\">VO\u00a0<\/span><\/p>\n<div><strong>2019. 52<\/strong>\u00a0min.<\/div>\n<div>Espanya<\/div>\n<div><\/div>\n<p>&nbsp;<\/p>\n<div><\/div>\n<p>[\/et_pb_text][et_pb_customEventCategories admin_label=&#8221;Categories&#8221; _builder_version=&#8221;3.0.64&#8243; \/][et_pb_customEventTags admin_label=&#8221;Tags&#8221; _builder_version=&#8221;3.0.64&#8243; \/][et_pb_text admin_label=&#8221;Premis + Link Trailer&#8221; module_class=&#8221;postEvent_cine__block&#8221; _builder_version=&#8221;3.0.64&#8243; background_layout=&#8221;light&#8221; text_orientation=&#8221;left&#8221; border_style=&#8221;solid&#8221;]<\/p>\n<h4><strong><span style=\"color: #000000;\">PREMIS I FESTIVALS<\/span><\/strong><\/h4>\n<div class=\"lg:w-1\/2 mb-10 flex\">\n<div class=\"-mt-1 pl-3\"><\/div>\n<\/div>\n<div class=\"lg:w-1\/2 mb-10 flex\">\n<div class=\"flex-none\"><\/div>\n<\/div>\n<p>&nbsp;<\/p>\n<p><a class=\"postEvent_cine__filmLink\" href=\"https:\/\/youtu.be\/bGnwetLnZgw\" target=\"_blank\" rel=\"noopener noreferrer\">Veure Trailer<\/a><\/p>\n<p>&nbsp;<\/p>\n<p>[\/et_pb_text][et_pb_code admin_label=&#8221;Compartir&#8221; module_class=&#8221;postEvent_cine__block__Share&#8221; _builder_version=&#8221;3.0.64&#8243;][socialpug_share][\/et_pb_code][\/et_pb_column][\/et_pb_row][et_pb_row][et_pb_column type=&#8221;2_3&#8243;][et_pb_text _builder_version=&#8221;3.0.64&#8243; background_layout=&#8221;light&#8221; text_orientation=&#8221;left&#8221; border_style=&#8221;solid&#8221;]<\/p>\n<h3 class=\"postEvent_content__titleh3\">SINOPSIS<\/h3>\n<div class=\"page\" title=\"Page 1\">\n<div class=\"layoutArea\">\n<div class=\"column\">\n<p><strong>T\u00e0nia Ball\u00f3<\/strong>\u00a0i <strong>Jaume Mir\u00f3<\/strong>\u00a0ens presenten la desconeguda histo\u0300ria de\u00a0cinc dones que van formar part de l\u2019expedicio\u0301 de Bayo en l\u2019intent de recuperar\u00a0Mallorca per al ba\u0300ndol republica\u0300 durant la Guerra Civil. La matinada del 5 de\u00a0setembre\u00a0de 1936, a Manacor, van ser executades. L\u2019existe\u0300ncia d\u2019un diari escrit\u00a0per una d\u2019elles, on es relaten els dies de la campanya a Mallorca i una foto del\u00a0grup feta poc despre\u0301s de ser detingudes, so\u0301n el punt de partida de la recerca.<\/p>\n<p>Organitza i presenta: <span style=\"color: #000000;\"><strong>Mem\u00f2ries de Menorca<\/strong><\/span><\/p>\n<p>&nbsp;<\/p>\n<\/div>\n<\/div>\n<\/div>\n<p><strong>CICLE DE CINEMA INTERCULTURAL<\/strong>.\u00a0Aquest cicle de cinema vol posar en valor la diversitat cultural i promoure les relacions interculturals, com a forma de complir el nov\u00e8 dels compromisos pels quals la ciutat de Ma\u00f3 forma part de la Coalici\u00f3 Europea Contra el Racisme.<\/p>\n<p>Cicle documental amb el suport de la Regidoria de Pol\u00edtica Ling\u00fc\u00edstica de l&#8217;<a href=\"http:\/\/www.ajmao.org\" target=\"_blank\" rel=\"noopener\">Ajuntament de Ma\u00f3<\/a>.<\/p>\n<p>[\/et_pb_text][\/et_pb_column][et_pb_column type=&#8221;1_3&#8243;][et_pb_text admin_label=&#8221;Fitxa t\u00e8cnica&#8221; module_class=&#8221;postEvent_content__technicalData&#8221; _builder_version=&#8221;3.0.64&#8243; background_layout=&#8221;light&#8221; text_orientation=&#8221;left&#8221; border_style=&#8221;solid&#8221;]<\/p>\n<h4><strong><span style=\"color: #000000;\">FITXA T\u00c8CNICA<\/span><\/strong><\/h4>\n<div class=\"feature\">\n<div class=\"mb-8 md:mb-10 2xl:mb-12 font-extended xl:text-lg 3xl:text-xl tracking-tight leading-none\">\n<div class=\"xs:pr-2 mt-1 text-2sm 3xl:text-sm font-mono leading-snug\">\n<div>\u2022 Any:\u00a02018<\/div>\n<div>\u2022 Tipuslogia:\u00a0Documental \u2013 Televisi\u00f3<\/div>\n<div>\u2022 G\u00e8nere:\u00a0Hist\u00f2ric<\/div>\n<div>\u2022 P\u00fablic:\u00a0Tots els p\u00fablics<\/div>\n<div>\u2022 Durada:\u00a052.00 \u2018<\/div>\n<div>\u2022 Versi\u00f3 original:\u00a0Catal\u00e0<\/div>\n<div>\u2022 Format:\u00a0Color, 2D Digital, Digital 5.1,<\/div>\n<div><\/div>\n<p>&nbsp;<\/p>\n<h5><span style=\"color: #000000;\"><strong>Equip t\u00e8cnic i art\u00edstic<\/strong><\/span><\/h5>\n<p>&nbsp;<\/p>\n<div>\n<div>\u2022 Director\/s:\u00a0<strong>T\u00e0nia Ball\u00f3, Jaume Mir\u00f3<\/strong><\/div>\n<div>\u2022 Gui\u00f3:\u00a0<strong>Jaume Mir\u00f3, T\u00e0nia Ball\u00f3, Gonzalo Berger<\/strong><\/div>\n<div>\u2022 Direcci\u00f3 de fotografia:\u00a0<strong>Pedro Sara<\/strong><\/div>\n<div>\u2022 Productor\/s:\u00a0<strong>Nina i Cin\u00e8tica Produccions<\/strong><\/div>\n<div>\u2022 Cooproducci\u00f3: <strong>TV3 i IB3<\/strong><\/div>\n<\/div>\n<\/div>\n<\/div>\n<\/div>\n<p>&nbsp;<\/p>\n<p>[\/et_pb_text][\/et_pb_column][\/et_pb_row][\/]<\/p>\n","protected":false},"excerpt":{"rendered":"<p>[CINEMA: MIRADES] El documental cada dilluns Es Claustre: Milicianes.<\/p>\n","protected":false},"author":1,"featured_media":15763,"template":"","meta":{"_acf_changed":false,"_tribe_events_status":"","_tribe_events_status_reason":"","_tribe_events_is_hybrid":"","_tribe_events_is_virtual":"","_tribe_events_virtual_video_source":"","_tribe_events_virtual_embed_video":"","_tribe_events_virtual_linked_button_text":"","_tribe_events_virtual_linked_button":"","_tribe_events_virtual_show_embed_at":"","_tribe_events_virtual_show_embed_to":[],"_tribe_events_virtual_show_on_event":"","_tribe_events_virtual_show_on_views":"","_tribe_events_virtual_url":"","footnotes":""},"tags":[982,3111,132,3112,3113],"tribe_events_cat":[116],"class_list":["post-15765","tribe_events","type-tribe_events","status-publish","has-post-thumbnail","hentry","tag-catalunya-en","tag-guerra-civil-en","tag-mallorca-en","tag-memoria-historica-en","tag-republica-en","tribe_events_cat-cinema-en","cat_cinema-en"],"acf":[],"_links":{"self":[{"href":"https:\/\/esclaustre.com\/en\/wp-json\/wp\/v2\/tribe_events\/15765","targetHints":{"allow":["GET"]}}],"collection":[{"href":"https:\/\/esclaustre.com\/en\/wp-json\/wp\/v2\/tribe_events"}],"about":[{"href":"https:\/\/esclaustre.com\/en\/wp-json\/wp\/v2\/types\/tribe_events"}],"author":[{"embeddable":true,"href":"https:\/\/esclaustre.com\/en\/wp-json\/wp\/v2\/users\/1"}],"version-history":[{"count":0,"href":"https:\/\/esclaustre.com\/en\/wp-json\/wp\/v2\/tribe_events\/15765\/revisions"}],"wp:featuredmedia":[{"embeddable":true,"href":"https:\/\/esclaustre.com\/en\/wp-json\/wp\/v2\/media\/15763"}],"wp:attachment":[{"href":"https:\/\/esclaustre.com\/en\/wp-json\/wp\/v2\/media?parent=15765"}],"wp:term":[{"taxonomy":"post_tag","embeddable":true,"href":"https:\/\/esclaustre.com\/en\/wp-json\/wp\/v2\/tags?post=15765"},{"taxonomy":"tribe_events_cat","embeddable":true,"href":"https:\/\/esclaustre.com\/en\/wp-json\/wp\/v2\/tribe_events_cat?post=15765"}],"curies":[{"name":"wp","href":"https:\/\/api.w.org\/{rel}","templated":true}]}}