{"id":1432,"date":"2017-07-20T14:49:12","date_gmt":"2017-07-20T12:49:12","guid":{"rendered":"https:\/\/esclaustre.com\/blog\/"},"modified":"2024-07-04T12:59:08","modified_gmt":"2024-07-04T10:59:08","slug":"blog","status":"publish","type":"page","link":"https:\/\/esclaustre.com\/es\/blog\/","title":{"rendered":"Blog"},"content":{"rendered":"\t\t<div data-elementor-type=\"wp-page\" data-elementor-id=\"1432\" class=\"elementor elementor-1432 elementor-1149\" data-elementor-post-type=\"page\">\n\t\t\t\t<div class=\"elementor-element elementor-element-7bd5acb e-flex e-con-boxed e-con e-parent\" data-id=\"7bd5acb\" data-element_type=\"container\" data-e-type=\"container\">\n\t\t\t\t\t<div class=\"e-con-inner\">\n\t\t\t\t<div class=\"elementor-element elementor-element-3ea8554 elementor-grid-3 elementor-grid-tablet-2 elementor-grid-mobile-1 elementor-posts--thumbnail-top elementor-card-shadow-yes elementor-posts__hover-gradient load-more-align-center elementor-widget elementor-widget-posts\" data-id=\"3ea8554\" data-element_type=\"widget\" data-e-type=\"widget\" data-settings=\"{&quot;pagination_type&quot;:&quot;load_more_on_click&quot;,&quot;cards_masonry&quot;:&quot;yes&quot;,&quot;cards_columns&quot;:&quot;3&quot;,&quot;cards_columns_tablet&quot;:&quot;2&quot;,&quot;cards_columns_mobile&quot;:&quot;1&quot;,&quot;cards_row_gap&quot;:{&quot;unit&quot;:&quot;px&quot;,&quot;size&quot;:35,&quot;sizes&quot;:[]},&quot;cards_row_gap_tablet&quot;:{&quot;unit&quot;:&quot;px&quot;,&quot;size&quot;:&quot;&quot;,&quot;sizes&quot;:[]},&quot;cards_row_gap_mobile&quot;:{&quot;unit&quot;:&quot;px&quot;,&quot;size&quot;:&quot;&quot;,&quot;sizes&quot;:[]},&quot;load_more_spinner&quot;:{&quot;value&quot;:&quot;fas fa-spinner&quot;,&quot;library&quot;:&quot;fa-solid&quot;}}\" data-widget_type=\"posts.cards\">\n\t\t\t\t<div class=\"elementor-widget-container\">\n\t\t\t\t\t\t\t<div class=\"elementor-posts-container elementor-posts elementor-posts--skin-cards elementor-grid\" role=\"list\">\n\t\t\t\t<article class=\"elementor-post elementor-grid-item post-30232 post type-post status-publish format-standard has-post-thumbnail hentry category-blog-es category-sin-categorizar\" role=\"listitem\">\n\t\t\t<div class=\"elementor-post__card\">\n\t\t\t\t<a class=\"elementor-post__thumbnail__link\" href=\"https:\/\/esclaustre.com\/es\/robe-iniesta-el-mes-extremoduro\/\" tabindex=\"-1\"><div class=\"elementor-post__thumbnail\"><img fetchpriority=\"high\" decoding=\"async\" width=\"1000\" height=\"725\" src=\"https:\/\/esclaustre.com\/wp-content\/uploads\/2025\/12\/Robe.jpg\" class=\"attachment-full size-full wp-image-30228\" alt=\"Robe Iniesta, Extremoduro\" srcset=\"https:\/\/esclaustre.com\/wp-content\/uploads\/2025\/12\/Robe.jpg 1000w, https:\/\/esclaustre.com\/wp-content\/uploads\/2025\/12\/Robe-300x218.jpg 300w, https:\/\/esclaustre.com\/wp-content\/uploads\/2025\/12\/Robe-768x557.jpg 768w, https:\/\/esclaustre.com\/wp-content\/uploads\/2025\/12\/Robe-600x435.jpg 600w\" sizes=\"(max-width: 1000px) 100vw, 1000px\" title=\"\"><\/div><\/a>\n\t\t\t\t<div class=\"elementor-post__badge\">Blog<\/div>\n\t\t\t\t<div class=\"elementor-post__text\">\n\t\t\t\t<h3 class=\"elementor-post__title\">\n\t\t\t<a href=\"https:\/\/esclaustre.com\/es\/robe-iniesta-el-mes-extremoduro\/\">\n\t\t\t\tRobe Iniesta, el m\u00e9s Extremoduro.\t\t\t<\/a>\n\t\t<\/h3>\n\t\t\t\t<div class=\"elementor-post__excerpt\">\n\t\t\t<p>fins aviat!<\/p>\n\t\t<\/div>\n\t\t\n\t\t<a class=\"elementor-post__read-more\" href=\"https:\/\/esclaustre.com\/es\/robe-iniesta-el-mes-extremoduro\/\" aria-label=\"M\u00e1s informaci\u00f3n sobre Robe Iniesta, el m\u00e9s Extremoduro.\" tabindex=\"-1\">\n\t\t\t Llegir m\u00e9s \u00bb\t\t<\/a>\n\n\t\t\t\t<\/div>\n\t\t\t\t\t<\/div>\n\t\t<\/article>\n\t\t\t\t<article class=\"elementor-post elementor-grid-item post-30031 post type-post status-publish format-standard has-post-thumbnail hentry category-sin-categorizar tag-discordia\" role=\"listitem\">\n\t\t\t<div class=\"elementor-post__card\">\n\t\t\t\t<a class=\"elementor-post__thumbnail__link\" href=\"https:\/\/esclaustre.com\/es\/discordia\/\" tabindex=\"-1\"><div class=\"elementor-post__thumbnail\"><img decoding=\"async\" width=\"800\" height=\"1000\" src=\"https:\/\/esclaustre.com\/wp-content\/uploads\/2025\/10\/DISCORDIA_cartell-1.jpg\" class=\"attachment-full size-full wp-image-30004\" alt=\"\" srcset=\"https:\/\/esclaustre.com\/wp-content\/uploads\/2025\/10\/DISCORDIA_cartell-1.jpg 800w, https:\/\/esclaustre.com\/wp-content\/uploads\/2025\/10\/DISCORDIA_cartell-1-240x300.jpg 240w, https:\/\/esclaustre.com\/wp-content\/uploads\/2025\/10\/DISCORDIA_cartell-1-768x960.jpg 768w, https:\/\/esclaustre.com\/wp-content\/uploads\/2025\/10\/DISCORDIA_cartell-1-600x750.jpg 600w\" sizes=\"(max-width: 800px) 100vw, 800px\" title=\"\"><\/div><\/a>\n\t\t\t\t<div class=\"elementor-post__badge\">Sin categorizar<\/div>\n\t\t\t\t<div class=\"elementor-post__text\">\n\t\t\t\t<h3 class=\"elementor-post__title\">\n\t\t\t<a href=\"https:\/\/esclaustre.com\/es\/discordia\/\">\n\t\t\t\tDisc\u00f2rdia&#8211;>\t\t\t<\/a>\n\t\t<\/h3>\n\t\t\t\t<div class=\"elementor-post__excerpt\">\n\t\t\t<p>&#8211; &#8211; &gt; Divendres d&#8217;Octubre i Novembre Es Claustre 100% Vinil \u00a0 \u00a0 \u00a0 \u00a0Disc\u00f2rida&#8211;&#8211;&gt;Yamamemaru &amp; PinchadiscosDissabte 25 i Diumenge 26 Es Claustre i Illa del Rei<\/p>\n\t\t<\/div>\n\t\t\n\t\t<a class=\"elementor-post__read-more\" href=\"https:\/\/esclaustre.com\/es\/discordia\/\" aria-label=\"M\u00e1s informaci\u00f3n sobre Disc\u00f2rdia&#8211;&gt;\" tabindex=\"-1\">\n\t\t\t Llegir m\u00e9s \u00bb\t\t<\/a>\n\n\t\t\t\t<\/div>\n\t\t\t\t\t<\/div>\n\t\t<\/article>\n\t\t\t\t<article class=\"elementor-post elementor-grid-item post-29433 post type-post status-publish format-standard has-post-thumbnail hentry category-arxiu-de-continguts-audiovisuals-videoclips-o-entrevistres-enregistrades-es category-blog-es\" role=\"listitem\">\n\t\t\t<div class=\"elementor-post__card\">\n\t\t\t\t<a class=\"elementor-post__thumbnail__link\" href=\"https:\/\/esclaustre.com\/es\/convindria-una-canco-per-dir-que-no-al-model-turistificador\/\" tabindex=\"-1\"><div class=\"elementor-post__thumbnail\"><img decoding=\"async\" width=\"1000\" height=\"563\" src=\"https:\/\/esclaustre.com\/wp-content\/uploads\/2025\/07\/CONVINDRIA.jpeg\" class=\"attachment-full size-full wp-image-29427\" alt=\"Convindria una can\u00e7\u00f3\" srcset=\"https:\/\/esclaustre.com\/wp-content\/uploads\/2025\/07\/CONVINDRIA.jpeg 1000w, https:\/\/esclaustre.com\/wp-content\/uploads\/2025\/07\/CONVINDRIA-300x169.jpeg 300w, https:\/\/esclaustre.com\/wp-content\/uploads\/2025\/07\/CONVINDRIA-768x432.jpeg 768w, https:\/\/esclaustre.com\/wp-content\/uploads\/2025\/07\/CONVINDRIA-600x338.jpeg 600w\" sizes=\"(max-width: 1000px) 100vw, 1000px\" title=\"\"><\/div><\/a>\n\t\t\t\t<div class=\"elementor-post__badge\">[V\u00eddeos]<\/div>\n\t\t\t\t<div class=\"elementor-post__text\">\n\t\t\t\t<h3 class=\"elementor-post__title\">\n\t\t\t<a href=\"https:\/\/esclaustre.com\/es\/convindria-una-canco-per-dir-que-no-al-model-turistificador\/\">\n\t\t\t\tConvindria, una can\u00e7\u00f3 per dir que no al model turistificador\t\t\t<\/a>\n\t\t<\/h3>\n\t\t\t\t<div class=\"elementor-post__excerpt\">\n\t\t\t<p>Artistes menorquins se sumen a la campanya Via Menorca amb la canc\u00f3 \u00abConvindria\u00bb per dir que no al model turistificador. El tema compta amb les veus de la cantant Anna Ferrer, dels Verlaat i de Frank Pons (P\u00e8l de Gall) i tamb\u00e9 amb la implicaci\u00f3 de m\u00e9s d\u2019una desena de<\/p>\n\t\t<\/div>\n\t\t\n\t\t<a class=\"elementor-post__read-more\" href=\"https:\/\/esclaustre.com\/es\/convindria-una-canco-per-dir-que-no-al-model-turistificador\/\" aria-label=\"M\u00e1s informaci\u00f3n sobre Convindria, una can\u00e7\u00f3 per dir que no al model turistificador\" tabindex=\"-1\">\n\t\t\t Llegir m\u00e9s \u00bb\t\t<\/a>\n\n\t\t\t\t<\/div>\n\t\t\t\t\t<\/div>\n\t\t<\/article>\n\t\t\t\t<article class=\"elementor-post elementor-grid-item post-29248 post type-post status-publish format-standard has-post-thumbnail hentry category-sin-categorizar tag-any-llompart-es tag-pere-antoni-pons-es\" role=\"listitem\">\n\t\t\t<div class=\"elementor-post__card\">\n\t\t\t\t<a class=\"elementor-post__thumbnail__link\" href=\"https:\/\/esclaustre.com\/es\/poesia\/\" tabindex=\"-1\"><div class=\"elementor-post__thumbnail\"><img loading=\"lazy\" decoding=\"async\" width=\"800\" height=\"1000\" src=\"https:\/\/esclaustre.com\/wp-content\/uploads\/2025\/05\/ANY-LLOMPART-2.jpeg\" class=\"attachment-full size-full wp-image-29242\" alt=\"Any Llompart\" srcset=\"https:\/\/esclaustre.com\/wp-content\/uploads\/2025\/05\/ANY-LLOMPART-2.jpeg 800w, https:\/\/esclaustre.com\/wp-content\/uploads\/2025\/05\/ANY-LLOMPART-2-240x300.jpeg 240w, https:\/\/esclaustre.com\/wp-content\/uploads\/2025\/05\/ANY-LLOMPART-2-768x960.jpeg 768w, https:\/\/esclaustre.com\/wp-content\/uploads\/2025\/05\/ANY-LLOMPART-2-600x750.jpeg 600w\" sizes=\"(max-width: 800px) 100vw, 800px\" title=\"\"><\/div><\/a>\n\t\t\t\t<div class=\"elementor-post__badge\">Sin categorizar<\/div>\n\t\t\t\t<div class=\"elementor-post__text\">\n\t\t\t\t<h3 class=\"elementor-post__title\">\n\t\t\t<a href=\"https:\/\/esclaustre.com\/es\/poesia\/\">\n\t\t\t\tPoesia Llompart\t\t\t<\/a>\n\t\t<\/h3>\n\t\t\t\t<div class=\"elementor-post__excerpt\">\n\t\t\t<p>LECTURA COMENTADA DE POEMES de Josep Maria Llompart a c\u00e0rrec d&#8217;en Pere Antoni Pons Divendres 30 de maig a les 18.00h Sala d&#8217;Actes de Cultura del Claustre del Carme, Ma\u00f3.<\/p>\n\t\t<\/div>\n\t\t\n\t\t<a class=\"elementor-post__read-more\" href=\"https:\/\/esclaustre.com\/es\/poesia\/\" aria-label=\"M\u00e1s informaci\u00f3n sobre Poesia Llompart\" tabindex=\"-1\">\n\t\t\t Llegir m\u00e9s \u00bb\t\t<\/a>\n\n\t\t\t\t<\/div>\n\t\t\t\t\t<\/div>\n\t\t<\/article>\n\t\t\t\t<article class=\"elementor-post elementor-grid-item post-28469 post type-post status-publish format-standard has-post-thumbnail hentry category-sin-categorizar tag-es-claustre-23-es tag-jazz-es\" role=\"listitem\">\n\t\t\t<div class=\"elementor-post__card\">\n\t\t\t\t<a class=\"elementor-post__thumbnail__link\" href=\"https:\/\/esclaustre.com\/es\/jazz-es-claustre-23-3\/\" tabindex=\"-1\"><div class=\"elementor-post__thumbnail\"><img loading=\"lazy\" decoding=\"async\" width=\"722\" height=\"1000\" src=\"https:\/\/esclaustre.com\/wp-content\/uploads\/2025\/05\/Jazz23_2025-.jpeg\" class=\"attachment-full size-full wp-image-28473\" alt=\"Jazz Es Claustre 23\" srcset=\"https:\/\/esclaustre.com\/wp-content\/uploads\/2025\/05\/Jazz23_2025-.jpeg 722w, https:\/\/esclaustre.com\/wp-content\/uploads\/2025\/05\/Jazz23_2025--217x300.jpeg 217w, https:\/\/esclaustre.com\/wp-content\/uploads\/2025\/05\/Jazz23_2025--600x831.jpeg 600w\" sizes=\"(max-width: 722px) 100vw, 722px\" title=\"\"><\/div><\/a>\n\t\t\t\t<div class=\"elementor-post__badge\">Sin categorizar<\/div>\n\t\t\t\t<div class=\"elementor-post__text\">\n\t\t\t\t<h3 class=\"elementor-post__title\">\n\t\t\t<a href=\"https:\/\/esclaustre.com\/es\/jazz-es-claustre-23-3\/\">\n\t\t\t\tJazz Es Claustre 23\t\t\t<\/a>\n\t\t<\/h3>\n\t\t\t\t<div class=\"elementor-post__excerpt\">\n\t\t\t<p>Programa de Jazz d&#8217;Es Claustre 23 15 concerts cada diumenge durant els mesos de juny, juliol i agost Velam Quartet \/ Claudia Torra Group \/ Big Babo \/ Niv4 \/ Tomeu &amp; Joan Garcias Quartet \/ Geometrical Sardine \/ Gonzalo del Val \u00abTornaviaje Trio\u00bb \/ Carme Canela &amp; Miguel Villar<\/p>\n\t\t<\/div>\n\t\t\n\t\t<a class=\"elementor-post__read-more\" href=\"https:\/\/esclaustre.com\/es\/jazz-es-claustre-23-3\/\" aria-label=\"M\u00e1s informaci\u00f3n sobre Jazz Es Claustre 23\" tabindex=\"-1\">\n\t\t\t Llegir m\u00e9s \u00bb\t\t<\/a>\n\n\t\t\t\t<\/div>\n\t\t\t\t\t<\/div>\n\t\t<\/article>\n\t\t\t\t<article class=\"elementor-post elementor-grid-item post-19962 post type-post status-publish format-standard has-post-thumbnail hentry category-blog-es category-sin-categorizar tag-art-es tag-cartell-es tag-cartell-2024-es tag-dibuix-es tag-illustracio-es tag-mallorca-es\" role=\"listitem\">\n\t\t\t<div class=\"elementor-post__card\">\n\t\t\t\t<a class=\"elementor-post__thumbnail__link\" href=\"https:\/\/esclaustre.com\/es\/lluissa-febrer-bausa\/\" tabindex=\"-1\"><div class=\"elementor-post__thumbnail\"><img loading=\"lazy\" decoding=\"async\" width=\"707\" height=\"1000\" src=\"https:\/\/esclaustre.com\/wp-content\/uploads\/2024\/02\/cartell_esclaustre2024_llu\u00efsafebrer.jpg\" class=\"attachment-full size-full wp-image-19955\" alt=\"Llu\u00efsa_Febrer\" srcset=\"https:\/\/esclaustre.com\/wp-content\/uploads\/2024\/02\/cartell_esclaustre2024_llu\u00efsafebrer.jpg 707w, https:\/\/esclaustre.com\/wp-content\/uploads\/2024\/02\/cartell_esclaustre2024_llu\u00efsafebrer-600x849.jpg 600w, https:\/\/esclaustre.com\/wp-content\/uploads\/2024\/02\/cartell_esclaustre2024_llu\u00efsafebrer-212x300.jpg 212w\" sizes=\"(max-width: 707px) 100vw, 707px\" title=\"\"><\/div><\/a>\n\t\t\t\t<div class=\"elementor-post__badge\">Blog<\/div>\n\t\t\t\t<div class=\"elementor-post__text\">\n\t\t\t\t<h3 class=\"elementor-post__title\">\n\t\t\t<a href=\"https:\/\/esclaustre.com\/es\/lluissa-febrer-bausa\/\">\n\t\t\t\tLlu\u00efssa Febrer Baus\u00e0\t\t\t<\/a>\n\t\t<\/h3>\n\t\t\t\t<div class=\"elementor-post__excerpt\">\n\t\t\t<p>Llu\u00efsa Febrer Baus\u00e0, cartell Es Claustre 2024. La religi\u00f3, el sexe i la reinterpretaci\u00f3 d\u2019imatges emblem\u00e0tiques de la hist\u00f2ria de l\u2019art o icones de la cultura popular mallorquina s\u00f3n els seus temes predilectes. La seva obra es caracteritza per un dibuix de l\u00ednia clara, colors vius i molta simbologia.<\/p>\n\t\t<\/div>\n\t\t\n\t\t<a class=\"elementor-post__read-more\" href=\"https:\/\/esclaustre.com\/es\/lluissa-febrer-bausa\/\" aria-label=\"M\u00e1s informaci\u00f3n sobre Llu\u00efssa Febrer Baus\u00e0\" tabindex=\"-1\">\n\t\t\t Llegir m\u00e9s \u00bb\t\t<\/a>\n\n\t\t\t\t<\/div>\n\t\t\t\t\t<\/div>\n\t\t<\/article>\n\t\t\t\t<article class=\"elementor-post elementor-grid-item post-19948 post type-post status-publish format-standard has-post-thumbnail hentry category-arxiu-de-continguts-audiovisuals-videoclips-o-entrevistres-enregistrades-es category-blog-es category-sin-categorizar tag-alt-emporda-es tag-folk-es tag-rock-es\" role=\"listitem\">\n\t\t\t<div class=\"elementor-post__card\">\n\t\t\t\t<a class=\"elementor-post__thumbnail__link\" href=\"https:\/\/esclaustre.com\/es\/la-ludwig-band-el-meu-amor-se-nha-anat-de-vacances\/\" tabindex=\"-1\"><div class=\"elementor-post__thumbnail\"><img loading=\"lazy\" decoding=\"async\" width=\"1000\" height=\"667\" src=\"https:\/\/esclaustre.com\/wp-content\/uploads\/2024\/02\/LaLudwigBand-.jpg\" class=\"attachment-full size-full wp-image-19915\" alt=\"LaLudwigBand\" srcset=\"https:\/\/esclaustre.com\/wp-content\/uploads\/2024\/02\/LaLudwigBand-.jpg 1000w, https:\/\/esclaustre.com\/wp-content\/uploads\/2024\/02\/LaLudwigBand--600x400.jpg 600w, https:\/\/esclaustre.com\/wp-content\/uploads\/2024\/02\/LaLudwigBand--300x200.jpg 300w, https:\/\/esclaustre.com\/wp-content\/uploads\/2024\/02\/LaLudwigBand--768x512.jpg 768w\" sizes=\"(max-width: 1000px) 100vw, 1000px\" title=\"\"><\/div><\/a>\n\t\t\t\t<div class=\"elementor-post__badge\">[V\u00eddeos]<\/div>\n\t\t\t\t<div class=\"elementor-post__text\">\n\t\t\t\t<h3 class=\"elementor-post__title\">\n\t\t\t<a href=\"https:\/\/esclaustre.com\/es\/la-ludwig-band-el-meu-amor-se-nha-anat-de-vacances\/\">\n\t\t\t\tLa Ludwig Band: El meu amor se n&#8217;ha anat de vacances\t\t\t<\/a>\n\t\t<\/h3>\n\t\t\t\t<div class=\"elementor-post__excerpt\">\n\t\t\t<p>La Ludwig Band actuaran Es Claustre per primera vegada el dissabte 27 de juliol a les 21.00h<\/p>\n<p>Aqu\u00ed el seu darrer v\u00eddeo:\u00a0El meu amor se n&#8217;ha anat de vacances<\/p>\n\t\t<\/div>\n\t\t\n\t\t<a class=\"elementor-post__read-more\" href=\"https:\/\/esclaustre.com\/es\/la-ludwig-band-el-meu-amor-se-nha-anat-de-vacances\/\" aria-label=\"M\u00e1s informaci\u00f3n sobre La Ludwig Band: El meu amor se n&#8217;ha anat de vacances\" tabindex=\"-1\">\n\t\t\t Llegir m\u00e9s \u00bb\t\t<\/a>\n\n\t\t\t\t<\/div>\n\t\t\t\t\t<\/div>\n\t\t<\/article>\n\t\t\t\t<article class=\"elementor-post elementor-grid-item post-19943 post type-post status-publish format-standard has-post-thumbnail hentry category-sin-categorizar tag-mallorca-es tag-maria-jaume-es tag-xin-xin-i-bye-bye-es\" role=\"listitem\">\n\t\t\t<div class=\"elementor-post__card\">\n\t\t\t\t<a class=\"elementor-post__thumbnail__link\" href=\"https:\/\/esclaustre.com\/es\/maria-jaume-xin-xin-i-bye-bye-2\/\" tabindex=\"-1\"><div class=\"elementor-post__thumbnail\"><img loading=\"lazy\" decoding=\"async\" width=\"1000\" height=\"732\" src=\"https:\/\/esclaustre.com\/wp-content\/uploads\/2024\/02\/MariaJaume.jpg\" class=\"attachment-full size-full wp-image-19866\" alt=\"Maria_Jaume\" srcset=\"https:\/\/esclaustre.com\/wp-content\/uploads\/2024\/02\/MariaJaume.jpg 1000w, https:\/\/esclaustre.com\/wp-content\/uploads\/2024\/02\/MariaJaume-600x439.jpg 600w, https:\/\/esclaustre.com\/wp-content\/uploads\/2024\/02\/MariaJaume-300x220.jpg 300w, https:\/\/esclaustre.com\/wp-content\/uploads\/2024\/02\/MariaJaume-768x562.jpg 768w\" sizes=\"(max-width: 1000px) 100vw, 1000px\" title=\"\"><\/div><\/a>\n\t\t\t\t<div class=\"elementor-post__badge\">Sin categorizar<\/div>\n\t\t\t\t<div class=\"elementor-post__text\">\n\t\t\t\t<h3 class=\"elementor-post__title\">\n\t\t\t<a href=\"https:\/\/esclaustre.com\/es\/maria-jaume-xin-xin-i-bye-bye-2\/\">\n\t\t\t\tMaria Jaume: Xin xin i bye bye\t\t\t<\/a>\n\t\t<\/h3>\n\t\t\t\t<div class=\"elementor-post__excerpt\">\n\t\t\t<p>Maria Jaume ens oferir\u00e0 el seu nou treball Es Claustre el dijous 15 d&#8217;agost a les 22.00h<\/p>\n<p>Aqu\u00ed el seu darrer v\u00eddeo: Xin Xin i Bye Bye<\/p>\n\t\t<\/div>\n\t\t\n\t\t<a class=\"elementor-post__read-more\" href=\"https:\/\/esclaustre.com\/es\/maria-jaume-xin-xin-i-bye-bye-2\/\" aria-label=\"M\u00e1s informaci\u00f3n sobre Maria Jaume: Xin xin i bye bye\" tabindex=\"-1\">\n\t\t\t Llegir m\u00e9s \u00bb\t\t<\/a>\n\n\t\t\t\t<\/div>\n\t\t\t\t\t<\/div>\n\t\t<\/article>\n\t\t\t\t<article class=\"elementor-post elementor-grid-item post-19907 post type-post status-publish format-standard has-post-thumbnail hentry category-arxiu-de-continguts-audiovisuals-videoclips-o-entrevistres-enregistrades-es category-blog-es category-sin-categorizar tag-mallorca-es tag-maria-jaume-es tag-xin-xin-i-bye-bye-es\" role=\"listitem\">\n\t\t\t<div class=\"elementor-post__card\">\n\t\t\t\t<a class=\"elementor-post__thumbnail__link\" href=\"https:\/\/esclaustre.com\/es\/maria-jaume-xin-xin-i-bye-bye\/\" tabindex=\"-1\"><div class=\"elementor-post__thumbnail\"><img loading=\"lazy\" decoding=\"async\" width=\"1000\" height=\"732\" src=\"https:\/\/esclaustre.com\/wp-content\/uploads\/2024\/02\/MariaJaume.jpg\" class=\"attachment-full size-full wp-image-19866\" alt=\"Maria_Jaume\" srcset=\"https:\/\/esclaustre.com\/wp-content\/uploads\/2024\/02\/MariaJaume.jpg 1000w, https:\/\/esclaustre.com\/wp-content\/uploads\/2024\/02\/MariaJaume-600x439.jpg 600w, https:\/\/esclaustre.com\/wp-content\/uploads\/2024\/02\/MariaJaume-300x220.jpg 300w, https:\/\/esclaustre.com\/wp-content\/uploads\/2024\/02\/MariaJaume-768x562.jpg 768w\" sizes=\"(max-width: 1000px) 100vw, 1000px\" title=\"\"><\/div><\/a>\n\t\t\t\t<div class=\"elementor-post__badge\">[V\u00eddeos]<\/div>\n\t\t\t\t<div class=\"elementor-post__text\">\n\t\t\t\t<h3 class=\"elementor-post__title\">\n\t\t\t<a href=\"https:\/\/esclaustre.com\/es\/maria-jaume-xin-xin-i-bye-bye\/\">\n\t\t\t\tMaria Jaume: Xin xin i bye bye\t\t\t<\/a>\n\t\t<\/h3>\n\t\t\t\t<div class=\"elementor-post__excerpt\">\n\t\t\t<p>Maria Jaume ens oferir\u00e0 el seu nou treball Es Claustre el dijous 15 d&#8217;agost a les 22.00h<\/p>\n<p>Aqu\u00ed el seu darrer v\u00eddeo: Xin Xin i Bye Bye<\/p>\n\t\t<\/div>\n\t\t\n\t\t<a class=\"elementor-post__read-more\" href=\"https:\/\/esclaustre.com\/es\/maria-jaume-xin-xin-i-bye-bye\/\" aria-label=\"M\u00e1s informaci\u00f3n sobre Maria Jaume: Xin xin i bye bye\" tabindex=\"-1\">\n\t\t\t Llegir m\u00e9s \u00bb\t\t<\/a>\n\n\t\t\t\t<\/div>\n\t\t\t\t\t<\/div>\n\t\t<\/article>\n\t\t\t\t<article class=\"elementor-post elementor-grid-item post-19794 post type-post status-publish format-standard has-post-thumbnail hentry category-arxiu-de-continguts-audiovisuals-videoclips-o-entrevistres-enregistrades-es category-blog-es category-sin-categorizar tag-enero-en-buenos-aires-es tag-pedro-pastor-es\" role=\"listitem\">\n\t\t\t<div class=\"elementor-post__card\">\n\t\t\t\t<a class=\"elementor-post__thumbnail__link\" href=\"https:\/\/esclaustre.com\/es\/pedro-pastor-enero-en-buenos-aires\/\" tabindex=\"-1\"><div class=\"elementor-post__thumbnail\"><img loading=\"lazy\" decoding=\"async\" width=\"1000\" height=\"563\" src=\"https:\/\/esclaustre.com\/wp-content\/uploads\/2024\/02\/Pedro_Pastor_eneroenbuenosaires.jpg\" class=\"attachment-full size-full wp-image-19791\" alt=\"Pedro_Pastor_eneroenbuenosaires\" srcset=\"https:\/\/esclaustre.com\/wp-content\/uploads\/2024\/02\/Pedro_Pastor_eneroenbuenosaires.jpg 1000w, https:\/\/esclaustre.com\/wp-content\/uploads\/2024\/02\/Pedro_Pastor_eneroenbuenosaires-600x338.jpg 600w, https:\/\/esclaustre.com\/wp-content\/uploads\/2024\/02\/Pedro_Pastor_eneroenbuenosaires-300x169.jpg 300w, https:\/\/esclaustre.com\/wp-content\/uploads\/2024\/02\/Pedro_Pastor_eneroenbuenosaires-768x432.jpg 768w\" sizes=\"(max-width: 1000px) 100vw, 1000px\" title=\"\"><\/div><\/a>\n\t\t\t\t<div class=\"elementor-post__badge\">[V\u00eddeos]<\/div>\n\t\t\t\t<div class=\"elementor-post__text\">\n\t\t\t\t<h3 class=\"elementor-post__title\">\n\t\t\t<a href=\"https:\/\/esclaustre.com\/es\/pedro-pastor-enero-en-buenos-aires\/\">\n\t\t\t\tPedro Pastor: Enero en Buenos Aires\t\t\t<\/a>\n\t\t<\/h3>\n\t\t\t\t<div class=\"elementor-post__excerpt\">\n\t\t\t<p>Pedro Pastor ens visita de nou Es Claustre.<br \/>\nEnero en Buenos Aires, \u00e9s el seu darrer videoclip.<br \/>\n\u00a0<\/p>\n\t\t<\/div>\n\t\t\n\t\t<a class=\"elementor-post__read-more\" href=\"https:\/\/esclaustre.com\/es\/pedro-pastor-enero-en-buenos-aires\/\" aria-label=\"M\u00e1s informaci\u00f3n sobre Pedro Pastor: Enero en Buenos Aires\" tabindex=\"-1\">\n\t\t\t Llegir m\u00e9s \u00bb\t\t<\/a>\n\n\t\t\t\t<\/div>\n\t\t\t\t\t<\/div>\n\t\t<\/article>\n\t\t\t\t<article class=\"elementor-post elementor-grid-item post-19691 post type-post status-publish format-standard has-post-thumbnail hentry category-blog-es tag-abonament-2024-es tag-cultura-es tag-es-claustre-2024-es\" role=\"listitem\">\n\t\t\t<div class=\"elementor-post__card\">\n\t\t\t\t<a class=\"elementor-post__thumbnail__link\" href=\"https:\/\/esclaustre.com\/es\/abonaments-2024\/\" tabindex=\"-1\"><div class=\"elementor-post__thumbnail\"><img loading=\"lazy\" decoding=\"async\" width=\"1000\" height=\"585\" src=\"https:\/\/esclaustre.com\/wp-content\/uploads\/2023\/12\/PROMO-abonaments_web-.jpg\" class=\"attachment-full size-full wp-image-19588\" alt=\"Abonament 2024\" srcset=\"https:\/\/esclaustre.com\/wp-content\/uploads\/2023\/12\/PROMO-abonaments_web-.jpg 1000w, https:\/\/esclaustre.com\/wp-content\/uploads\/2023\/12\/PROMO-abonaments_web--600x351.jpg 600w, https:\/\/esclaustre.com\/wp-content\/uploads\/2023\/12\/PROMO-abonaments_web--300x176.jpg 300w, https:\/\/esclaustre.com\/wp-content\/uploads\/2023\/12\/PROMO-abonaments_web--768x449.jpg 768w\" sizes=\"(max-width: 1000px) 100vw, 1000px\" title=\"\"><\/div><\/a>\n\t\t\t\t<div class=\"elementor-post__badge\">Blog<\/div>\n\t\t\t\t<div class=\"elementor-post__text\">\n\t\t\t\t<h3 class=\"elementor-post__title\">\n\t\t\t<a href=\"https:\/\/esclaustre.com\/es\/abonaments-2024\/\">\n\t\t\t\tAbonos 2024\t\t\t<\/a>\n\t\t<\/h3>\n\t\t\t\t<div class=\"elementor-post__excerpt\">\n\t\t\t<p>Regala el Abono 2024 de Es Claustre. Regala Cultura!  Disponible en esclaustre.com<\/p>\n\t\t<\/div>\n\t\t\n\t\t<a class=\"elementor-post__read-more\" href=\"https:\/\/esclaustre.com\/es\/abonaments-2024\/\" aria-label=\"M\u00e1s informaci\u00f3n sobre Abonos 2024\" tabindex=\"-1\">\n\t\t\t Llegir m\u00e9s \u00bb\t\t<\/a>\n\n\t\t\t\t<\/div>\n\t\t\t\t\t<\/div>\n\t\t<\/article>\n\t\t\t\t<article class=\"elementor-post elementor-grid-item post-19531 post type-post status-publish format-standard has-post-thumbnail hentry category-sin-categorizar tag-balears-es tag-cultura-es tag-es-claustre-es tag-illes-escapcades-es tag-margalida-solivellas-es\" role=\"listitem\">\n\t\t\t<div class=\"elementor-post__card\">\n\t\t\t\t<a class=\"elementor-post__thumbnail__link\" href=\"https:\/\/esclaustre.com\/es\/illes-escapcades\/\" tabindex=\"-1\"><div class=\"elementor-post__thumbnail\"><img loading=\"lazy\" decoding=\"async\" width=\"750\" height=\"1000\" src=\"https:\/\/esclaustre.com\/wp-content\/uploads\/2023\/10\/Margalida_Solivellas.jpg\" class=\"attachment-full size-full wp-image-19528\" alt=\"illes-escap\u00e7ades\" srcset=\"https:\/\/esclaustre.com\/wp-content\/uploads\/2023\/10\/Margalida_Solivellas.jpg 750w, https:\/\/esclaustre.com\/wp-content\/uploads\/2023\/10\/Margalida_Solivellas-600x800.jpg 600w, https:\/\/esclaustre.com\/wp-content\/uploads\/2023\/10\/Margalida_Solivellas-225x300.jpg 225w\" sizes=\"(max-width: 750px) 100vw, 750px\" title=\"\"><\/div><\/a>\n\t\t\t\t<div class=\"elementor-post__badge\">Sin categorizar<\/div>\n\t\t\t\t<div class=\"elementor-post__text\">\n\t\t\t\t<h3 class=\"elementor-post__title\">\n\t\t\t<a href=\"https:\/\/esclaustre.com\/es\/illes-escapcades\/\">\n\t\t\t\tilles escap\u00e7ades\t\t\t<\/a>\n\t\t<\/h3>\n\t\t\t\t<div class=\"elementor-post__excerpt\">\n\t\t\t<p>Illes escap\u00e7ades. Cr\u00f2niques a\u00efllades.\u00a0Margalida Solivellas.<\/p>\n\t\t<\/div>\n\t\t\n\t\t<a class=\"elementor-post__read-more\" href=\"https:\/\/esclaustre.com\/es\/illes-escapcades\/\" aria-label=\"M\u00e1s informaci\u00f3n sobre illes escap\u00e7ades\" tabindex=\"-1\">\n\t\t\t Llegir m\u00e9s \u00bb\t\t<\/a>\n\n\t\t\t\t<\/div>\n\t\t\t\t\t<\/div>\n\t\t<\/article>\n\t\t\t\t<article class=\"elementor-post elementor-grid-item post-18990 post type-post status-publish format-standard has-post-thumbnail hentry category-blog-es category-sin-categorizar tag-stay-homas-es\" role=\"listitem\">\n\t\t\t<div class=\"elementor-post__card\">\n\t\t\t\t<a class=\"elementor-post__thumbnail__link\" href=\"https:\/\/esclaustre.com\/es\/stay-homas-al-claustre\/\" tabindex=\"-1\"><div class=\"elementor-post__thumbnail\"><img loading=\"lazy\" decoding=\"async\" width=\"1000\" height=\"668\" src=\"https:\/\/esclaustre.com\/wp-content\/uploads\/2023\/08\/STAY-HOMAS-2.jpg\" class=\"attachment-full size-full wp-image-18959\" alt=\"Stay_Homas_Menorca_EsClaustre\" srcset=\"https:\/\/esclaustre.com\/wp-content\/uploads\/2023\/08\/STAY-HOMAS-2.jpg 1000w, https:\/\/esclaustre.com\/wp-content\/uploads\/2023\/08\/STAY-HOMAS-2-600x401.jpg 600w, https:\/\/esclaustre.com\/wp-content\/uploads\/2023\/08\/STAY-HOMAS-2-300x200.jpg 300w, https:\/\/esclaustre.com\/wp-content\/uploads\/2023\/08\/STAY-HOMAS-2-768x513.jpg 768w\" sizes=\"(max-width: 1000px) 100vw, 1000px\" title=\"\"><\/div><\/a>\n\t\t\t\t<div class=\"elementor-post__badge\">Blog<\/div>\n\t\t\t\t<div class=\"elementor-post__text\">\n\t\t\t\t<h3 class=\"elementor-post__title\">\n\t\t\t<a href=\"https:\/\/esclaustre.com\/es\/stay-homas-al-claustre\/\">\n\t\t\t\tStay Homas al Claustre\t\t\t<\/a>\n\t\t<\/h3>\n\t\t\t\t<div class=\"elementor-post__excerpt\">\n\t\t\t<p>Nit memorable del grup Stay Homas al Claustre el proppassat divendres 11 d&#8217;agost en el marc de la celebraci\u00f3 dels 15 anys de concerts Es Claustre.<\/p>\n\t\t<\/div>\n\t\t\n\t\t<a class=\"elementor-post__read-more\" href=\"https:\/\/esclaustre.com\/es\/stay-homas-al-claustre\/\" aria-label=\"M\u00e1s informaci\u00f3n sobre Stay Homas al Claustre\" tabindex=\"-1\">\n\t\t\t Llegir m\u00e9s \u00bb\t\t<\/a>\n\n\t\t\t\t<\/div>\n\t\t\t\t\t<\/div>\n\t\t<\/article>\n\t\t\t\t<article class=\"elementor-post elementor-grid-item post-17865 post type-post status-publish format-standard has-post-thumbnail hentry category-blog-es tag-15e-aniversari-es tag-dibuix-es tag-es-claustre-2023-es tag-illustradora-es tag-menorca-es\" role=\"listitem\">\n\t\t\t<div class=\"elementor-post__card\">\n\t\t\t\t<a class=\"elementor-post__thumbnail__link\" href=\"https:\/\/esclaustre.com\/es\/raquel-martin\/\" tabindex=\"-1\"><div class=\"elementor-post__thumbnail\"><img loading=\"lazy\" decoding=\"async\" width=\"1000\" height=\"1518\" src=\"https:\/\/esclaustre.com\/wp-content\/uploads\/2023\/04\/BlogEsClaustre2023_Raquel_Martin.jpg\" class=\"attachment-full size-full wp-image-17856\" alt=\"Raquel_Mart\u00edn\" srcset=\"https:\/\/esclaustre.com\/wp-content\/uploads\/2023\/04\/BlogEsClaustre2023_Raquel_Martin.jpg 1000w, https:\/\/esclaustre.com\/wp-content\/uploads\/2023\/04\/BlogEsClaustre2023_Raquel_Martin-600x911.jpg 600w, https:\/\/esclaustre.com\/wp-content\/uploads\/2023\/04\/BlogEsClaustre2023_Raquel_Martin-198x300.jpg 198w, https:\/\/esclaustre.com\/wp-content\/uploads\/2023\/04\/BlogEsClaustre2023_Raquel_Martin-768x1166.jpg 768w, https:\/\/esclaustre.com\/wp-content\/uploads\/2023\/04\/BlogEsClaustre2023_Raquel_Martin-675x1024.jpg 675w\" sizes=\"(max-width: 1000px) 100vw, 1000px\" title=\"\"><\/div><\/a>\n\t\t\t\t<div class=\"elementor-post__badge\">Blog<\/div>\n\t\t\t\t<div class=\"elementor-post__text\">\n\t\t\t\t<h3 class=\"elementor-post__title\">\n\t\t\t<a href=\"https:\/\/esclaustre.com\/es\/raquel-martin\/\">\n\t\t\t\tRaquel Mart\u00edn\t\t\t<\/a>\n\t\t<\/h3>\n\t\t\t\t<div class=\"elementor-post__excerpt\">\n\t\t\t<p>\u00abRaquel Mart\u00edn\u00bb \u00e9s la il\u00b7lustradora del cartell d&#8217;Es Claustre 2023<\/p>\n\t\t<\/div>\n\t\t\n\t\t<a class=\"elementor-post__read-more\" href=\"https:\/\/esclaustre.com\/es\/raquel-martin\/\" aria-label=\"M\u00e1s informaci\u00f3n sobre Raquel Mart\u00edn\" tabindex=\"-1\">\n\t\t\t Llegir m\u00e9s \u00bb\t\t<\/a>\n\n\t\t\t\t<\/div>\n\t\t\t\t\t<\/div>\n\t\t<\/article>\n\t\t\t\t<article class=\"elementor-post elementor-grid-item post-17558 post type-post status-publish format-standard has-post-thumbnail hentry category-arxiu-de-continguts-audiovisuals-videoclips-o-entrevistres-enregistrades-es category-blog-es category-es-claustre-es tag-15-anys-es tag-cancion-es-3 tag-la-palma-es tag-valeria-castro-es\" role=\"listitem\">\n\t\t\t<div class=\"elementor-post__card\">\n\t\t\t\t<a class=\"elementor-post__thumbnail__link\" href=\"https:\/\/esclaustre.com\/es\/valeria-castro\/\" tabindex=\"-1\"><div class=\"elementor-post__thumbnail\"><img loading=\"lazy\" decoding=\"async\" width=\"1000\" height=\"563\" src=\"https:\/\/esclaustre.com\/wp-content\/uploads\/2023\/03\/Valeria_Castro_laraiz.jpg\" class=\"attachment-full size-full wp-image-17553\" alt=\"Valeria_Castro_lara\u00edz\" srcset=\"https:\/\/esclaustre.com\/wp-content\/uploads\/2023\/03\/Valeria_Castro_laraiz.jpg 1000w, https:\/\/esclaustre.com\/wp-content\/uploads\/2023\/03\/Valeria_Castro_laraiz-600x338.jpg 600w, https:\/\/esclaustre.com\/wp-content\/uploads\/2023\/03\/Valeria_Castro_laraiz-300x169.jpg 300w, https:\/\/esclaustre.com\/wp-content\/uploads\/2023\/03\/Valeria_Castro_laraiz-768x432.jpg 768w\" sizes=\"(max-width: 1000px) 100vw, 1000px\" title=\"\"><\/div><\/a>\n\t\t\t\t<div class=\"elementor-post__badge\">[V\u00eddeos]<\/div>\n\t\t\t\t<div class=\"elementor-post__text\">\n\t\t\t\t<h3 class=\"elementor-post__title\">\n\t\t\t<a href=\"https:\/\/esclaustre.com\/es\/valeria-castro\/\">\n\t\t\t\tValeria Castro\t\t\t<\/a>\n\t\t<\/h3>\n\t\t\t\t<div class=\"elementor-post__excerpt\">\n\t\t\t<p>\u00abValeria Castro\u00bb, i el seu videoclip \u00abLa Ra\u00edz\u00bb, \u00e9s una de les artistes que ser\u00e0 present a la programaci\u00f3 d&#8217;Es Claustre en aquest any de celebraci\u00f3 dels 15 anys.<\/p>\n\t\t<\/div>\n\t\t\n\t\t<a class=\"elementor-post__read-more\" href=\"https:\/\/esclaustre.com\/es\/valeria-castro\/\" aria-label=\"M\u00e1s informaci\u00f3n sobre Valeria Castro\" tabindex=\"-1\">\n\t\t\t Llegir m\u00e9s \u00bb\t\t<\/a>\n\n\t\t\t\t<\/div>\n\t\t\t\t\t<\/div>\n\t\t<\/article>\n\t\t\t\t<article class=\"elementor-post elementor-grid-item post-17346 post type-post status-publish format-standard has-post-thumbnail hentry category-arxiu-de-continguts-audiovisuals-videoclips-o-entrevistres-enregistrades-es tag-15-anys-es tag-abonaments-2023-es tag-es-claustre-2023-es tag-regala-cultura-es\" role=\"listitem\">\n\t\t\t<div class=\"elementor-post__card\">\n\t\t\t\t<a class=\"elementor-post__thumbnail__link\" href=\"https:\/\/esclaustre.com\/es\/darrers-abonaments-2023\/\" tabindex=\"-1\"><div class=\"elementor-post__thumbnail\"><img loading=\"lazy\" decoding=\"async\" width=\"1032\" height=\"1544\" src=\"https:\/\/esclaustre.com\/wp-content\/uploads\/2023\/01\/Captura-de-pantalla-2023-01-05-a-les-17.00.55.png\" class=\"attachment-full size-full wp-image-17338\" alt=\"Abonaments_2023\" srcset=\"https:\/\/esclaustre.com\/wp-content\/uploads\/2023\/01\/Captura-de-pantalla-2023-01-05-a-les-17.00.55.png 1032w, https:\/\/esclaustre.com\/wp-content\/uploads\/2023\/01\/Captura-de-pantalla-2023-01-05-a-les-17.00.55-600x898.png 600w, https:\/\/esclaustre.com\/wp-content\/uploads\/2023\/01\/Captura-de-pantalla-2023-01-05-a-les-17.00.55-201x300.png 201w, https:\/\/esclaustre.com\/wp-content\/uploads\/2023\/01\/Captura-de-pantalla-2023-01-05-a-les-17.00.55-768x1149.png 768w, https:\/\/esclaustre.com\/wp-content\/uploads\/2023\/01\/Captura-de-pantalla-2023-01-05-a-les-17.00.55-684x1024.png 684w\" sizes=\"(max-width: 1032px) 100vw, 1032px\" title=\"\"><\/div><\/a>\n\t\t\t\t<div class=\"elementor-post__badge\">[V\u00eddeos]<\/div>\n\t\t\t\t<div class=\"elementor-post__text\">\n\t\t\t\t<h3 class=\"elementor-post__title\">\n\t\t\t<a href=\"https:\/\/esclaustre.com\/es\/darrers-abonaments-2023\/\">\n\t\t\t\tDarrers Abonaments 2023\t\t\t<\/a>\n\t\t<\/h3>\n\t\t\t\t<div class=\"elementor-post__excerpt\">\n\t\t\t<p>Regala Cultura! Aquest any 2023 Es Claustre complir\u00e0 el seu 15\u00e8 aniversari! 15 temporades amb la millor m\u00fasica i companyia!<\/p>\n\t\t<\/div>\n\t\t\n\t\t<a class=\"elementor-post__read-more\" href=\"https:\/\/esclaustre.com\/es\/darrers-abonaments-2023\/\" aria-label=\"M\u00e1s informaci\u00f3n sobre Darrers Abonaments 2023\" tabindex=\"-1\">\n\t\t\t Llegir m\u00e9s \u00bb\t\t<\/a>\n\n\t\t\t\t<\/div>\n\t\t\t\t\t<\/div>\n\t\t<\/article>\n\t\t\t\t<article class=\"elementor-post elementor-grid-item post-17319 post type-post status-publish format-standard has-post-thumbnail hentry category-blog-es tag-15-anos tag-15-anys-es tag-abonaments-2023-es tag-abonos-2023 tag-aniversari-es tag-aniversario tag-es-claustre-2023-es\" role=\"listitem\">\n\t\t\t<div class=\"elementor-post__card\">\n\t\t\t\t<a class=\"elementor-post__thumbnail__link\" href=\"https:\/\/esclaustre.com\/es\/abonos-2023\/\" tabindex=\"-1\"><div class=\"elementor-post__thumbnail\"><img loading=\"lazy\" decoding=\"async\" width=\"1000\" height=\"588\" src=\"https:\/\/esclaustre.com\/wp-content\/uploads\/2023\/01\/abonament_2023-.jpg\" class=\"attachment-full size-full wp-image-17305\" alt=\"Abonament_2023\" srcset=\"https:\/\/esclaustre.com\/wp-content\/uploads\/2023\/01\/abonament_2023-.jpg 1000w, https:\/\/esclaustre.com\/wp-content\/uploads\/2023\/01\/abonament_2023--600x353.jpg 600w, https:\/\/esclaustre.com\/wp-content\/uploads\/2023\/01\/abonament_2023--300x176.jpg 300w, https:\/\/esclaustre.com\/wp-content\/uploads\/2023\/01\/abonament_2023--768x452.jpg 768w\" sizes=\"(max-width: 1000px) 100vw, 1000px\" title=\"\"><\/div><\/a>\n\t\t\t\t<div class=\"elementor-post__badge\">Blog<\/div>\n\t\t\t\t<div class=\"elementor-post__text\">\n\t\t\t\t<h3 class=\"elementor-post__title\">\n\t\t\t<a href=\"https:\/\/esclaustre.com\/es\/abonos-2023\/\">\n\t\t\t\tAbonos 2023\t\t\t<\/a>\n\t\t<\/h3>\n\t\t\t\t<div class=\"elementor-post__excerpt\">\n\t\t\t<p>Regala el Abono 2023 de Es Claustre. Este a\u00f1o 2023 Es Claustre celebra su 15 aniversario! Disponible en esclaustre.com<\/p>\n\t\t<\/div>\n\t\t\n\t\t<a class=\"elementor-post__read-more\" href=\"https:\/\/esclaustre.com\/es\/abonos-2023\/\" aria-label=\"M\u00e1s informaci\u00f3n sobre Abonos 2023\" tabindex=\"-1\">\n\t\t\t Llegir m\u00e9s \u00bb\t\t<\/a>\n\n\t\t\t\t<\/div>\n\t\t\t\t\t<\/div>\n\t\t<\/article>\n\t\t\t\t<article class=\"elementor-post elementor-grid-item post-17268 post type-post status-publish format-standard has-post-thumbnail hentry category-blog-es tag-diversitat-cultural-es tag-tradicions-es\" role=\"listitem\">\n\t\t\t<div class=\"elementor-post__card\">\n\t\t\t\t<a class=\"elementor-post__thumbnail__link\" href=\"https:\/\/esclaustre.com\/es\/sopes-del-mon-2\/\" tabindex=\"-1\"><div class=\"elementor-post__thumbnail\"><img loading=\"lazy\" decoding=\"async\" width=\"1000\" height=\"1682\" src=\"https:\/\/esclaustre.com\/wp-content\/uploads\/2022\/12\/Sopes_M\u00f3n.jpeg\" class=\"attachment-full size-full wp-image-17265\" alt=\"Sopes_del_M\u00f3n\" srcset=\"https:\/\/esclaustre.com\/wp-content\/uploads\/2022\/12\/Sopes_M\u00f3n.jpeg 1000w, https:\/\/esclaustre.com\/wp-content\/uploads\/2022\/12\/Sopes_M\u00f3n-600x1009.jpeg 600w, https:\/\/esclaustre.com\/wp-content\/uploads\/2022\/12\/Sopes_M\u00f3n-178x300.jpeg 178w, https:\/\/esclaustre.com\/wp-content\/uploads\/2022\/12\/Sopes_M\u00f3n-768x1292.jpeg 768w, https:\/\/esclaustre.com\/wp-content\/uploads\/2022\/12\/Sopes_M\u00f3n-609x1024.jpeg 609w\" sizes=\"(max-width: 1000px) 100vw, 1000px\" title=\"\"><\/div><\/a>\n\t\t\t\t<div class=\"elementor-post__badge\">Blog<\/div>\n\t\t\t\t<div class=\"elementor-post__text\">\n\t\t\t\t<h3 class=\"elementor-post__title\">\n\t\t\t<a href=\"https:\/\/esclaustre.com\/es\/sopes-del-mon-2\/\">\n\t\t\t\tSopes del M\u00f3n\t\t\t<\/a>\n\t\t<\/h3>\n\t\t\t\t<div class=\"elementor-post__excerpt\">\n\t\t\t<p>El festival \u00abSopes del M\u00f3n\u00bb \u00e9s una bona excusa per trobar-nos: els ve\u00efns i ve\u00efnes tenim l\u2019oportunitat de sortir al carrer, i compartir tradicions culin\u00e0ries d\u2019arreu. <\/p>\n\t\t<\/div>\n\t\t\n\t\t<a class=\"elementor-post__read-more\" href=\"https:\/\/esclaustre.com\/es\/sopes-del-mon-2\/\" aria-label=\"M\u00e1s informaci\u00f3n sobre Sopes del M\u00f3n\" tabindex=\"-1\">\n\t\t\t Llegir m\u00e9s \u00bb\t\t<\/a>\n\n\t\t\t\t<\/div>\n\t\t\t\t\t<\/div>\n\t\t<\/article>\n\t\t\t\t<article class=\"elementor-post elementor-grid-item post-17234 post type-post status-publish format-standard has-post-thumbnail hentry category-sin-categorizar tag-activitat-familiar-es tag-animacio-infantil-es tag-mallorca-es tag-menorca-es tag-musica-en-miniatura-es\" role=\"listitem\">\n\t\t\t<div class=\"elementor-post__card\">\n\t\t\t\t<a class=\"elementor-post__thumbnail__link\" href=\"https:\/\/esclaustre.com\/es\/mel-i-sucre-a-menorca\/\" tabindex=\"-1\"><div class=\"elementor-post__thumbnail\"><img loading=\"lazy\" decoding=\"async\" width=\"900\" height=\"1601\" src=\"https:\/\/esclaustre.com\/wp-content\/uploads\/2022\/12\/M\u00fasica-en-Miniatura.jpeg\" class=\"attachment-full size-full wp-image-17231\" alt=\"M\u00fasica en Miniatura\" srcset=\"https:\/\/esclaustre.com\/wp-content\/uploads\/2022\/12\/M\u00fasica-en-Miniatura.jpeg 900w, https:\/\/esclaustre.com\/wp-content\/uploads\/2022\/12\/M\u00fasica-en-Miniatura-600x1067.jpeg 600w, https:\/\/esclaustre.com\/wp-content\/uploads\/2022\/12\/M\u00fasica-en-Miniatura-169x300.jpeg 169w, https:\/\/esclaustre.com\/wp-content\/uploads\/2022\/12\/M\u00fasica-en-Miniatura-768x1366.jpeg 768w, https:\/\/esclaustre.com\/wp-content\/uploads\/2022\/12\/M\u00fasica-en-Miniatura-576x1024.jpeg 576w\" sizes=\"(max-width: 900px) 100vw, 900px\" title=\"\"><\/div><\/a>\n\t\t\t\t<div class=\"elementor-post__badge\">Sin categorizar<\/div>\n\t\t\t\t<div class=\"elementor-post__text\">\n\t\t\t\t<h3 class=\"elementor-post__title\">\n\t\t\t<a href=\"https:\/\/esclaustre.com\/es\/mel-i-sucre-a-menorca\/\">\n\t\t\t\tMel i Sucre a Menorca\t\t\t<\/a>\n\t\t<\/h3>\n\t\t\t\t<div class=\"elementor-post__excerpt\">\n\t\t\t<p>M\u00fasica en Miniatura: \u00abMel i Sucre\u00bb a Menorca, dissabte dia 10 a Can Saura, a Ciutadella i diumenge dia 11 Es Claustre, a Ma\u00f3.<\/p>\n\t\t<\/div>\n\t\t\n\t\t<a class=\"elementor-post__read-more\" href=\"https:\/\/esclaustre.com\/es\/mel-i-sucre-a-menorca\/\" aria-label=\"M\u00e1s informaci\u00f3n sobre Mel i Sucre a Menorca\" tabindex=\"-1\">\n\t\t\t Llegir m\u00e9s \u00bb\t\t<\/a>\n\n\t\t\t\t<\/div>\n\t\t\t\t\t<\/div>\n\t\t<\/article>\n\t\t\t\t<article class=\"elementor-post elementor-grid-item post-17107 post type-post status-publish format-standard has-post-thumbnail hentry category-blog-es tag-cas-ferrer-es tag-formatges-naturals-es tag-gastronomia-es tag-llevats-es tag-refectori-es tag-ulisses-es tag-victor-bayo-es tag-vins-naturals-es\" role=\"listitem\">\n\t\t\t<div class=\"elementor-post__card\">\n\t\t\t\t<a class=\"elementor-post__thumbnail__link\" href=\"https:\/\/esclaustre.com\/es\/llevat-salvatge-vinos-y-quesos-naturales\/\" tabindex=\"-1\"><div class=\"elementor-post__thumbnail\"><img loading=\"lazy\" decoding=\"async\" width=\"1067\" height=\"534\" src=\"https:\/\/esclaustre.com\/wp-content\/uploads\/2022\/11\/Llevat_Salvatge-.jpg\" class=\"attachment-full size-full wp-image-17037\" alt=\"Llevat_Salvatge\" srcset=\"https:\/\/esclaustre.com\/wp-content\/uploads\/2022\/11\/Llevat_Salvatge-.jpg 1067w, https:\/\/esclaustre.com\/wp-content\/uploads\/2022\/11\/Llevat_Salvatge--600x300.jpg 600w, https:\/\/esclaustre.com\/wp-content\/uploads\/2022\/11\/Llevat_Salvatge--300x150.jpg 300w, https:\/\/esclaustre.com\/wp-content\/uploads\/2022\/11\/Llevat_Salvatge--768x384.jpg 768w, https:\/\/esclaustre.com\/wp-content\/uploads\/2022\/11\/Llevat_Salvatge--1024x512.jpg 1024w\" sizes=\"(max-width: 1067px) 100vw, 1067px\" title=\"\"><\/div><\/a>\n\t\t\t\t<div class=\"elementor-post__badge\">Blog<\/div>\n\t\t\t\t<div class=\"elementor-post__text\">\n\t\t\t\t<h3 class=\"elementor-post__title\">\n\t\t\t<a href=\"https:\/\/esclaustre.com\/es\/llevat-salvatge-vinos-y-quesos-naturales\/\">\n\t\t\t\tLlevat Salvatge: Vinos y Quesos Naturales\t\t\t<\/a>\n\t\t<\/h3>\n\t\t\t\t<div class=\"elementor-post__excerpt\">\n\t\t\t<p>\u00abLlevat Salvatge\u00bb: Vinos y Quesos Naturales. Xef: V\u00edctor Bayo, Sergio del Vino: Ulisses Distribuci\u00f3, Marc: Formatges Cas Ferrer.<\/p>\n\t\t<\/div>\n\t\t\n\t\t<a class=\"elementor-post__read-more\" href=\"https:\/\/esclaustre.com\/es\/llevat-salvatge-vinos-y-quesos-naturales\/\" aria-label=\"M\u00e1s informaci\u00f3n sobre Llevat Salvatge: Vinos y Quesos Naturales\" tabindex=\"-1\">\n\t\t\t Llegir m\u00e9s \u00bb\t\t<\/a>\n\n\t\t\t\t<\/div>\n\t\t\t\t\t<\/div>\n\t\t<\/article>\n\t\t\t\t<article class=\"elementor-post elementor-grid-item post-16925 post type-post status-publish format-standard has-post-thumbnail hentry category-blog-es tag-bollo-sueco-es tag-identitats-es tag-lgtbi-es\" role=\"listitem\">\n\t\t\t<div class=\"elementor-post__card\">\n\t\t\t\t<a class=\"elementor-post__thumbnail__link\" href=\"https:\/\/esclaustre.com\/es\/converses-pendents\/\" tabindex=\"-1\"><div class=\"elementor-post__thumbnail\"><img loading=\"lazy\" decoding=\"async\" width=\"1000\" height=\"643\" src=\"https:\/\/esclaustre.com\/wp-content\/uploads\/2022\/11\/Converses_Pendents_web.jpg\" class=\"attachment-full size-full wp-image-16923\" alt=\"Converses_Pendents\" srcset=\"https:\/\/esclaustre.com\/wp-content\/uploads\/2022\/11\/Converses_Pendents_web.jpg 1000w, https:\/\/esclaustre.com\/wp-content\/uploads\/2022\/11\/Converses_Pendents_web-600x386.jpg 600w, https:\/\/esclaustre.com\/wp-content\/uploads\/2022\/11\/Converses_Pendents_web-300x193.jpg 300w, https:\/\/esclaustre.com\/wp-content\/uploads\/2022\/11\/Converses_Pendents_web-768x494.jpg 768w\" sizes=\"(max-width: 1000px) 100vw, 1000px\" title=\"\"><\/div><\/a>\n\t\t\t\t<div class=\"elementor-post__badge\">Blog<\/div>\n\t\t\t\t<div class=\"elementor-post__text\">\n\t\t\t\t<h3 class=\"elementor-post__title\">\n\t\t\t<a href=\"https:\/\/esclaustre.com\/es\/converses-pendents\/\">\n\t\t\t\tConverses Pendents\t\t\t<\/a>\n\t\t<\/h3>\n\t\t\t\t<div class=\"elementor-post__excerpt\">\n\t\t\t<p>\u00abConverses Pendents\u00bb Sobre la visibilitat l\u00e8sbica i identitats dissidents a Menorca<\/p>\n\t\t<\/div>\n\t\t\n\t\t<a class=\"elementor-post__read-more\" href=\"https:\/\/esclaustre.com\/es\/converses-pendents\/\" aria-label=\"M\u00e1s informaci\u00f3n sobre Converses Pendents\" tabindex=\"-1\">\n\t\t\t Llegir m\u00e9s \u00bb\t\t<\/a>\n\n\t\t\t\t<\/div>\n\t\t\t\t\t<\/div>\n\t\t<\/article>\n\t\t\t\t<article class=\"elementor-post elementor-grid-item post-16785 post type-post status-publish format-standard has-post-thumbnail hentry category-blog-es category-sin-categorizar tag-colors-es tag-es-claustre-es tag-lluis-llach-es tag-pol-batlle-es tag-rita-payes-es tag-vida-es\" role=\"listitem\">\n\t\t\t<div class=\"elementor-post__card\">\n\t\t\t\t<a class=\"elementor-post__thumbnail__link\" href=\"https:\/\/esclaustre.com\/es\/pol-batlle-rita-payes\/\" tabindex=\"-1\"><div class=\"elementor-post__thumbnail\"><img loading=\"lazy\" decoding=\"async\" width=\"1000\" height=\"563\" src=\"https:\/\/esclaustre.com\/wp-content\/uploads\/2022\/11\/PolBatlle_RitaPayes_Vida.jpg\" class=\"attachment-full size-full wp-image-16782\" alt=\"PolBatlle_RitaPayes_Vida\" srcset=\"https:\/\/esclaustre.com\/wp-content\/uploads\/2022\/11\/PolBatlle_RitaPayes_Vida.jpg 1000w, https:\/\/esclaustre.com\/wp-content\/uploads\/2022\/11\/PolBatlle_RitaPayes_Vida-600x338.jpg 600w, https:\/\/esclaustre.com\/wp-content\/uploads\/2022\/11\/PolBatlle_RitaPayes_Vida-300x169.jpg 300w, https:\/\/esclaustre.com\/wp-content\/uploads\/2022\/11\/PolBatlle_RitaPayes_Vida-768x432.jpg 768w\" sizes=\"(max-width: 1000px) 100vw, 1000px\" title=\"\"><\/div><\/a>\n\t\t\t\t<div class=\"elementor-post__badge\">Blog<\/div>\n\t\t\t\t<div class=\"elementor-post__text\">\n\t\t\t\t<h3 class=\"elementor-post__title\">\n\t\t\t<a href=\"https:\/\/esclaustre.com\/es\/pol-batlle-rita-payes\/\">\n\t\t\t\tPol Batlle &#038; Rita Pay\u00e9s &#8211; VIDA | A COLORS\t\t\t<\/a>\n\t\t<\/h3>\n\t\t\t\t<div class=\"elementor-post__excerpt\">\n\t\t\t<p>Pol Batlle y Rita Pay\u00e9s presentan \u00abVida\u00bb, en una actuaci\u00f3n para \u00abColors\u00bb. El dueto que estuvo presente en la programaci\u00f3n de este mismo verano en Es Claustre el pasado dia 30 de setiembre.<\/p>\n\t\t<\/div>\n\t\t\n\t\t<a class=\"elementor-post__read-more\" href=\"https:\/\/esclaustre.com\/es\/pol-batlle-rita-payes\/\" aria-label=\"M\u00e1s informaci\u00f3n sobre Pol Batlle &#038; Rita Pay\u00e9s &#8211; VIDA | A COLORS\" tabindex=\"-1\">\n\t\t\t Llegir m\u00e9s \u00bb\t\t<\/a>\n\n\t\t\t\t<\/div>\n\t\t\t\t\t<\/div>\n\t\t<\/article>\n\t\t\t\t<article class=\"elementor-post elementor-grid-item post-16689 post type-post status-publish format-standard has-post-thumbnail hentry category-blog-es category-sin-categorizar tag-bunyols-es tag-castanyes-es tag-festa-popular-es tag-mao-es tag-menorca-es tag-tradicions-es\" role=\"listitem\">\n\t\t\t<div class=\"elementor-post__card\">\n\t\t\t\t<a class=\"elementor-post__thumbnail__link\" href=\"https:\/\/esclaustre.com\/es\/bunyols-i-castanyes-al-claustre\/\" tabindex=\"-1\"><div class=\"elementor-post__thumbnail\"><img loading=\"lazy\" decoding=\"async\" width=\"1000\" height=\"494\" src=\"https:\/\/esclaustre.com\/wp-content\/uploads\/2022\/10\/Bunyols_Castanyes.jpg\" class=\"attachment-full size-full wp-image-16686\" alt=\"unyols_Castanyes\" srcset=\"https:\/\/esclaustre.com\/wp-content\/uploads\/2022\/10\/Bunyols_Castanyes.jpg 1000w, https:\/\/esclaustre.com\/wp-content\/uploads\/2022\/10\/Bunyols_Castanyes-600x296.jpg 600w, https:\/\/esclaustre.com\/wp-content\/uploads\/2022\/10\/Bunyols_Castanyes-300x148.jpg 300w, https:\/\/esclaustre.com\/wp-content\/uploads\/2022\/10\/Bunyols_Castanyes-768x379.jpg 768w\" sizes=\"(max-width: 1000px) 100vw, 1000px\" title=\"\"><\/div><\/a>\n\t\t\t\t<div class=\"elementor-post__badge\">Blog<\/div>\n\t\t\t\t<div class=\"elementor-post__text\">\n\t\t\t\t<h3 class=\"elementor-post__title\">\n\t\t\t<a href=\"https:\/\/esclaustre.com\/es\/bunyols-i-castanyes-al-claustre\/\">\n\t\t\t\tBunyols i Castanyes al Claustre\t\t\t<\/a>\n\t\t<\/h3>\n\t\t\t\t<div class=\"elementor-post__excerpt\">\n\t\t\t<p>Sa Bunyolada: Bunyols, Castanyes i Xocolatada al Claustre. Conte de la Castanyera, Jocs Populars amb Sa Xaranga i Pinyerta Pinyol&#8230;<\/p>\n\t\t<\/div>\n\t\t\n\t\t<a class=\"elementor-post__read-more\" href=\"https:\/\/esclaustre.com\/es\/bunyols-i-castanyes-al-claustre\/\" aria-label=\"M\u00e1s informaci\u00f3n sobre Bunyols i Castanyes al Claustre\" tabindex=\"-1\">\n\t\t\t Llegir m\u00e9s \u00bb\t\t<\/a>\n\n\t\t\t\t<\/div>\n\t\t\t\t\t<\/div>\n\t\t<\/article>\n\t\t\t\t<article class=\"elementor-post elementor-grid-item post-16402 post type-post status-publish format-standard has-post-thumbnail hentry category-blog-es category-sin-categorizar tag-curtmetratges-es tag-curts-es tag-sexualitat-es\" role=\"listitem\">\n\t\t\t<div class=\"elementor-post__card\">\n\t\t\t\t<a class=\"elementor-post__thumbnail__link\" href=\"https:\/\/esclaustre.com\/es\/la-boca-erotica\/\" tabindex=\"-1\"><div class=\"elementor-post__thumbnail\"><img loading=\"lazy\" decoding=\"async\" width=\"1000\" height=\"656\" src=\"https:\/\/esclaustre.com\/wp-content\/uploads\/2022\/09\/BOCA_erotica.jpg\" class=\"attachment-full size-full wp-image-16408\" alt=\"La_BOCA_erotica\" srcset=\"https:\/\/esclaustre.com\/wp-content\/uploads\/2022\/09\/BOCA_erotica.jpg 1000w, https:\/\/esclaustre.com\/wp-content\/uploads\/2022\/09\/BOCA_erotica-600x394.jpg 600w, https:\/\/esclaustre.com\/wp-content\/uploads\/2022\/09\/BOCA_erotica-300x197.jpg 300w, https:\/\/esclaustre.com\/wp-content\/uploads\/2022\/09\/BOCA_erotica-768x504.jpg 768w\" sizes=\"(max-width: 1000px) 100vw, 1000px\" title=\"\"><\/div><\/a>\n\t\t\t\t<div class=\"elementor-post__badge\">Blog<\/div>\n\t\t\t\t<div class=\"elementor-post__text\">\n\t\t\t\t<h3 class=\"elementor-post__title\">\n\t\t\t<a href=\"https:\/\/esclaustre.com\/es\/la-boca-erotica\/\">\n\t\t\t\tLa BOCA er\u00f3tica\t\t\t<\/a>\n\t\t<\/h3>\n\t\t\t\t<div class=\"elementor-post__excerpt\">\n\t\t\t<p>Els dies 6, 7 i 8 d&#8217;Octubre Es Claustre acull el VII Festival Internacional de curtmetratges La Boca Er\u00f3tica. A la selecci\u00f3 oficial de curtmetratges de tem\u00e0tica sexual s&#8217;hi podran veure fins a 16 films internacionals.<\/p>\n\t\t<\/div>\n\t\t\n\t\t<a class=\"elementor-post__read-more\" href=\"https:\/\/esclaustre.com\/es\/la-boca-erotica\/\" aria-label=\"M\u00e1s informaci\u00f3n sobre La BOCA er\u00f3tica\" tabindex=\"-1\">\n\t\t\t Llegir m\u00e9s \u00bb\t\t<\/a>\n\n\t\t\t\t<\/div>\n\t\t\t\t\t<\/div>\n\t\t<\/article>\n\t\t\t\t<article class=\"elementor-post elementor-grid-item post-15435 post type-post status-publish format-standard has-post-thumbnail hentry category-blog-es category-sin-categorizar tag-cinema-es tag-diversitat-cultural-es tag-intercultural-es\" role=\"listitem\">\n\t\t\t<div class=\"elementor-post__card\">\n\t\t\t\t<a class=\"elementor-post__thumbnail__link\" href=\"https:\/\/esclaustre.com\/es\/cinema-2022\/\" tabindex=\"-1\"><div class=\"elementor-post__thumbnail\"><img loading=\"lazy\" decoding=\"async\" width=\"858\" height=\"612\" src=\"https:\/\/esclaustre.com\/wp-content\/uploads\/2022\/07\/PROGRAMA_CINEMA_2022-.jpg\" class=\"attachment-full size-full wp-image-15429\" alt=\"PROGRAMA_CINEMA_2022\" srcset=\"https:\/\/esclaustre.com\/wp-content\/uploads\/2022\/07\/PROGRAMA_CINEMA_2022-.jpg 858w, https:\/\/esclaustre.com\/wp-content\/uploads\/2022\/07\/PROGRAMA_CINEMA_2022--600x428.jpg 600w, https:\/\/esclaustre.com\/wp-content\/uploads\/2022\/07\/PROGRAMA_CINEMA_2022--300x214.jpg 300w, https:\/\/esclaustre.com\/wp-content\/uploads\/2022\/07\/PROGRAMA_CINEMA_2022--768x548.jpg 768w, https:\/\/esclaustre.com\/wp-content\/uploads\/2022\/07\/PROGRAMA_CINEMA_2022--400x284.jpg 400w\" sizes=\"(max-width: 858px) 100vw, 858px\" title=\"\"><\/div><\/a>\n\t\t\t\t<div class=\"elementor-post__badge\">Blog<\/div>\n\t\t\t\t<div class=\"elementor-post__text\">\n\t\t\t\t<h3 class=\"elementor-post__title\">\n\t\t\t<a href=\"https:\/\/esclaustre.com\/es\/cinema-2022\/\">\n\t\t\t\tCINEMA 2022\t\t\t<\/a>\n\t\t<\/h3>\n\t\t\t\t<div class=\"elementor-post__excerpt\">\n\t\t\t<p>CINEMA 2022 Cada dilluns Cicle de Cinema Intercultural en catal\u00e0 Aquest cicle de cinema vol posar en valor la diversitat cultural i promoure les relacions interculturals, com a forma de complir el nov\u00e8 dels compromisos pels quals la ciutat de Ma\u00f3 forma part de la Coalici\u00f3 Europea Contra el Racisme.<\/p>\n\t\t<\/div>\n\t\t\n\t\t<a class=\"elementor-post__read-more\" href=\"https:\/\/esclaustre.com\/es\/cinema-2022\/\" aria-label=\"M\u00e1s informaci\u00f3n sobre CINEMA 2022\" tabindex=\"-1\">\n\t\t\t Llegir m\u00e9s \u00bb\t\t<\/a>\n\n\t\t\t\t<\/div>\n\t\t\t\t\t<\/div>\n\t\t<\/article>\n\t\t\t\t<\/div>\n\t\t\t\t\t<span class=\"e-load-more-spinner\">\n\t\t\t\t<i aria-hidden=\"true\" class=\"fas fa-spinner\"><\/i>\t\t\t<\/span>\n\t\t\n\t\t\t\t<div class=\"e-load-more-anchor\" data-page=\"1\" data-max-page=\"4\" data-next-page=\"https:\/\/esclaustre.com\/es\/wp-json\/wp\/v2\/pages\/1432\/page\/2\/\"><\/div>\n\t\t\t\t<div class=\"elementor-button-wrapper\">\n\t\t\t<a class=\"elementor-button elementor-size-sm\" role=\"button\">\n\t\t\t\t\t\t<span class=\"elementor-button-content-wrapper\">\n\t\t\t\t\t\t\t\t\t<span class=\"elementor-button-text\">VEURE M\u00c9S<\/span>\n\t\t\t\t\t<\/span>\n\t\t\t\t\t<\/a>\n\t\t<\/div>\n\t\t\t\t<div class=\"e-load-more-message\"><\/div>\n\t\t\t\t\t\t<\/div>\n\t\t\t\t<\/div>\n\t\t\t\t\t<\/div>\n\t\t\t\t<\/div>\n\t\t\t\t<\/div>\n\t\t","protected":false},"excerpt":{"rendered":"<p>El Blog del Claustre. L&#8217;Espai de Creaci\u00f3 i Cultura Viva Compartida Digital.<br \/>\nEns pots enviar tota la informaci\u00f3 relacionada amb el projecte d&#8217;Es Claustre, en qualsevol dels formats que ho desitgis.<\/p>\n","protected":false},"author":1,"featured_media":20171,"parent":0,"menu_order":0,"comment_status":"closed","ping_status":"closed","template":"elementor_header_footer","meta":{"_acf_changed":false,"footnotes":""},"class_list":["post-1432","page","type-page","status-publish","has-post-thumbnail","hentry"],"acf":[],"_links":{"self":[{"href":"https:\/\/esclaustre.com\/es\/wp-json\/wp\/v2\/pages\/1432","targetHints":{"allow":["GET"]}}],"collection":[{"href":"https:\/\/esclaustre.com\/es\/wp-json\/wp\/v2\/pages"}],"about":[{"href":"https:\/\/esclaustre.com\/es\/wp-json\/wp\/v2\/types\/page"}],"author":[{"embeddable":true,"href":"https:\/\/esclaustre.com\/es\/wp-json\/wp\/v2\/users\/1"}],"replies":[{"embeddable":true,"href":"https:\/\/esclaustre.com\/es\/wp-json\/wp\/v2\/comments?post=1432"}],"version-history":[{"count":0,"href":"https:\/\/esclaustre.com\/es\/wp-json\/wp\/v2\/pages\/1432\/revisions"}],"wp:featuredmedia":[{"embeddable":true,"href":"https:\/\/esclaustre.com\/es\/wp-json\/wp\/v2\/media\/20171"}],"wp:attachment":[{"href":"https:\/\/esclaustre.com\/es\/wp-json\/wp\/v2\/media?parent=1432"}],"curies":[{"name":"wp","href":"https:\/\/api.w.org\/{rel}","templated":true}]}}