{"id":11627,"date":"2021-03-04T12:42:51","date_gmt":"2021-03-04T12:42:51","guid":{"rendered":"https:\/\/esclaustre.com\/event\/raquel-lua-copy\/"},"modified":"2021-04-23T09:36:19","modified_gmt":"2021-04-23T09:36:19","slug":"balkan-paradise-orchestra","status":"publish","type":"tribe_events","link":"https:\/\/esclaustre.com\/es\/event\/balkan-paradise-orchestra\/","title":{"rendered":"Balkan Paradise Orchestra"},"content":{"rendered":"<p>[ bb_built=\u00bb1&#8243; fullwidth=\u00bboff\u00bb specialty=\u00bbon\u00bb][et_pb_column type=\u00bb3_4&#8243; specialty_columns=\u00bb3&#8243;][et_pb_row_inner admin_label=\u00bbRow\u00bb _builder_version=\u00bb3.0.51&#8243; background_position_1=\u00bbtop_left\u00bb background_repeat_1=\u00bbno-repeat\u00bb module_class=\u00bbtribe-events-content__img\u00bb][et_pb_column_inner type=\u00bb4_4&#8243; saved_specialty_column_type=\u00bb3_4&#8243;][et_pb_image _builder_version=\u00bb3.0.64&#8243; show_in_lightbox=\u00bboff\u00bb url_new_window=\u00bboff\u00bb use_overlay=\u00bboff\u00bb sticky=\u00bboff\u00bb align=\u00bbleft\u00bb always_center_on_mobile=\u00bbon\u00bb border_style=\u00bbsolid\u00bb force_fullwidth=\u00bboff\u00bb src=\u00bbhttps:\/\/esclaustre.com\/wp-content\/uploads\/2021\/03\/Balkan_Paradise_Orchestra.jpg\u00bb \/][\/et_pb_column_inner][\/et_pb_row_inner][et_pb_row_inner admin_label=\u00bbRow\u00bb _builder_version=\u00bb3.0.51&#8243; background_position_1=\u00bbtop_left\u00bb background_repeat_1=\u00bbno-repeat\u00bb module_class=\u00bbtribe-events-content__content\u00bb][et_pb_column_inner type=\u00bb4_4&#8243; saved_specialty_column_type=\u00bb3_4&#8243;][et_pb_code _builder_version=\u00bb3.0.64&#8243;][socialpug_share][\/et_pb_code][et_pb_text _builder_version=\u00bb3.0.64&#8243; background_layout=\u00bblight\u00bb text_orientation=\u00bbleft\u00bb border_style=\u00bbsolid\u00bb]<\/p>\n<h2><strong>Balkan Paradise Orchestra<\/strong><\/h2>\n<p>Balkan Paradise Orchestra neix a principis del 2015 als carrers de Barcelona. La banda ha anat demostrant actuaci\u00f3 rere actuaci\u00f3 que \u00e9s una banda \u00fanica i trencadora.\u00a0Una banda amb onze instrumentistes i percussionistes amb un punt en com\u00fa, la passi\u00f3 per la <strong>tradici\u00f3 balc\u00e0nica<\/strong> i els sons del m\u00f3n. Tant els hi fa que sigui al carrer, a una sala tancada o a un recinte obert, porten la festa i el ritme de ball a on faci falta.<\/p>\n<h3><strong>Jazz Obert i Es Claustre<\/strong><\/h3>\n<p>&nbsp;<\/p>\n<p>L&#8217;any 2020 van publicat <em>Odissea,<\/em> el seu segon treball, inspirat en la d\u2019Homer i la de Kubrick i amb el qual aquestes <strong>onze dones<\/strong> s\u2019han mogut cap a sons m\u00e9s desconeguts, per\u00f2 amb un gran resultat.<\/p>\n<p>Dins el marc del Menorca Jazz Festival s&#8217;enmarca aquest concert en una col\u00b7laboraci\u00f3 amb Es Claustre com aposta per la qualitat musical i el comprom\u00eds per no aturar l&#8217;activitat cultural com a forma m\u00e9s transformadora, inspiradora i festiva en la nostar societat.<\/p>\n<p><a href=\"http:\/\/bpo.cat\" target=\"_blank\" rel=\"noopener\">www.bpo.cat<\/a><\/p>\n<p>Tota la informaci\u00f3 del Festival Jazz Obert: <a href=\"https:\/\/jazzobert.com\" target=\"_blank\" rel=\"noopener\">www.jazzobert.com<\/a><\/p>\n<p>&nbsp;<\/p>\n<p>[\/et_pb_text][\/et_pb_column_inner][\/et_pb_row_inner][\/et_pb_column][et_pb_column type=\u00bb1_4&#8243;][et_pb_customEventMetaFields admin_label=\u00bbEsClaustre Camps Event\u00bb _builder_version=\u00bb3.0.64&#8243; location=\u00bbon\u00bb schedule=\u00bbon\u00bb price=\u00bbon\u00bb module_class=\u00bbappendTo_tribe-events-infoBlocks_landscape\u00bb \/][et_pb_button _builder_version=\u00bb3.0.64&#8243; button_text=\u00bbCOMPRAR\u00bb url_new_window=\u00bbon\u00bb button_alignment=\u00bbcenter\u00bb background_layout=\u00bblight\u00bb custom_button=\u00bboff\u00bb button_letter_spacing=\u00bb0&#8243; button_icon_placement=\u00bbright\u00bb button_letter_spacing_hover=\u00bb0&#8243; module_class=\u00bbbtn-ticket appendTo_tribe-events-infoBlocks_landscape\u00bb button_url=\u00bbhttps:\/\/entradas.codetickets.com\/entradas\/balkan-paradise-orchestra\/15360\/menorcajazzfestival\/online?lang=es_ES\u00bb \/][et_pb_customEventCategories _builder_version=\u00bb3.0.64&#8243; \/][et_pb_customEventTags _builder_version=\u00bb3.0.64&#8243; \/][\/et_pb_column][\/]<\/p>\n","protected":false},"excerpt":{"rendered":"<p>Balkan Paradise Orchestra: es una banda amb de once instrumentistas y percusionistas con un punto en com\u00fan, la pasi\u00f3n por la tradici\u00f3n balc\u00e1nica y los sonidos del mundo. Viernes 4 de junio a las 20h Es Claustre, dentro del Menorca Jazz Festival.<\/p>\n","protected":false},"author":1,"featured_media":11625,"template":"","meta":{"_acf_changed":false,"_tribe_events_status":"","_tribe_events_status_reason":"","_tribe_events_is_hybrid":"","_tribe_events_is_virtual":"","_tribe_events_virtual_video_source":"","_tribe_events_virtual_embed_video":"","_tribe_events_virtual_linked_button_text":"","_tribe_events_virtual_linked_button":"","_tribe_events_virtual_show_embed_at":"","_tribe_events_virtual_show_embed_to":[],"_tribe_events_virtual_show_on_event":"","_tribe_events_virtual_show_on_views":"","_tribe_events_virtual_url":"","footnotes":""},"tags":[797,761,2091],"tribe_events_cat":[410,773,111],"class_list":["post-11627","tribe_events","type-tribe_events","status-publish","has-post-thumbnail","hentry","tag-balkan-es","tag-barcelona-es","tag-jazz-obert-es","tribe_events_cat-cultura-es","tribe_events_cat-festival-es","tribe_events_cat-musica-es","cat_cultura-es","cat_festival-es","cat_musica-es"],"acf":[],"_links":{"self":[{"href":"https:\/\/esclaustre.com\/es\/wp-json\/wp\/v2\/tribe_events\/11627","targetHints":{"allow":["GET"]}}],"collection":[{"href":"https:\/\/esclaustre.com\/es\/wp-json\/wp\/v2\/tribe_events"}],"about":[{"href":"https:\/\/esclaustre.com\/es\/wp-json\/wp\/v2\/types\/tribe_events"}],"author":[{"embeddable":true,"href":"https:\/\/esclaustre.com\/es\/wp-json\/wp\/v2\/users\/1"}],"version-history":[{"count":0,"href":"https:\/\/esclaustre.com\/es\/wp-json\/wp\/v2\/tribe_events\/11627\/revisions"}],"wp:featuredmedia":[{"embeddable":true,"href":"https:\/\/esclaustre.com\/es\/wp-json\/wp\/v2\/media\/11625"}],"wp:attachment":[{"href":"https:\/\/esclaustre.com\/es\/wp-json\/wp\/v2\/media?parent=11627"}],"wp:term":[{"taxonomy":"post_tag","embeddable":true,"href":"https:\/\/esclaustre.com\/es\/wp-json\/wp\/v2\/tags?post=11627"},{"taxonomy":"tribe_events_cat","embeddable":true,"href":"https:\/\/esclaustre.com\/es\/wp-json\/wp\/v2\/tribe_events_cat?post=11627"}],"curies":[{"name":"wp","href":"https:\/\/api.w.org\/{rel}","templated":true}]}}