{"id":12033,"date":"2021-05-17T11:38:43","date_gmt":"2021-05-17T11:38:43","guid":{"rendered":"https:\/\/esclaustre.com\/event\/cine-a-los-cuatro-vientos-copy\/"},"modified":"2021-05-19T17:57:05","modified_gmt":"2021-05-19T17:57:05","slug":"curtmetratges-als-quatre-vents","status":"publish","type":"tribe_events","link":"https:\/\/esclaustre.com\/es\/event\/curtmetratges-als-quatre-vents\/","title":{"rendered":"Curtmetratges Als Quatre Vents"},"content":{"rendered":"<p>[ bb_built=\u00bb1&#8243; admin_label=\u00bbsection\u00bb module_class=\u00bbeventPost__vertical\u00bb _builder_version=\u00bb3.0.51&#8243;][et_pb_row admin_label=\u00bbrow\u00bb make_equal=\u00bbon\u00bb background_position_1=\u00bbtop_left\u00bb background_position_2=\u00bbtop_left\u00bb background_repeat_1=\u00bbno-repeat\u00bb background_repeat_2=\u00bbno-repeat\u00bb module_class_1=\u00bbeventPost__vertical__img\u00bb module_class_2=\u00bbeventPost__vertical__img_content\u00bb _builder_version=\u00bb3.0.51&#8243; background_size=\u00bbinitial\u00bb background_position=\u00bbtop_left\u00bb background_repeat=\u00bbrepeat\u00bb][et_pb_column type=\u00bb1_2&#8243;][et_pb_image sticky=\u00bbon\u00bb _builder_version=\u00bb3.0.64&#8243; show_in_lightbox=\u00bboff\u00bb url_new_window=\u00bboff\u00bb use_overlay=\u00bboff\u00bb align=\u00bbleft\u00bb always_center_on_mobile=\u00bbon\u00bb border_style=\u00bbsolid\u00bb force_fullwidth=\u00bboff\u00bb src=\u00bbhttps:\/\/esclaustre.com\/wp-content\/uploads\/2021\/05\/Cartell-Cine-Als-4-Vents.jpg\u00bb \/][\/et_pb_column][et_pb_column type=\u00bb1_2&#8243;][et_pb_customEventMetaFields location=\u00bbon\u00bb schedule=\u00bbon\u00bb price=\u00bbon\u00bb _builder_version=\u00bb3.0.64&#8243;]<\/p>\n<div class=\"wrapper_tribe-events-infoBlock\">\n<dl class=\"tribe-events-infoBlock et_pb_customEventMetaFields_1\">\n<dt class=\"tribe-events-infoBlock__label\">Lloc<\/dt>\n<dd class=\"tribe-events-infoBlock__field\"><\/dd>\n<\/dl>\n<dl class=\"tribe-events-infoBlock et_pb_customEventMetaFields_1\">\n<dt class=\"tribe-events-infoBlock__label\">Horari<\/dt>\n<dd class=\"tribe-events-infoBlock__field\">H<\/dd>\n<\/dl>\n<dl class=\"tribe-events-infoBlock et_pb_customEventMetaFields_1\">\n<dt class=\"tribe-events-infoBlock__label\">Preu<\/dt>\n<dd class=\"tribe-events-infoBlock__field\"><\/dd>\n<\/dl>\n<p><a class=\"tribe-events-infoBlock_addCAlendar\" href=\"https:\/\/esclaustre.com\/agenda\/?ical=1\">Afegir al calendari<\/a><\/p>\n<\/div>\n<p>[\/et_pb_customEventMetaFields][et_pb_button _builder_version=\u00bb3.0.64&#8243; button_text=\u00bbCOMPRAR\u00bb url_new_window=\u00bboff\u00bb button_alignment=\u00bbleft\u00bb background_layout=\u00bblight\u00bb custom_button=\u00bboff\u00bb button_letter_spacing=\u00bb0&#8243; button_icon_placement=\u00bbright\u00bb button_letter_spacing_hover=\u00bb0&#8243; module_class=\u00bbbtn-ticket appendTo_tribe-events-infoBlocks_landscape\u00bb button_url=\u00bbhttps:\/\/entradas.codetickets.com\/entradas\/esclaustre\u00bb \/][et_pb_button admin_label=\u00bbPROGRAMA 2021&#8243; _builder_version=\u00bb3.0.64&#8243; button_text=\u00bbPROGRAMA 2021&#8243; url_new_window=\u00bbon\u00bb button_alignment=\u00bbleft\u00bb background_layout=\u00bbdark\u00bb custom_button=\u00bbon\u00bb button_letter_spacing=\u00bb0&#8243; button_icon_placement=\u00bbright\u00bb button_letter_spacing_hover=\u00bb0&#8243; module_class=\u00bbbtn-ticket appendTo_tribe-events-infoBlocks_landscape\u00bb button_url=\u00bbhttps:\/\/esclaustre.com\/wp-content\/uploads\/2021\/05\/Programa_Curts_Menora-2021.pdf\u00bb button_bg_color=\u00bb#1f0de5&#8243; button_icon_color=\u00bb#0d52e5&#8243; button_border_color_hover=\u00bb#0d4edb\u00bb button_bg_color_hover=\u00bb#0d50e0&#8243; \/][et_pb_customEventCategories admin_label=\u00bbCategories\u00bb _builder_version=\u00bb3.0.64&#8243; \/][et_pb_customEventTags admin_label=\u00bbTags\u00bb _builder_version=\u00bb3.0.64&#8243; \/][et_pb_text admin_label=\u00bbTrailer\u00bb module_class=\u00bbpostEvent_cine__block\u00bb _builder_version=\u00bb3.0.64&#8243; background_layout=\u00bblight\u00bb text_orientation=\u00bbleft\u00bb border_style=\u00bbsolid\u00bb]<\/p>\n<p><a class=\"postEvent_cine__filmLink\" href=\"https:\/\/youtu.be\/4rYvdfEw8jw\" target=\"_blank\" rel=\"noopener noreferrer\">Veure SOIFF 2019<\/a><\/p>\n<p>&nbsp;<\/p>\n<p>&nbsp;<\/p>\n<p>[\/et_pb_text][et_pb_code admin_label=\u00bbCompartir\u00bb module_class=\u00bbpostEvent_cine__block__Share\u00bb _builder_version=\u00bb3.0.64&#8243;][socialpug_share][\/et_pb_code][\/et_pb_column][\/et_pb_row][et_pb_row background_position_1=\u00bbtop_left\u00bb background_position_2=\u00bbtop_left\u00bb background_repeat_1=\u00bbno-repeat\u00bb background_repeat_2=\u00bbno-repeat\u00bb module_class=\u00bbeventPost__vertical__content\u00bb _builder_version=\u00bb3.0.51&#8243; background_size=\u00bbinitial\u00bb background_position=\u00bbtop_left\u00bb background_repeat=\u00bbrepeat\u00bb][et_pb_column type=\u00bb2_3&#8243;][et_pb_text _builder_version=\u00bb3.0.64&#8243; background_layout=\u00bblight\u00bb text_orientation=\u00bbleft\u00bb border_style=\u00bbsolid\u00bb]<\/p>\n<h2><strong><span style=\"color: #000000;\">CURTMETRATGES ALS QUATRE VENTS<\/span><\/strong><\/h2>\n<p>&nbsp;<\/p>\n<div class=\"page\" title=\"Page 2\">\n<div class=\"section\">\n<div class=\"layoutArea\">\n<div class=\"column\">Tres dies de projeccions de curtmetratges provinents del palmar\u00e9s oficial del <strong>XXI Cert\u00e0men Internacional de Cortos de Soria<\/strong>, una extensa representaci\u00f3 de cinema de ficci\u00f3, experimental, animaci\u00f3 o documental que es presentaran Es Claustre entre els dies 19, 20 i 21 de maig.<\/div>\n<div><\/div>\n<p>&nbsp;<\/p>\n<div class=\"column\">Presentar\u00e1 l&#8217;activitat el mateix director del cert\u00e0men, <span style=\"color: #000000;\"><strong>Javier Mu\u00f1iz<\/strong><\/span><\/div>\n<p>&nbsp;<\/p>\n<div><\/div>\n<div><\/div>\n<div class=\"column\">CERT\u00c0MEN DE CURTMETRATGES.\u00a0Aquesta compilaci\u00f3 audiovisual \u00e9s una mostra gr\u00e0cies a la producci\u00f3 del <a href=\"https:\/\/certamendecortossoria.org\" target=\"_blank\" rel=\"noopener\">SOIFF<\/a>, Cert\u00e0men col\u00b7laborador dels Premis Goya en la preselecci\u00f3 de Curtmetratges, i amb l&#8217;ajut del <strong>Mirador Caf\u00e9<\/strong> de Ma\u00f3.<\/div>\n<\/div>\n<div><\/div>\n<p>&nbsp;<\/p>\n<div>Consulteu-ne tota la programaci\u00f3 per dies en aquest enlla\u00e7 <strong>&gt;&gt;&gt;<\/strong>\u00a0<a href=\"https:\/\/esclaustre.com\/wp-content\/uploads\/2021\/05\/Programa_Curts_Menora-2021.pdf\" target=\"_blank\" rel=\"noopener\"><span style=\"color: #000000;\"><strong>PROGRAMA 2021<\/strong><\/span><\/a><\/div>\n<div><\/div>\n<\/div>\n<\/div>\n<div><\/div>\n<div><\/div>\n<div><\/div>\n<div><\/div>\n<p>&nbsp;<\/p>\n<div><a href=\"https:\/\/www.certamendecortossoria.org\" target=\"_blank\" rel=\"noopener\">www.certamendecortossoria.org<\/a><\/div>\n<p>[\/et_pb_text][\/et_pb_column][et_pb_column type=\u00bb1_3&#8243;][\/et_pb_column][\/et_pb_row][\/]<\/p>\n","protected":false},"excerpt":{"rendered":"<p>[CURTMETRATGES] Cert\u00e0men Internacional de Curts de S\u00f3ria, Es Claustre els dies 19, 20 i 212 de maig a les 21h.<\/p>\n","protected":false},"author":1,"featured_media":12031,"template":"","meta":{"_acf_changed":false,"_tribe_events_status":"","_tribe_events_status_reason":"","_tribe_events_is_hybrid":"","_tribe_events_is_virtual":"","_tribe_events_virtual_video_source":"","_tribe_events_virtual_embed_video":"","_tribe_events_virtual_linked_button_text":"","_tribe_events_virtual_linked_button":"","_tribe_events_virtual_show_embed_at":"","_tribe_events_virtual_show_embed_to":[],"_tribe_events_virtual_show_on_event":"","_tribe_events_virtual_show_on_views":"","_tribe_events_virtual_url":"","footnotes":""},"tags":[2175,1789,1750,1753],"tribe_events_cat":[121],"class_list":["post-12033","tribe_events","type-tribe_events","status-publish","has-post-thumbnail","hentry","tag-als-quatre-vents-es","tag-barmirador-es","tag-curts-es","tag-soiff-es","tribe_events_cat-cinema-es","cat_cinema-es"],"acf":[],"_links":{"self":[{"href":"https:\/\/esclaustre.com\/es\/wp-json\/wp\/v2\/tribe_events\/12033","targetHints":{"allow":["GET"]}}],"collection":[{"href":"https:\/\/esclaustre.com\/es\/wp-json\/wp\/v2\/tribe_events"}],"about":[{"href":"https:\/\/esclaustre.com\/es\/wp-json\/wp\/v2\/types\/tribe_events"}],"author":[{"embeddable":true,"href":"https:\/\/esclaustre.com\/es\/wp-json\/wp\/v2\/users\/1"}],"version-history":[{"count":0,"href":"https:\/\/esclaustre.com\/es\/wp-json\/wp\/v2\/tribe_events\/12033\/revisions"}],"wp:featuredmedia":[{"embeddable":true,"href":"https:\/\/esclaustre.com\/es\/wp-json\/wp\/v2\/media\/12031"}],"wp:attachment":[{"href":"https:\/\/esclaustre.com\/es\/wp-json\/wp\/v2\/media?parent=12033"}],"wp:term":[{"taxonomy":"post_tag","embeddable":true,"href":"https:\/\/esclaustre.com\/es\/wp-json\/wp\/v2\/tags?post=12033"},{"taxonomy":"tribe_events_cat","embeddable":true,"href":"https:\/\/esclaustre.com\/es\/wp-json\/wp\/v2\/tribe_events_cat?post=12033"}],"curies":[{"name":"wp","href":"https:\/\/api.w.org\/{rel}","templated":true}]}}