{"id":12675,"date":"2021-06-27T13:03:28","date_gmt":"2021-06-27T13:03:28","guid":{"rendered":"https:\/\/esclaustre.com\/event\/verlaat-copy\/"},"modified":"2021-07-06T09:33:54","modified_gmt":"2021-07-06T09:33:54","slug":"verlaat-esclaustre","status":"publish","type":"tribe_events","link":"https:\/\/esclaustre.com\/es\/event\/verlaat-esclaustre\/","title":{"rendered":"Verlaat"},"content":{"rendered":"<p>[ bb_built=\u00bb1&#8243; fullwidth=\u00bboff\u00bb specialty=\u00bbon\u00bb][et_pb_column type=\u00bb3_4&#8243; specialty_columns=\u00bb3&#8243;][et_pb_row_inner admin_label=\u00bbRow\u00bb _builder_version=\u00bb3.0.51&#8243; background_position_1=\u00bbtop_left\u00bb background_repeat_1=\u00bbno-repeat\u00bb module_class=\u00bbtribe-events-content__img\u00bb][et_pb_column_inner type=\u00bb4_4&#8243; saved_specialty_column_type=\u00bb3_4&#8243;][et_pb_image _builder_version=\u00bb3.0.64&#8243; show_in_lightbox=\u00bboff\u00bb url_new_window=\u00bboff\u00bb use_overlay=\u00bboff\u00bb sticky=\u00bboff\u00bb align=\u00bbleft\u00bb always_center_on_mobile=\u00bbon\u00bb border_style=\u00bbsolid\u00bb force_fullwidth=\u00bboff\u00bb src=\u00bbhttps:\/\/esclaustre.com\/wp-content\/uploads\/2021\/06\/Verlaat_esclaustre.jpg\u00bb \/][\/et_pb_column_inner][\/et_pb_row_inner][et_pb_row_inner admin_label=\u00bbRow\u00bb _builder_version=\u00bb3.0.51&#8243; background_position_1=\u00bbtop_left\u00bb background_repeat_1=\u00bbno-repeat\u00bb module_class=\u00bbtribe-events-content__content\u00bb][et_pb_column_inner type=\u00bb4_4&#8243; saved_specialty_column_type=\u00bb3_4&#8243;][et_pb_code _builder_version=\u00bb3.0.51&#8243;][socialpug_share][\/et_pb_code][et_pb_text _builder_version=\u00bb3.0.64&#8243; background_layout=\u00bblight\u00bb text_orientation=\u00bbleft\u00bb border_style=\u00bbsolid\u00bb]<\/p>\n<h2><strong>\u00abVerlaat\u00bb borbs, nit i dia, cal dimoni, juriol s&#8217;allarga&#8230; \u00a0 \u00a0 \u00a0 \u00a0 \u00a0 \u00a0 \u00a0 \u00a0 \u00a0 \u00a0 \u00a0<\/strong><strong>rics amb alegria!<\/strong><\/h2>\n<p>&nbsp;<\/p>\n<p>Influenciats tant per artistes pr\u00f2xims com llunyans,\u00a0<span style=\"color: #000000;\"><strong>Verlaat\u00a0<\/strong><\/span>no es casa amb cap estil musical, deixant la porta oberta a recursos de tota mena. Aix\u00ed, les seves can\u00e7ons sonen a\u00a0<strong>Pop-Rock, Ska o Funk<\/strong>, per\u00f2 tamb\u00e9 hi son presents el\u00a0folklore menorqu\u00ed, els\u00a0ritmes llatinoamericans\u00a0o fins i tot l\u2019electr\u00f2nica.<\/p>\n<p><span style=\"color: #000000;\"><span style=\"color: #333333;\">Els<\/span> Verlaat<\/span> venen carregats de\u00a0melodies\u00a0que no pots deixar de cantar, de\u00a0<strong>ritmes<\/strong>\u00a0ballables i alegres i\u00a0<strong>lletres<\/strong>\u00a0narratives, cr\u00edtiques i connectades amb l\u2019illa.<\/p>\n<div class=\"page\" title=\"Page 2\">\n<div class=\"layoutArea\">\n<div class=\"column\">\n<div class=\"page\" title=\"Page 1\">\n<div class=\"layoutArea\">\n<div class=\"column\">\n<p>&nbsp;<\/p>\n<p>El seus components son: Sepe Pe\u00f1alver, Jaume P\u00e9rez, Miguel Sanjos\u00e9, \u00c0ngel Gelabert i Cesc Pellisser; i es vinculen professionalment \u00a0<span style=\"color: #000000;\"><strong>Es Claustre<\/strong><\/span>\u00a0en l&#8217;oficina de management i producci\u00f3 que estrenem com a nou projecte de gesti\u00f3 i productora de continguts.<\/p>\n<p>&nbsp;<\/p>\n<\/div>\n<\/div>\n<\/div>\n<p>Veniu a escoltar-los en un concert\u00a0que sonar\u00e0 a estiu, a \u2018verbena\u2019 i a acampada a la platja.<\/p>\n<\/div>\n<p>&nbsp;<\/p>\n<\/div>\n<\/div>\n<p><iframe title=\"YouTube video player\" src=\"https:\/\/www.youtube.com\/embed\/hr71jZ4v8i0\" width=\"560\" height=\"315\" frameborder=\"0\" allowfullscreen=\"allowfullscreen\"><\/iframe><\/p>\n<p>[\/et_pb_text][et_pb_text admin_label=\u00bbText \u2217 COVID-19_ CAT\u00bb _builder_version=\u00bb3.0.64&#8243; background_layout=\u00bblight\u00bb text_orientation=\u00bbleft\u00bb border_style=\u00bbdashed\u00bb saved_tabs=\u00bball\u00bb border_width=\u00bb0px\u00bb]<\/p>\n<p>&nbsp;<\/p>\n<p><strong><span style=\"color: #ff0000;\">\u2217 COVID-19<\/span><\/strong> <span style=\"color: #000000;\">Accepto que en nom i representaci\u00f3 propis, a l\u2019adquirir entrades per assistir <strong>Es Claustre<\/strong>: Conec la situaci\u00f3 d\u2019emerg\u00e8ncia sanit\u00e0ria causada per la malaltia infecciosa COVID-19, la simptomatologia i les recomanacions sanit\u00e0ries respecte les mesures d\u2019a\u00efllament i distanciament social com la manera m\u00e9s efectiva per evitar l\u2019exposici\u00f3 al virus. De tal manera, accepto que estic informat i comprom\u00e8s amb les mesures organitzatives i preventives per minimitzar el contacte entre persones i reduir aix\u00ed les oportunitats de contagi de la malaltia. <\/span><\/p>\n<p><strong><span style=\"color: #000000;\">Pol\u00edtica d\u2019acc\u00e9s<\/span><\/strong><br \/>\n<span style=\"color: #000000;\">D\u2019acord amb les autoritats sanit\u00e0ries i les pr\u00f2pies indicacions de l\u2019Ajuntament:<\/span><span style=\"color: #000000;\">* Ens adaptarem a les recomanacions de les instituciones competents en materia de normativa sanit\u00e0ria en el moment de l\u2019esdeveniment.<\/span><br \/>\n<span style=\"color: #000000;\">* L\u2019aforament ser\u00e0 limitat.<\/span><br \/>\n<span style=\"color: #000000;\">* S\u2019ha de respetar la dist\u00e0ncia de seguretat tant a l\u2019entrada com dins el recinte.<\/span><br \/>\n<span style=\"color: #000000;\">* Les cadires no es podran moure de la seva ubicaci\u00f3 inicial o regulat pels t\u00e8cnics de sala.<\/span><br \/>\n<span style=\"color: #000000;\">* L\u2019organitzaci\u00f3 es reserva el dret d\u2019admissi\u00f3.<\/span><\/p>\n<p>&nbsp;<\/p>\n<p>[\/et_pb_text][\/et_pb_column_inner][\/et_pb_row_inner][\/et_pb_column][et_pb_column type=\u00bb1_4&#8243;][et_pb_customEventMetaFields admin_label=\u00bbEsClaustre Camps Event\u00bb _builder_version=\u00bb3.0.51&#8243; location=\u00bbon\u00bb schedule=\u00bbon\u00bb price=\u00bbon\u00bb module_class=\u00bbappendTo_tribe-events-infoBlocks_landscape\u00bb \/][et_pb_button _builder_version=\u00bb3.0.64&#8243; button_text=\u00bbComprar\u00bb url_new_window=\u00bbon\u00bb button_alignment=\u00bbcenter\u00bb background_layout=\u00bblight\u00bb custom_button=\u00bboff\u00bb button_text_color=\u00bb#ffffff\u00bb button_bg_color=\u00bb#f92b44&#8243; button_border_width=\u00bb0&#8243; button_border_radius=\u00bb0&#8243; button_letter_spacing=\u00bb0&#8243; button_icon_placement=\u00bbright\u00bb button_letter_spacing_hover=\u00bb0&#8243; module_class=\u00bbbtn-ticket appendTo_tribe-events-infoBlocks_landscape\u00bb button_url=\u00bbhttps:\/\/entradas.codetickets.com\/entradas\/verlaat_2447\/17957\/esclaustre\/online?lang=ca_ES\u00bb \/][et_pb_customEventCategories _builder_version=\u00bb3.0.51&#8243; \/][et_pb_customEventTags _builder_version=\u00bb3.0.51&#8243; \/][\/et_pb_column][\/]<\/p>\n","protected":false},"excerpt":{"rendered":"<p>[CAMBIO DE FECHA] \u00abVerlaat\u00bb borbs, nit i dia, cal dimoni, juriol s&#8217;allarga&#8230;Veniu a escoltar un concert\u00a0que sonar\u00e0 a estiu, a \u2018verbena\u2019 i a acampada a la platja.<\/p>\n","protected":false},"author":1,"featured_media":12673,"template":"","meta":{"_acf_changed":false,"_tribe_events_status":"","_tribe_events_status_reason":"","_tribe_events_is_hybrid":"","_tribe_events_is_virtual":"","_tribe_events_virtual_video_source":"","_tribe_events_virtual_embed_video":"","_tribe_events_virtual_linked_button_text":"","_tribe_events_virtual_linked_button":"","_tribe_events_virtual_show_embed_at":"","_tribe_events_virtual_show_embed_to":[],"_tribe_events_virtual_show_on_event":"","_tribe_events_virtual_show_on_views":"","_tribe_events_virtual_url":"","footnotes":""},"tags":[211,130],"tribe_events_cat":[1424,410,111],"class_list":["post-12675","tribe_events","type-tribe_events","status-publish","has-post-thumbnail","hentry","tag-menorca-es","tag-pop-es","tribe_events_cat-agenda-menorca-es","tribe_events_cat-cultura-es","tribe_events_cat-musica-es","cat_agenda-menorca-es","cat_cultura-es","cat_musica-es"],"acf":[],"_links":{"self":[{"href":"https:\/\/esclaustre.com\/es\/wp-json\/wp\/v2\/tribe_events\/12675","targetHints":{"allow":["GET"]}}],"collection":[{"href":"https:\/\/esclaustre.com\/es\/wp-json\/wp\/v2\/tribe_events"}],"about":[{"href":"https:\/\/esclaustre.com\/es\/wp-json\/wp\/v2\/types\/tribe_events"}],"author":[{"embeddable":true,"href":"https:\/\/esclaustre.com\/es\/wp-json\/wp\/v2\/users\/1"}],"version-history":[{"count":0,"href":"https:\/\/esclaustre.com\/es\/wp-json\/wp\/v2\/tribe_events\/12675\/revisions"}],"wp:featuredmedia":[{"embeddable":true,"href":"https:\/\/esclaustre.com\/es\/wp-json\/wp\/v2\/media\/12673"}],"wp:attachment":[{"href":"https:\/\/esclaustre.com\/es\/wp-json\/wp\/v2\/media?parent=12675"}],"wp:term":[{"taxonomy":"post_tag","embeddable":true,"href":"https:\/\/esclaustre.com\/es\/wp-json\/wp\/v2\/tags?post=12675"},{"taxonomy":"tribe_events_cat","embeddable":true,"href":"https:\/\/esclaustre.com\/es\/wp-json\/wp\/v2\/tribe_events_cat?post=12675"}],"curies":[{"name":"wp","href":"https:\/\/api.w.org\/{rel}","templated":true}]}}