{"id":1435,"date":"2017-07-15T18:34:06","date_gmt":"2017-07-15T18:34:06","guid":{"rendered":"https:\/\/esclaustre.com\/event\/javier-alvarez-i-bruno-sotos\/"},"modified":"2017-07-24T17:31:28","modified_gmt":"2017-07-24T17:31:28","slug":"javier-alvarez-i-bruno-sotos","status":"publish","type":"tribe_events","link":"https:\/\/esclaustre.com\/es\/event\/javier-alvarez-i-bruno-sotos\/","title":{"rendered":"Javier \u00c1lvarez i Bruno Sotos"},"content":{"rendered":"<p>[ bb_built=\u00bb1&#8243; fullwidth=\u00bboff\u00bb specialty=\u00bbon\u00bb][et_pb_column type=\u00bb3_4&#8243; specialty_columns=\u00bb3&#8243;][et_pb_row_inner admin_label=\u00bbRow\u00bb _builder_version=\u00bb3.0.51&#8243; background_position_1=\u00bbtop_left\u00bb background_repeat_1=\u00bbno-repeat\u00bb module_class=\u00bbtribe-events-content__img\u00bb][et_pb_column_inner type=\u00bb4_4&#8243; saved_specialty_column_type=\u00bb3_4&#8243;][et_pb_image _builder_version=\u00bb3.0.61&#8243; src=\u00bbhttps:\/\/esclaustre.com\/wp-content\/uploads\/2017\/07\/Javier-Alvarez.jpg\u00bb show_in_lightbox=\u00bboff\u00bb url_new_window=\u00bboff\u00bb use_overlay=\u00bboff\u00bb sticky=\u00bboff\u00bb align=\u00bbleft\u00bb always_center_on_mobile=\u00bbon\u00bb border_style=\u00bbsolid\u00bb force_fullwidth=\u00bboff\u00bb \/][\/et_pb_column_inner][\/et_pb_row_inner][et_pb_row_inner admin_label=\u00bbRow\u00bb _builder_version=\u00bb3.0.51&#8243; background_position_1=\u00bbtop_left\u00bb background_repeat_1=\u00bbno-repeat\u00bb module_class=\u00bbtribe-events-content__content\u00bb][et_pb_column_inner type=\u00bb4_4&#8243; saved_specialty_column_type=\u00bb3_4&#8243;][et_pb_code _builder_version=\u00bb3.0.51&#8243;][socialpug_share][\/et_pb_code][et_pb_text _builder_version=\u00bb3.0.61&#8243; background_layout=\u00bblight\u00bb text_orientation=\u00bbleft\u00bb border_style=\u00bbsolid\u00bb]<\/p>\n<p><strong>Javier \u00c1lvarez<\/strong> vuelve con un recorrido por toda la discograf\u00eda del ecl\u00e9ctico e inclasificable cantabailautor madrile\u00f1o con alguna que otra sorpresa y la presentaci\u00f3n de dos discos nuevos.<\/p>\n<p>En esta ocasi\u00f3n viene acompa\u00f1ado del cantante mallorqu\u00edn <strong>Bruno Sotos<\/strong>. No os lo perd\u00e1is!<\/p>\n<p>&nbsp;<\/p>\n<p><iframe src=\"https:\/\/www.youtube.com\/embed\/cUbzXocMDM4?ecver=1\" width=\"560\" height=\"315\" frameborder=\"0\" allowfullscreen=\"allowfullscreen\"><\/iframe><\/p>\n<p>&nbsp;<\/p>\n<p><a href=\"http:\/\/www.alvarezjavier.com\" target=\"_blank\" rel=\"noopener\">www.alvarezjavier.com<\/a><\/p>\n<p>[\/et_pb_text][\/et_pb_column_inner][\/et_pb_row_inner][\/et_pb_column][et_pb_column type=\u00bb1_4&#8243;][et_pb_customEventMetaFields admin_label=\u00bbEsClaustre Camps Event\u00bb _builder_version=\u00bb3.0.51&#8243; location=\u00bbon\u00bb schedule=\u00bbon\u00bb price=\u00bbon\u00bb module_class=\u00bbappendTo_tribe-events-infoBlocks_landscape\u00bb \/][et_pb_button _builder_version=\u00bb3.0.61&#8243; button_text=\u00bbComprar\u00bb button_url=\u00bbhttps:\/\/entradas.codetickets.com\/entradas\/javier-alvarez-i-bruno-sotos\/1850\/esclaustre\/online\u00bb url_new_window=\u00bbon\u00bb button_alignment=\u00bbcenter\u00bb background_layout=\u00bblight\u00bb custom_button=\u00bboff\u00bb button_text_color=\u00bb#ffffff\u00bb button_bg_color=\u00bb#f92b44&#8243; button_border_width=\u00bb0&#8243; button_border_radius=\u00bb0&#8243; button_letter_spacing=\u00bb0&#8243; button_icon_placement=\u00bbright\u00bb button_letter_spacing_hover=\u00bb0&#8243; module_class=\u00bbbtn-ticket appendTo_tribe-events-infoBlocks_landscape\u00bb \/][et_pb_customEventCategories _builder_version=\u00bb3.0.51&#8243; \/][et_pb_customEventTags _builder_version=\u00bb3.0.51&#8243; \/][\/et_pb_column][\/]<\/p>\n","protected":false},"excerpt":{"rendered":"<p>Javier \u00c1lvarez i Bruno Sotos se presentan en Menorca.<\/p>\n","protected":false},"author":1,"featured_media":1241,"template":"","meta":{"_acf_changed":false,"_tribe_events_status":"","_tribe_events_status_reason":"","_tribe_events_is_hybrid":"","_tribe_events_is_virtual":"","_tribe_events_virtual_video_source":"","_tribe_events_virtual_embed_video":"","_tribe_events_virtual_linked_button_text":"","_tribe_events_virtual_linked_button":"","_tribe_events_virtual_show_embed_at":"","_tribe_events_virtual_show_embed_to":[],"_tribe_events_virtual_show_on_event":"","_tribe_events_virtual_show_on_views":"","_tribe_events_virtual_url":"","footnotes":""},"tags":[224,225,129],"tribe_events_cat":[111],"class_list":["post-1435","tribe_events","type-tribe_events","status-publish","has-post-thumbnail","hentry","tag-bailautor-es","tag-madrid-es","tag-mallorca-es","tribe_events_cat-musica-es","cat_musica-es"],"acf":[],"_links":{"self":[{"href":"https:\/\/esclaustre.com\/es\/wp-json\/wp\/v2\/tribe_events\/1435","targetHints":{"allow":["GET"]}}],"collection":[{"href":"https:\/\/esclaustre.com\/es\/wp-json\/wp\/v2\/tribe_events"}],"about":[{"href":"https:\/\/esclaustre.com\/es\/wp-json\/wp\/v2\/types\/tribe_events"}],"author":[{"embeddable":true,"href":"https:\/\/esclaustre.com\/es\/wp-json\/wp\/v2\/users\/1"}],"version-history":[{"count":0,"href":"https:\/\/esclaustre.com\/es\/wp-json\/wp\/v2\/tribe_events\/1435\/revisions"}],"wp:featuredmedia":[{"embeddable":true,"href":"https:\/\/esclaustre.com\/es\/wp-json\/wp\/v2\/media\/1241"}],"wp:attachment":[{"href":"https:\/\/esclaustre.com\/es\/wp-json\/wp\/v2\/media?parent=1435"}],"wp:term":[{"taxonomy":"post_tag","embeddable":true,"href":"https:\/\/esclaustre.com\/es\/wp-json\/wp\/v2\/tags?post=1435"},{"taxonomy":"tribe_events_cat","embeddable":true,"href":"https:\/\/esclaustre.com\/es\/wp-json\/wp\/v2\/tribe_events_cat?post=1435"}],"curies":[{"name":"wp","href":"https:\/\/api.w.org\/{rel}","templated":true}]}}