{"id":1464,"date":"2017-07-04T12:24:47","date_gmt":"2017-07-04T12:24:47","guid":{"rendered":"https:\/\/esclaustre.com\/event\/mallorca-gay-mens-chorus\/"},"modified":"2017-07-04T12:24:47","modified_gmt":"2017-07-04T12:24:47","slug":"mallorca-gay-mens-chorus","status":"publish","type":"tribe_events","link":"https:\/\/esclaustre.com\/es\/event\/mallorca-gay-mens-chorus\/","title":{"rendered":"MALLORCA GAY MEN\u2019S CHORUS"},"content":{"rendered":"<p>[ bb_built=\u00bb1&#8243; admin_label=\u00bbsection\u00bb _builder_version=\u00bb3.0.51&#8243; module_class=\u00bbeventPost__vertical\u00bb][et_pb_row admin_label=\u00bbrow\u00bb background_position=\u00bbtop_left\u00bb background_repeat=\u00bbrepeat\u00bb background_size=\u00bbinitial\u00bb _builder_version=\u00bb3.0.51&#8243; background_position_1=\u00bbtop_left\u00bb background_repeat_1=\u00bbno-repeat\u00bb background_position_2=\u00bbtop_left\u00bb background_repeat_2=\u00bbno-repeat\u00bb module_class_1=\u00bbeventPost__vertical__img\u00bb module_class_2=\u00bbeventPost__vertical__img_content\u00bb make_equal=\u00bbon\u00bb][et_pb_column type=\u00bb1_2&#8243;][et_pb_image admin_label=\u00bbImage\u00bb _builder_version=\u00bb3.0.51&#8243; src=\u00bbhttps:\/\/esclaustre.com\/wp-content\/uploads\/2017\/07\/MALLORCA-GAY-MEN\u2019S-CHORUS.jpg\u00bb show_in_lightbox=\u00bboff\u00bb url_new_window=\u00bboff\u00bb use_overlay=\u00bboff\u00bb sticky=\u00bbon\u00bb align=\u00bbleft\u00bb always_center_on_mobile=\u00bbon\u00bb border_style=\u00bbsolid\u00bb force_fullwidth=\u00bboff\u00bb \/][\/et_pb_column][et_pb_column type=\u00bb1_2&#8243;][et_pb_customEventMetaFields admin_label=\u00bbEs Claustre Camps Event\u00bb _builder_version=\u00bb3.0.51&#8243; location=\u00bbon\u00bb schedule=\u00bbon\u00bb price=\u00bbon\u00bb \/][et_pb_text admin_label=\u00bbDades generals de la pelicula\u00bb _builder_version=\u00bb3.0.51&#8243; background_layout=\u00bblight\u00bb text_orientation=\u00bbleft\u00bb border_style=\u00bbsolid\u00bb module_class=\u00bbpostEvent_cine__block\u00bb]<\/p>\n<h1>MALLORCA GAY ME&#8217;NS CHORUS<\/h1>\n<p>[\/et_pb_text][et_pb_customEventCategories admin_label=\u00bbCategories\u00bb _builder_version=\u00bb3.0.51&#8243; \/][et_pb_customEventTags admin_label=\u00bbTags\u00bb _builder_version=\u00bb3.0.51&#8243; \/][et_pb_text admin_label=\u00bbPremis + Link Trailer\u00bb _builder_version=\u00bb3.0.51&#8243; background_layout=\u00bblight\u00bb text_orientation=\u00bbleft\u00bb border_style=\u00bbsolid\u00bb module_class=\u00bbpostEvent_cine__block\u00bb]<\/p>\n<p>Despu\u00e9s de dos a\u00f1os sobre los escenarios se confirma: este grupo de amigos que en octubre de 2012 se juntaron para llevar a cabo un nuevo proyecto musical, parece que dieron en el clavo. Nac\u00eda entonces el <a href=\"https:\/\/www.facebook.com\/mallorcagaymenschorus\" target=\"_blank\" rel=\"noopener\">Mallorca Gay Men\u2019s Chorus<\/a>, un coro compuesto \u00edntegramente por voces masculinas y que buscaba (y sigue buscando) hacer algo diferente dentro de la m\u00fasica coral.<\/p>\n<p>Aunque la palabra \u201cgay\u201d figura en el nombre, no es una formaci\u00f3n cerrada solo a homosexuales. Cualquier hombre puede formar parte de la misma, siempre que comparta pasi\u00f3n, ganas de disfrutar cantando y, como no, est\u00e9 dispuesto a colaborar en todos las actividades, eventos y asociaciones dedicadas a ayudar y favorecerla integraci\u00f3n y \u00a0los derechos humanos: D\u00eda del Orgullo LGTB, D\u00eda Internacional de la Lucha Contra el SIDA, Fundaci\u00f3 Santo Joan de Deu, SOS Mamas\u2026.<\/p>\n<p>[\/et_pb_text][et_pb_code admin_label=\u00bbCompartir\u00bb _builder_version=\u00bb3.0.51&#8243; module_class=\u00bbpostEvent_cine__block__Share\u00bb][socialpug_share][\/et_pb_code][\/et_pb_column][\/et_pb_row][et_pb_row admin_label=\u00bbRow\u00bb background_position=\u00bbtop_left\u00bb background_repeat=\u00bbrepeat\u00bb background_size=\u00bbinitial\u00bb _builder_version=\u00bb3.0.51&#8243; background_position_1=\u00bbtop_left\u00bb background_repeat_1=\u00bbno-repeat\u00bb background_position_2=\u00bbtop_left\u00bb background_repeat_2=\u00bbno-repeat\u00bb module_class=\u00bbeventPost__vertical__content\u00bb][et_pb_column type=\u00bb2_3&#8243;][et_pb_text admin_label=\u00bbText\u00bb _builder_version=\u00bb3.0.51&#8243; background_layout=\u00bblight\u00bb text_orientation=\u00bbleft\u00bb border_style=\u00bbsolid\u00bb]<\/p>\n<div class=\"page\" title=\"Page 5\">\n<div class=\"section\">\n<div class=\"layoutArea\">\n<div class=\"column\">\n<h3><strong>MA\u00d3 AMB ORGULL LGTBI<\/strong><\/h3>\n<p>Un coro de m\u00e1s de 30 coristas y m\u00fasicos en directo, cantando y bailando de una forma como nunca antes hab\u00edas visto. Acompa\u00f1ado de luces, proyecciones, fiesta y un mensaje: recorramos ese camino que nos llevar\u00e1 desde donde estamos a donde queremos llegar, a nuestro lugar en el mundo.<\/p>\n<div class=\"page\" title=\"Page 4\">\n<div class=\"layoutArea\">\n<div class=\"column\">\n<p>M\u00e1s de 60 actuaciones y conciertos, m\u00e1s de 16.000 espectadores, actuaciones internacionales&#8230;Espect\u00e1culo, baile y fiesta dirigidos por el director <strong>Joan La\u00ednez<\/strong>.<\/p>\n<p>&nbsp;<\/p>\n<\/div>\n<\/div>\n<\/div>\n<p><a href=\"http:\/\/www.mgmc.es\" target=\"_blank\" rel=\"noopener\">www.mgmc.es<\/a><\/p>\n<\/div>\n<\/div>\n<\/div>\n<\/div>\n<p>[\/et_pb_text][\/et_pb_column][et_pb_column type=\u00bb1_3&#8243;][et_pb_text admin_label=\u00bbFitxa t\u00e8cnica\u00bb _builder_version=\u00bb3.0.51&#8243; background_layout=\u00bblight\u00bb text_orientation=\u00bbleft\u00bb border_style=\u00bbsolid\u00bb module_class=\u00bbpostEvent_content__technicalData\u00bb]<\/p>\n<h3><strong>EL DIRECTOR<\/strong><\/h3>\n<p><strong>Joan La\u00ednez<\/strong> nace en Llucmajor, y comienza sus estudios de m\u00fasica a los 7 a\u00f1os con la profesora Ant\u00f2nia Noguera, continu\u00e1ndolos en el Conservatorio Profesional de M\u00fasica y Danza de Mallorca estudiando Piano bajo la supervisi\u00f3n de Margalida Palou y Miquel Segura. Posteriormente se traslada a Barcelona y sigue completando sus conocimientos con la pedagoga y music\u00f3loga Carmen Poch.<\/p>\n<p>Actualmente dirige diferentes formaciones corales: Cor de Pollen\u00e7a, Cor ciutat de Mallorca, Mallorca Gay Men\u2019s Chorus, Noname Chorus, Teen Spirit Chorus y un proyecto social con Quatre vents, el coro infantil de El Terreno.<\/p>\n<p>Con el Mallorca Gay Men\u2019s Chorus ha realizado cerca de setenta conciertos y actuaciones en apenas tres a\u00f1os, con m\u00e1s de 15.000 espectadores en la isla de Mallorca. Ha participado, adem\u00e1s, en el programa de televisi\u00f3n nacional \u201cAlaska y Coronas\u201d, junto a La Terremoto de Alcorc\u00f3n y en el concierto en el Cadogan Hall de Londres, invitados por el coro Pink Singers.<\/p>\n<p>[\/et_pb_text][\/et_pb_column][\/et_pb_row][\/]<\/p>\n","protected":false},"excerpt":{"rendered":"<p>MALLORCA GAY MEN\u2019S CHORUS<\/p>\n","protected":false},"author":1,"featured_media":1207,"template":"","meta":{"_acf_changed":false,"_tribe_events_status":"","_tribe_events_status_reason":"","_tribe_events_is_hybrid":"","_tribe_events_is_virtual":"","_tribe_events_virtual_video_source":"","_tribe_events_virtual_embed_video":"","_tribe_events_virtual_linked_button_text":"","_tribe_events_virtual_linked_button":"","_tribe_events_virtual_show_embed_at":"","_tribe_events_virtual_show_embed_to":[],"_tribe_events_virtual_show_on_event":"","_tribe_events_virtual_show_on_views":"","_tribe_events_virtual_url":"","footnotes":""},"tags":[240,241,242],"tribe_events_cat":[111],"class_list":["post-1464","tribe_events","type-tribe_events","status-publish","has-post-thumbnail","hentry","tag-coral-es","tag-lgtbi-es","tag-mallorca-gay-es","tribe_events_cat-musica-es","cat_musica-es"],"acf":[],"_links":{"self":[{"href":"https:\/\/esclaustre.com\/es\/wp-json\/wp\/v2\/tribe_events\/1464","targetHints":{"allow":["GET"]}}],"collection":[{"href":"https:\/\/esclaustre.com\/es\/wp-json\/wp\/v2\/tribe_events"}],"about":[{"href":"https:\/\/esclaustre.com\/es\/wp-json\/wp\/v2\/types\/tribe_events"}],"author":[{"embeddable":true,"href":"https:\/\/esclaustre.com\/es\/wp-json\/wp\/v2\/users\/1"}],"version-history":[{"count":0,"href":"https:\/\/esclaustre.com\/es\/wp-json\/wp\/v2\/tribe_events\/1464\/revisions"}],"wp:featuredmedia":[{"embeddable":true,"href":"https:\/\/esclaustre.com\/es\/wp-json\/wp\/v2\/media\/1207"}],"wp:attachment":[{"href":"https:\/\/esclaustre.com\/es\/wp-json\/wp\/v2\/media?parent=1464"}],"wp:term":[{"taxonomy":"post_tag","embeddable":true,"href":"https:\/\/esclaustre.com\/es\/wp-json\/wp\/v2\/tags?post=1464"},{"taxonomy":"tribe_events_cat","embeddable":true,"href":"https:\/\/esclaustre.com\/es\/wp-json\/wp\/v2\/tribe_events_cat?post=1464"}],"curies":[{"name":"wp","href":"https:\/\/api.w.org\/{rel}","templated":true}]}}