{"id":1469,"date":"2017-06-21T07:25:05","date_gmt":"2017-06-21T07:25:05","guid":{"rendered":"https:\/\/esclaustre.com\/event\/carles-viarnes\/"},"modified":"2017-06-21T07:25:05","modified_gmt":"2017-06-21T07:25:05","slug":"carles-viarnes","status":"publish","type":"tribe_events","link":"https:\/\/esclaustre.com\/es\/event\/carles-viarnes\/","title":{"rendered":"Carles Viarn\u00e8s"},"content":{"rendered":"<p>[ bb_built=\u00bb1&#8243; admin_label=\u00bbSection\u00bb fullwidth=\u00bboff\u00bb specialty=\u00bbon\u00bb][et_pb_column type=\u00bb3_4&#8243; specialty_columns=\u00bb3&#8243;][et_pb_row_inner admin_label=\u00bbRow\u00bb _builder_version=\u00bb3.0.51&#8243; background_position_1=\u00bbtop_left\u00bb background_repeat_1=\u00bbno-repeat\u00bb module_class=\u00bbtribe-events-content__img\u00bb][et_pb_column_inner type=\u00bb4_4&#8243; saved_specialty_column_type=\u00bb3_4&#8243;][et_pb_image admin_label=\u00bbImage\u00bb _builder_version=\u00bb3.0.51&#8243; src=\u00bbhttps:\/\/esclaustre.com\/wp-content\/uploads\/2017\/06\/Carles-Viarn\u00e9s.jpg\u00bb show_in_lightbox=\u00bboff\u00bb url_new_window=\u00bboff\u00bb use_overlay=\u00bboff\u00bb sticky=\u00bboff\u00bb align=\u00bbleft\u00bb always_center_on_mobile=\u00bbon\u00bb border_style=\u00bbsolid\u00bb force_fullwidth=\u00bboff\u00bb \/][\/et_pb_column_inner][\/et_pb_row_inner][et_pb_row_inner admin_label=\u00bbRow\u00bb _builder_version=\u00bb3.0.51&#8243; background_position_1=\u00bbtop_left\u00bb background_repeat_1=\u00bbno-repeat\u00bb module_class=\u00bbtribe-events-content__content\u00bb][et_pb_column_inner type=\u00bb4_4&#8243; saved_specialty_column_type=\u00bb3_4&#8243;][et_pb_code admin_label=\u00bbCode\u00bb _builder_version=\u00bb3.0.51&#8243;][socialpug_share][\/et_pb_code][et_pb_text admin_label=\u00bbText\u00bb _builder_version=\u00bb3.0.51&#8243; background_layout=\u00bblight\u00bb text_orientation=\u00bbleft\u00bb border_style=\u00bbsolid\u00bb]<\/p>\n<p>Pianista i compositor de formaci\u00f3 eminentment cl\u00e0ssica. El seu bagatge estil\u00edstic \u00e9s ampli, de Bach a P\u00e4rt, passant per Gorecki, Camar\u00f3n, Davis o\u00a0Haden, encara\u00a0que la seva obra es centra est\u00e8ticament en el terreny de la m\u00fasica contempor\u00e0nia i el minimalisme, amb tocs subtils de l\u2019est\u00e8tica\u00a0electr\u00f2nica i experimental actuals.<\/p>\n<p>El seu proc\u00e9s natural de composici\u00f3 est\u00e0 influ\u00eft en gran mesura per la improvisaci\u00f3 i el piano contemporani de Peter Broderick, Goldmund o Nils\u00a0Frahm. Les seves simples &#8216;peces per a piano&#8217;, evocadores i \u00edntimes, amb els seus febles desenvolupaments, dibuixen uns paisatges lents, quasi\u00a0est\u00e0tics.<\/p>\n<p>En directe, <strong>Carles Viarn\u00e8s<\/strong> es presenta auster per\u00f2 emotiu, capa\u00e7 de crear ambients melanc\u00f2lics i fr\u00e0gils, amb diversos pianos fluint\u00a0simult\u00e0niament, a trav\u00e9s dels quals es trasllueix el ventall que va des dels passatges m\u00e9s cinematogr\u00e0fics de E.S.T. o The Montgolfier Brothers\u00a0fins a Flim.<\/p>\n<p><a href=\"http:\/\/www.carlesviarnes.com\" target=\"_blank\" rel=\"noopener\">www.carlesviarnes.com<\/a><\/p>\n<p>[\/et_pb_text][\/et_pb_column_inner][\/et_pb_row_inner][\/et_pb_column][et_pb_column type=\u00bb1_4&#8243;][et_pb_customEventMetaFields admin_label=\u00bbEsClaustre Camps Event\u00bb _builder_version=\u00bb3.0.51&#8243; location=\u00bbon\u00bb schedule=\u00bbon\u00bb price=\u00bbon\u00bb module_class=\u00bbappendTo_tribe-events-infoBlocks_landscape\u00bb \/][et_pb_button admin_label=\u00bbButton\u00bb _builder_version=\u00bb3.0.51&#8243; button_text=\u00bbComprar\u00bb url_new_window=\u00bbon\u00bb button_alignment=\u00bbcenter\u00bb background_layout=\u00bblight\u00bb custom_button=\u00bboff\u00bb button_text_color=\u00bb#ffffff\u00bb button_bg_color=\u00bb#f92b44&#8243; button_border_width=\u00bb0&#8243; button_border_radius=\u00bb0&#8243; button_letter_spacing=\u00bb0&#8243; button_icon_placement=\u00bbright\u00bb button_letter_spacing_hover=\u00bb0&#8243; module_class=\u00bbbtn-ticket appendTo_tribe-events-infoBlocks_landscape\u00bb \/][et_pb_customEventCategories admin_label=\u00bbEs Claustre Categories Event\u00bb _builder_version=\u00bb3.0.51&#8243; \/][et_pb_customEventTags admin_label=\u00bbEs Claustre Tags Event\u00bb _builder_version=\u00bb3.0.51&#8243; \/][\/et_pb_column][\/]<\/p>\n","protected":false},"excerpt":{"rendered":"<p>Les composiciones d&#8217;en Carles Viarn\u00e8ss arriben a Es Claustre.<\/p>\n","protected":false},"author":1,"featured_media":579,"template":"","meta":{"_acf_changed":false,"_tribe_events_status":"","_tribe_events_status_reason":"","_tribe_events_is_hybrid":"","_tribe_events_is_virtual":"","_tribe_events_virtual_video_source":"","_tribe_events_virtual_embed_video":"","_tribe_events_virtual_linked_button_text":"","_tribe_events_virtual_linked_button":"","_tribe_events_virtual_show_embed_at":"","_tribe_events_virtual_show_embed_to":[],"_tribe_events_virtual_show_on_event":"","_tribe_events_virtual_show_on_views":"","_tribe_events_virtual_url":"","footnotes":""},"tags":[],"tribe_events_cat":[111],"class_list":["post-1469","tribe_events","type-tribe_events","status-publish","has-post-thumbnail","hentry","tribe_events_cat-musica-es","cat_musica-es"],"acf":[],"_links":{"self":[{"href":"https:\/\/esclaustre.com\/es\/wp-json\/wp\/v2\/tribe_events\/1469","targetHints":{"allow":["GET"]}}],"collection":[{"href":"https:\/\/esclaustre.com\/es\/wp-json\/wp\/v2\/tribe_events"}],"about":[{"href":"https:\/\/esclaustre.com\/es\/wp-json\/wp\/v2\/types\/tribe_events"}],"author":[{"embeddable":true,"href":"https:\/\/esclaustre.com\/es\/wp-json\/wp\/v2\/users\/1"}],"version-history":[{"count":0,"href":"https:\/\/esclaustre.com\/es\/wp-json\/wp\/v2\/tribe_events\/1469\/revisions"}],"wp:featuredmedia":[{"embeddable":true,"href":"https:\/\/esclaustre.com\/es\/wp-json\/wp\/v2\/media\/579"}],"wp:attachment":[{"href":"https:\/\/esclaustre.com\/es\/wp-json\/wp\/v2\/media?parent=1469"}],"wp:term":[{"taxonomy":"post_tag","embeddable":true,"href":"https:\/\/esclaustre.com\/es\/wp-json\/wp\/v2\/tags?post=1469"},{"taxonomy":"tribe_events_cat","embeddable":true,"href":"https:\/\/esclaustre.com\/es\/wp-json\/wp\/v2\/tribe_events_cat?post=1469"}],"curies":[{"name":"wp","href":"https:\/\/api.w.org\/{rel}","templated":true}]}}