{"id":1485,"date":"2017-06-20T16:23:39","date_gmt":"2017-06-20T16:23:39","guid":{"rendered":"https:\/\/esclaustre.com\/event\/lequilibriste\/"},"modified":"2017-06-20T16:23:39","modified_gmt":"2017-06-20T16:23:39","slug":"lequilibriste","status":"publish","type":"tribe_events","link":"https:\/\/esclaustre.com\/es\/event\/lequilibriste\/","title":{"rendered":"L\u2019\u00c9quilibriste"},"content":{"rendered":"<p>[ bb_built=\u00bb1&#8243; admin_label=\u00bbSection\u00bb fullwidth=\u00bboff\u00bb specialty=\u00bbon\u00bb][et_pb_column type=\u00bb3_4&#8243; specialty_columns=\u00bb3&#8243;][et_pb_row_inner admin_label=\u00bbRow\u00bb _builder_version=\u00bb3.0.51&#8243; background_position_1=\u00bbtop_left\u00bb background_repeat_1=\u00bbno-repeat\u00bb module_class=\u00bbtribe-events-content__img\u00bb][et_pb_column_inner type=\u00bb4_4&#8243; saved_specialty_column_type=\u00bb3_4&#8243;][et_pb_image admin_label=\u00bbImage\u00bb _builder_version=\u00bb3.0.51&#8243; src=\u00bbhttps:\/\/esclaustre.com\/wp-content\/uploads\/2017\/06\/L\u2019\u00c9quilibriste.jpg\u00bb show_in_lightbox=\u00bboff\u00bb url_new_window=\u00bboff\u00bb use_overlay=\u00bboff\u00bb sticky=\u00bboff\u00bb align=\u00bbleft\u00bb always_center_on_mobile=\u00bbon\u00bb border_style=\u00bbsolid\u00bb force_fullwidth=\u00bboff\u00bb \/][\/et_pb_column_inner][\/et_pb_row_inner][et_pb_row_inner admin_label=\u00bbRow\u00bb _builder_version=\u00bb3.0.51&#8243; background_position_1=\u00bbtop_left\u00bb background_repeat_1=\u00bbno-repeat\u00bb module_class=\u00bbtribe-events-content__content\u00bb][et_pb_column_inner type=\u00bb4_4&#8243; saved_specialty_column_type=\u00bb3_4&#8243;][et_pb_code admin_label=\u00bbCode\u00bb _builder_version=\u00bb3.0.51&#8243;][socialpug_share][\/et_pb_code][et_pb_text admin_label=\u00bbText\u00bb _builder_version=\u00bb3.0.51&#8243; background_layout=\u00bblight\u00bb text_orientation=\u00bbleft\u00bb border_style=\u00bbsolid\u00bb]<\/p>\n<p>Des de 2007 L\u2019\u00c9quilibriste passeja pels escenaris la seva proposta musical amb nombroses actuacions a Mallorca i arribant a ciutats com Reus o Barcelona. La formaci\u00f3 est\u00e0 composta actualment per Joan Toni Fuster (veu principal, guitarres, banjo, etc.), Albert Riutort (guitarres, cors, banjo, etc.), Alberto Feo (teclats, acordi\u00f3 i cors), Joan Jaume (baix, percussions i cors) i V\u00edctor Granados (bateria, percussions i Glockenspiel).<\/p>\n<p>Si b\u00e9 \u00e9s cert que als seus inicis discogr\u00e0fics amb <em>Qu\u00e8 en saps tu, de bicicletes i parafangos?<\/em> (Flor y Nata Records, 2009) van tenir una marcada influ\u00e8ncia del rock de \u201cporxada\u201d i m\u00e9s guitarrer, el pas del temps i l\u2019edici\u00f3 dels treballs posteriors \u2014<em>Que sea la \u00faltima vez que<\/em> <em>te veo con una silla volando<\/em> i <em>Ning\u00fa no sospitar\u00e0 que sempre s\u00f3n les set<\/em>, ambd\u00f3s de l\u2019any 2011, amb producci\u00f3 i edici\u00f3 a c\u00e0rrec del grup mateix\u2014 van apropar la seva m\u00fasica a terrenys m\u00e9s propis del folk americ\u00e0, sintetitzant en l\u2019estil del grup sons i instrumentacions nous que completen la mescla amb el rock m\u00e9s directe i ac\u00fastic i, fins i tot, amb algun toc d\u2019electr\u00f2nica.<\/p>\n<p>Aix\u00ed, en les can\u00e7ons d\u2019aquests dos treballs ja s\u2019hi comencen a recon\u00e8ixer les influ\u00e8ncies i maneres de fer noves que cristal\u00b7litzen en el seu pen\u00faltim treball, <em>Pluja-Tr\u00e0nsit-Sem\u00e0fors<\/em>. Guitarres, baixos, teclats i bateries es complementen amb una naturalitat total amb ukeleles, banjos, trompes, carillons, harm\u00f2niums o percussions electr\u00f2niques; un \u201csense parar\u201d d\u2019instruments que complementen una m\u00fasica plena de matisos, precisa i, a la vegada, apassionada. Les can\u00e7ons, totes compostes per Joan Toni Fuster i arranjades pel grup al complet, proposen un viatge al voltant de temes quotidians com la maduresa, l\u2019amor, la p\u00e8rdua o la independ\u00e8ncia de la vida \u00edntima com un gran tresor. Les lletres s\u00f3n properes, compromeses, de vegades d\u2019una fantasia desbordant, directes i sinceres. La imatge que evoca el t\u00edtol del disc \u00e9s, en certa mesura, una esp\u00e8cie de manual d\u2019instruccions sobre com escoltar les can\u00e7ons: arrecerat del carrer, dins del cotxe o a casa mentre s\u2019observa com plou, reproduint sense interrupcions les deu can\u00e7ons, escoltant-les amb tranquil\u00b7litat, quasi assaborint-les.<\/p>\n<p>[\/et_pb_text][\/et_pb_column_inner][\/et_pb_row_inner][\/et_pb_column][et_pb_column type=\u00bb1_4&#8243;][et_pb_customEventMetaFields admin_label=\u00bbEsClaustre Camps Event\u00bb _builder_version=\u00bb3.0.51&#8243; location=\u00bbon\u00bb schedule=\u00bbon\u00bb price=\u00bbon\u00bb module_class=\u00bbappendTo_tribe-events-infoBlocks_landscape\u00bb \/][et_pb_button admin_label=\u00bbButton\u00bb _builder_version=\u00bb3.0.51&#8243; button_text=\u00bbComprar\u00bb button_url=\u00bbhttps:\/\/www.codetickets.com\/es-claustre\/es\/atiza.com\/politica-cookies.php\u00bb url_new_window=\u00bbon\u00bb button_alignment=\u00bbcenter\u00bb background_layout=\u00bblight\u00bb custom_button=\u00bboff\u00bb button_text_color=\u00bb#ffffff\u00bb button_bg_color=\u00bb#f92b44&#8243; button_border_width=\u00bb0&#8243; button_border_radius=\u00bb0&#8243; button_letter_spacing=\u00bb0&#8243; button_icon_placement=\u00bbright\u00bb button_letter_spacing_hover=\u00bb0&#8243; module_class=\u00bbbtn-ticket appendTo_tribe-events-infoBlocks_landscape\u00bb \/][et_pb_customEventCategories admin_label=\u00bbEs Claustre Categories Event\u00bb _builder_version=\u00bb3.0.51&#8243; \/][et_pb_customEventTags admin_label=\u00bbEs Claustre Tags Event\u00bb _builder_version=\u00bb3.0.51&#8243; \/][\/et_pb_column][\/]<\/p>\n","protected":false},"excerpt":{"rendered":"<p>L\u2019\u00c9quilibriste es presenten finalment a Menorca amb el seu nou treball.<\/p>\n","protected":false},"author":1,"featured_media":574,"template":"","meta":{"_acf_changed":false,"_tribe_events_status":"","_tribe_events_status_reason":"","_tribe_events_is_hybrid":"","_tribe_events_is_virtual":"","_tribe_events_virtual_video_source":"","_tribe_events_virtual_embed_video":"","_tribe_events_virtual_linked_button_text":"","_tribe_events_virtual_linked_button":"","_tribe_events_virtual_show_embed_at":"","_tribe_events_virtual_show_embed_to":[],"_tribe_events_virtual_show_on_event":"","_tribe_events_virtual_show_on_views":"","_tribe_events_virtual_url":"","footnotes":""},"tags":[163,130,127,110],"tribe_events_cat":[111],"class_list":["post-1485","tribe_events","type-tribe_events","status-publish","has-post-thumbnail","hentry","tag-folk-es","tag-pop-es","tag-rock-es","tag-talentib-es","tribe_events_cat-musica-es","cat_musica-es"],"acf":[],"_links":{"self":[{"href":"https:\/\/esclaustre.com\/es\/wp-json\/wp\/v2\/tribe_events\/1485","targetHints":{"allow":["GET"]}}],"collection":[{"href":"https:\/\/esclaustre.com\/es\/wp-json\/wp\/v2\/tribe_events"}],"about":[{"href":"https:\/\/esclaustre.com\/es\/wp-json\/wp\/v2\/types\/tribe_events"}],"author":[{"embeddable":true,"href":"https:\/\/esclaustre.com\/es\/wp-json\/wp\/v2\/users\/1"}],"version-history":[{"count":0,"href":"https:\/\/esclaustre.com\/es\/wp-json\/wp\/v2\/tribe_events\/1485\/revisions"}],"wp:featuredmedia":[{"embeddable":true,"href":"https:\/\/esclaustre.com\/es\/wp-json\/wp\/v2\/media\/574"}],"wp:attachment":[{"href":"https:\/\/esclaustre.com\/es\/wp-json\/wp\/v2\/media?parent=1485"}],"wp:term":[{"taxonomy":"post_tag","embeddable":true,"href":"https:\/\/esclaustre.com\/es\/wp-json\/wp\/v2\/tags?post=1485"},{"taxonomy":"tribe_events_cat","embeddable":true,"href":"https:\/\/esclaustre.com\/es\/wp-json\/wp\/v2\/tribe_events_cat?post=1485"}],"curies":[{"name":"wp","href":"https:\/\/api.w.org\/{rel}","templated":true}]}}