{"id":15587,"date":"2022-07-11T20:08:41","date_gmt":"2022-07-11T20:08:41","guid":{"rendered":"https:\/\/esclaustre.com\/event\/sara-lilu-quartet-copy\/"},"modified":"2022-07-11T20:46:13","modified_gmt":"2022-07-11T20:46:13","slug":"esto-si-se-llama-querer","status":"publish","type":"tribe_events","link":"https:\/\/esclaustre.com\/es\/event\/esto-si-se-llama-querer\/","title":{"rendered":"Esto S\u00ed Se Llama Querer"},"content":{"rendered":"<p>[ bb_built=\u00bb1&#8243; fullwidth=\u00bboff\u00bb specialty=\u00bbon\u00bb][et_pb_column type=\u00bb3_4&#8243; specialty_columns=\u00bb3&#8243;][et_pb_row_inner admin_label=\u00bbRow\u00bb _builder_version=\u00bb3.0.51&#8243; background_position_1=\u00bbtop_left\u00bb background_repeat_1=\u00bbno-repeat\u00bb module_class=\u00bbtribe-events-content__img\u00bb][et_pb_column_inner type=\u00bb4_4&#8243; saved_specialty_column_type=\u00bb3_4&#8243;][et_pb_image _builder_version=\u00bb3.0.64&#8243; show_in_lightbox=\u00bboff\u00bb url_new_window=\u00bboff\u00bb use_overlay=\u00bboff\u00bb sticky=\u00bboff\u00bb align=\u00bbleft\u00bb always_center_on_mobile=\u00bbon\u00bb border_style=\u00bbsolid\u00bb force_fullwidth=\u00bboff\u00bb src=\u00bbhttps:\/\/esclaustre.com\/wp-content\/uploads\/2022\/07\/ESTO-SI-SE-LLAMA-QUERER-.jpg\u00bb \/][\/et_pb_column_inner][\/et_pb_row_inner][et_pb_row_inner admin_label=\u00bbRow\u00bb _builder_version=\u00bb3.0.51&#8243; background_position_1=\u00bbtop_left\u00bb background_repeat_1=\u00bbno-repeat\u00bb module_class=\u00bbtribe-events-content__content\u00bb][et_pb_column_inner type=\u00bb4_4&#8243; saved_specialty_column_type=\u00bb3_4&#8243;][et_pb_code _builder_version=\u00bb3.0.51&#8243;][socialpug_share][\/et_pb_code][et_pb_text _builder_version=\u00bb3.0.64&#8243; background_layout=\u00bblight\u00bb text_orientation=\u00bbleft\u00bb border_style=\u00bbsolid\u00bb]<\/p>\n<h2><strong>\u00abEsto S\u00ed Se Llama Querer\u00bb un gran bolero colectivo.<\/strong><\/h2>\n<div class=\"\">\n<p>La formaci\u00f3n que protagoniza la sesi\u00f3n #11 de <strong><a href=\"https:\/\/esclaustre.com\" target=\"_blank\" rel=\"noopener\">Es Claustre<\/a><\/strong> est\u00e1 formada por <strong>Eva Fern\u00e1ndez<\/strong>\u00a0a la veoz y saxo, <strong>Alfred Artigas<\/strong>\u00a0a la guitarra, <strong>Juan Pablo Balc\u00e1zar<\/strong>\u00a0al contrabajo y <strong>D\u00eddac Ru\u00edz<\/strong>\u00a0a la percusi\u00f3n.<\/p>\n<div dir=\"auto\">\n<div>\n<div><b>Esto s\u00ed se llama querer<\/b> es un gran bolero colectivo, un disco coral en el que han participado una sesentena de m\u00fasicos, amigos cercanos al sello, para celebrar juntos los ocho a\u00f1os de trayectoria de <a href=\"https:\/\/www.underpool.org\" target=\"_blank\" rel=\"noopener\"><strong>UnderPool<\/strong><\/a>.<\/div>\n<\/div>\n<div><\/div>\n<div><b>Esto s\u00ed se llama querer<\/b> es tambi\u00e9n una fotograf\u00eda sonora de una de las escenas musicales m\u00e1s activas de la ciudad de Barcelona. Un colectivo de m\u00fasicos de diferentes generaciones y trayectorias que como si de una familia se tratara y con generosidad han vertido todo su talento haciendo posible la edici\u00f3n de este disco.<\/div>\n<div><\/div>\n<\/div>\n<p>&nbsp;<\/p>\n<h3><strong>La Segunda edici\u00f3n del ciclo Es Claustre 23<\/strong><\/h3>\n<p>&nbsp;<\/p>\n<p>Tots els diumenges, de <strong>juny a setembre<\/strong>, la terrassa d\u2019Es Claustre s\u2019omplir\u00e0 amb l\u2019escena de m\u00fasics habituals de l\u2019emblem\u00e0tic local de <strong>jazz<\/strong> de Barcelona, creant el cicle Es Claustre 23.<\/p>\n<p>Aquest concert forma part del <strong>\u00abMapa de Vincles\u00bb<\/strong> amb col\u00b7lectius, entitats, artistes o persones que Es Claustre inicia des de l&#8217;any 2021, amb <a href=\"https:\/\/23robadors.wordpress.com\" target=\"_blank\" rel=\"noopener\"><strong>Robadors 23\u00a0<\/strong><\/a><\/p>\n<p>&nbsp;<\/p>\n<p>Ma\u00f3 i el Raval connectats pel <strong>jazz<\/strong>.<\/p>\n<\/div>\n<div>\n<p>&nbsp;<\/p>\n<\/div>\n<p>[\/et_pb_text][\/et_pb_column_inner][\/et_pb_row_inner][\/et_pb_column][et_pb_column type=\u00bb1_4&#8243;][et_pb_customEventMetaFields admin_label=\u00bbEsClaustre Camps Event\u00bb _builder_version=\u00bb3.0.51&#8243; location=\u00bbon\u00bb schedule=\u00bbon\u00bb price=\u00bbon\u00bb module_class=\u00bbappendTo_tribe-events-infoBlocks_landscape\u00bb \/][et_pb_button _builder_version=\u00bb3.0.64&#8243; button_text=\u00bbENTRADAS\u00bb url_new_window=\u00bbon\u00bb button_alignment=\u00bbcenter\u00bb background_layout=\u00bblight\u00bb custom_button=\u00bboff\u00bb button_text_color=\u00bb#ffffff\u00bb button_bg_color=\u00bb#f92b44&#8243; button_border_width=\u00bb0&#8243; button_border_radius=\u00bb0&#8243; button_letter_spacing=\u00bb0&#8243; button_icon_placement=\u00bbright\u00bb button_letter_spacing_hover=\u00bb0&#8243; module_class=\u00bbbtn-ticket appendTo_tribe-events-infoBlocks_landscape\u00bb button_url=\u00bbhttps:\/\/entradas.codetickets.com\/entradas\/esto-si-se-llama-querer\/28522\/esclaustre\/online?lang=es_ES\u00bb \/][et_pb_customEventCategories _builder_version=\u00bb3.0.51&#8243; \/][et_pb_customEventTags _builder_version=\u00bb3.0.51&#8243; \/][\/et_pb_column][\/]<\/p>\n","protected":false},"excerpt":{"rendered":"<p>\u00abEsto S\u00ed Se Llama Querer\u00bb el sonido de un gran bolero colectivo. La formaci\u00f3n que protagoniza la sesi\u00f3n #11 de Es Claustre est\u00e1 formada por Eva Fern\u00e1ndez\u00a0a la veoz y saxo, Alfred Artigas\u00a0a la guitarra, Juan Pablo Balc\u00e1zar\u00a0al contrabajo y D\u00eddac Ru\u00edz\u00a0a la percusi\u00f3n.<\/p>\n","protected":false},"author":1,"featured_media":15585,"template":"","meta":{"_acf_changed":false,"_tribe_events_status":"","_tribe_events_status_reason":"","_tribe_events_is_hybrid":"","_tribe_events_is_virtual":"","_tribe_events_virtual_video_source":"","_tribe_events_virtual_embed_video":"","_tribe_events_virtual_linked_button_text":"","_tribe_events_virtual_linked_button":"","_tribe_events_virtual_show_embed_at":"","_tribe_events_virtual_show_embed_to":[],"_tribe_events_virtual_show_on_event":"","_tribe_events_virtual_show_on_views":"","_tribe_events_virtual_url":"","footnotes":""},"tags":[3082,761,3083,2909,2814,2832,3084],"tribe_events_cat":[1424,774,111],"class_list":["post-15587","tribe_events","type-tribe_events","status-publish","has-post-thumbnail","hentry","tag-alfred-artigas-es","tag-barcelona-es","tag-didac-ruiz-es","tag-es-claustre-23-es","tag-eva-fernandez-es","tag-juan-pablo-balcazar-es","tag-underpool-es","tribe_events_cat-agenda-menorca-es","tribe_events_cat-jazz-es","tribe_events_cat-musica-es","cat_agenda-menorca-es","cat_jazz-es","cat_musica-es"],"acf":[],"_links":{"self":[{"href":"https:\/\/esclaustre.com\/es\/wp-json\/wp\/v2\/tribe_events\/15587","targetHints":{"allow":["GET"]}}],"collection":[{"href":"https:\/\/esclaustre.com\/es\/wp-json\/wp\/v2\/tribe_events"}],"about":[{"href":"https:\/\/esclaustre.com\/es\/wp-json\/wp\/v2\/types\/tribe_events"}],"author":[{"embeddable":true,"href":"https:\/\/esclaustre.com\/es\/wp-json\/wp\/v2\/users\/1"}],"version-history":[{"count":0,"href":"https:\/\/esclaustre.com\/es\/wp-json\/wp\/v2\/tribe_events\/15587\/revisions"}],"wp:featuredmedia":[{"embeddable":true,"href":"https:\/\/esclaustre.com\/es\/wp-json\/wp\/v2\/media\/15585"}],"wp:attachment":[{"href":"https:\/\/esclaustre.com\/es\/wp-json\/wp\/v2\/media?parent=15587"}],"wp:term":[{"taxonomy":"post_tag","embeddable":true,"href":"https:\/\/esclaustre.com\/es\/wp-json\/wp\/v2\/tags?post=15587"},{"taxonomy":"tribe_events_cat","embeddable":true,"href":"https:\/\/esclaustre.com\/es\/wp-json\/wp\/v2\/tribe_events_cat?post=15587"}],"curies":[{"name":"wp","href":"https:\/\/api.w.org\/{rel}","templated":true}]}}