{"id":16015,"date":"2022-08-02T11:09:00","date_gmt":"2022-08-02T11:09:00","guid":{"rendered":"https:\/\/esclaustre.com\/event\/julia-beatloop-2-copy\/"},"modified":"2022-08-30T07:46:19","modified_gmt":"2022-08-30T07:46:19","slug":"sommeliers","status":"publish","type":"tribe_events","link":"https:\/\/esclaustre.com\/es\/event\/sommeliers\/","title":{"rendered":"Sommeliers"},"content":{"rendered":"<p>[ bb_built=\u00bb1&#8243; fullwidth=\u00bboff\u00bb specialty=\u00bbon\u00bb _builder_version=\u00bb3.0.61&#8243; transparent_background=\u00bbon\u00bb background_position_1=\u00bbtop_left\u00bb background_repeat_1=\u00bbno-repeat\u00bb background_position_2=\u00bbtop_left\u00bb background_repeat_2=\u00bbno-repeat\u00bb][et_pb_column type=\u00bb3_4&#8243; specialty_columns=\u00bb3&#8243;][et_pb_row_inner admin_label=\u00bbRow\u00bb _builder_version=\u00bb3.0.61&#8243; background_position_1=\u00bbtop_left\u00bb background_repeat_1=\u00bbno-repeat\u00bb module_class=\u00bbtribe-events-content__content\u00bb][et_pb_column_inner type=\u00bb4_4&#8243; saved_specialty_column_type=\u00bb3_4&#8243;][et_pb_image _builder_version=\u00bb3.0.64&#8243; show_in_lightbox=\u00bboff\u00bb url_new_window=\u00bboff\u00bb use_overlay=\u00bboff\u00bb sticky=\u00bboff\u00bb align=\u00bbleft\u00bb always_center_on_mobile=\u00bbon\u00bb border_style=\u00bbsolid\u00bb force_fullwidth=\u00bboff\u00bb src=\u00bbhttps:\/\/esclaustre.com\/wp-content\/uploads\/2022\/08\/sommeliers.jpg\u00bb \/][\/et_pb_column_inner][\/et_pb_row_inner][et_pb_row_inner admin_label=\u00bbRow\u00bb][et_pb_column_inner type=\u00bb4_4&#8243; saved_specialty_column_type=\u00bb3_4&#8243;][et_pb_code _builder_version=\u00bb3.0.51&#8243;][socialpug_share][\/et_pb_code][et_pb_text _builder_version=\u00bb3.0.64&#8243; background_layout=\u00bblight\u00bb text_orientation=\u00bbleft\u00bb border_style=\u00bbsolid\u00bb]<\/p>\n<h2><strong>\u00abSommeliers\u00bb i el seu cuidat maridatge&nbsp;<em>per dins i per fora<\/em><\/strong><\/h2>\n<p>Sommeliers presenta el seu tercer treball,&nbsp;<strong><em>Per dins i per fora<\/em><\/strong>. Aquest quintet format per <strong>Roc\u00edo Seligrat<\/strong> (veu); <strong>Maricel Pons<\/strong> (piano); <strong>Teresa Nogueron<\/strong> (clarinet); <strong>Marta Pons<\/strong> (violoncel) i <strong>Mireia Bartol\u00ed<\/strong> (viol\u00ed) amb set anys de carrera a l\u2019esquena, elaboren un maridatge molt cuidat, en qu\u00e8 destaca una aroma especial. Un viatge musical d\u2019aquest grup de dones, a qui els agrada jugar, provar i arriscar, i amb una sonoritat \u00fanica.<br \/>\n&nbsp;\n<\/div>\n<div><\/div>\n<div><\/div>\n<div>Aquesta particular formaci\u00f3 combina la m\u00fasica vocal amb la instrumental, canten a capella, fan percussions&#8230; No es deixen etiquetar un estil musical amb una sola paraula sin\u00f3 que els agrada jugar, provar i arriscar. Positivisme, estima, il\u00b7lusi\u00f3, const\u00e0ncia i dedicaci\u00f3 s\u00f3n les paraules que m\u00e9s representen a aquest grup de joves artistes.<\/div>\n<p>&nbsp;<\/p>\n<div><\/div>\n<div><\/div>\n<p>Una iniciativa cada dimarts de<strong> Nits de M\u00fasica<\/strong> per apropant-nos a l\u2019escena musical de l\u2019illa, a descobertes musicals que promet destapar bones ampolles, amb bones amistats i enmarcats en l\u2019arquitectura de l\u2019edifici hist\u00f2ric del Mercat del Claustre del Carme.<\/div>\n<p>&nbsp;<br \/>\n&nbsp;<\/p>\n<p><iframe title=\"YouTube video player\" src=\"https:\/\/www.youtube.com\/embed\/dn50m4CI5fM\" width=\"560\" height=\"315\" frameborder=\"0\" allowfullscreen=\"allowfullscreen\"><\/iframe><\/p>\n<p>[\/et_pb_text][\/et_pb_column_inner][\/et_pb_row_inner][\/et_pb_column][et_pb_column type=\u00bb1_4&#8243;][et_pb_customEventMetaFields admin_label=\u00bbEsClaustre Camps Event\u00bb _builder_version=\u00bb3.0.64&#8243; location=\u00bbon\u00bb schedule=\u00bbon\u00bb price=\u00bbon\u00bb module_class=\u00bbappendTo_tribe-events-infoBlocks_landscape\u00bb \/][et_pb_button _builder_version=\u00bb3.0.64&#8243; button_text=\u00bbGRATU\u00cfT\u00bb button_url=\u00bbesclaustre.com\u00bb url_new_window=\u00bboff\u00bb button_alignment=\u00bbcenter\u00bb background_layout=\u00bblight\u00bb custom_button=\u00bboff\u00bb button_letter_spacing=\u00bb0&#8243; button_icon_placement=\u00bbright\u00bb button_letter_spacing_hover=\u00bb0&#8243; module_class=\u00bbbtn-ticket appendTo_tribe-events-infoBlocks_landscape\u00bb \/][et_pb_customEventCategories _builder_version=\u00bb3.0.64&#8243; \/][et_pb_customEventTags _builder_version=\u00bb3.0.64&#8243; \/][\/et_pb_column][\/]<\/p>\n","protected":false},"excerpt":{"rendered":"<p>Sommeliers va n\u00e9ixer a finals de l&#8217;any 2014 i des de llavors s&#8217;han anat consolidant com a grup. Combinen la m\u00fasica vocal amb la instrumental, canten a capella, fan percussions&#8230; No es deixen etiquetar un estil musical amb una sola paraula sin\u00f3 que els agrada jugar, provar i arriscar. Positivisme, estima, il\u00b7lusi\u00f3, const\u00e0ncia i dedicaci\u00f3 s\u00f3n les paraules que m\u00e9s representen a aquest grup de joves artistes.<\/p>\n","protected":false},"author":1,"featured_media":16024,"template":"","meta":{"_acf_changed":false,"_tribe_events_status":"","_tribe_events_status_reason":"","_tribe_events_is_hybrid":"","_tribe_events_is_virtual":"","_tribe_events_virtual_video_source":"","_tribe_events_virtual_embed_video":"","_tribe_events_virtual_linked_button_text":"","_tribe_events_virtual_linked_button":"","_tribe_events_virtual_show_embed_at":"","_tribe_events_virtual_show_embed_to":[],"_tribe_events_virtual_show_on_event":"","_tribe_events_virtual_show_on_views":"","_tribe_events_virtual_url":"","footnotes":""},"tags":[761,125,3180,211],"tribe_events_cat":[1424,111,1077],"class_list":["post-16015","tribe_events","type-tribe_events","status-publish","has-post-thumbnail","hentry","tag-barcelona-es","tag-canco-es","tag-capella-es","tag-menorca-es","tribe_events_cat-agenda-menorca-es","tribe_events_cat-musica-es","tribe_events_cat-nits-de-musica-al-carrer-es","cat_agenda-menorca-es","cat_musica-es","cat_nits-de-musica-al-carrer-es"],"acf":[],"_links":{"self":[{"href":"https:\/\/esclaustre.com\/es\/wp-json\/wp\/v2\/tribe_events\/16015","targetHints":{"allow":["GET"]}}],"collection":[{"href":"https:\/\/esclaustre.com\/es\/wp-json\/wp\/v2\/tribe_events"}],"about":[{"href":"https:\/\/esclaustre.com\/es\/wp-json\/wp\/v2\/types\/tribe_events"}],"author":[{"embeddable":true,"href":"https:\/\/esclaustre.com\/es\/wp-json\/wp\/v2\/users\/1"}],"version-history":[{"count":0,"href":"https:\/\/esclaustre.com\/es\/wp-json\/wp\/v2\/tribe_events\/16015\/revisions"}],"wp:featuredmedia":[{"embeddable":true,"href":"https:\/\/esclaustre.com\/es\/wp-json\/wp\/v2\/media\/16024"}],"wp:attachment":[{"href":"https:\/\/esclaustre.com\/es\/wp-json\/wp\/v2\/media?parent=16015"}],"wp:term":[{"taxonomy":"post_tag","embeddable":true,"href":"https:\/\/esclaustre.com\/es\/wp-json\/wp\/v2\/tags?post=16015"},{"taxonomy":"tribe_events_cat","embeddable":true,"href":"https:\/\/esclaustre.com\/es\/wp-json\/wp\/v2\/tribe_events_cat?post=16015"}],"curies":[{"name":"wp","href":"https:\/\/api.w.org\/{rel}","templated":true}]}}