{"id":5168,"date":"2019-05-20T19:04:20","date_gmt":"2019-05-20T19:04:20","guid":{"rendered":"https:\/\/esclaustre.com\/event\/maria-isas-copy\/"},"modified":"2019-05-20T19:29:33","modified_gmt":"2019-05-20T19:29:33","slug":"entre-orillas","status":"publish","type":"tribe_events","link":"https:\/\/esclaustre.com\/es\/event\/entre-orillas\/","title":{"rendered":"Entre Orillas"},"content":{"rendered":"<p>[ bb_built=\u00bb1&#8243; fullwidth=\u00bboff\u00bb specialty=\u00bbon\u00bb][et_pb_column type=\u00bb3_4&#8243; specialty_columns=\u00bb3&#8243;][et_pb_row_inner admin_label=\u00bbRow\u00bb _builder_version=\u00bb3.0.51&#8243; background_position_1=\u00bbtop_left\u00bb background_repeat_1=\u00bbno-repeat\u00bb module_class=\u00bbtribe-events-content__img\u00bb][et_pb_column_inner type=\u00bb4_4&#8243; saved_specialty_column_type=\u00bb3_4&#8243;][et_pb_image _builder_version=\u00bb3.0.64&#8243; show_in_lightbox=\u00bboff\u00bb url_new_window=\u00bboff\u00bb use_overlay=\u00bboff\u00bb sticky=\u00bboff\u00bb align=\u00bbleft\u00bb always_center_on_mobile=\u00bbon\u00bb border_style=\u00bbsolid\u00bb force_fullwidth=\u00bboff\u00bb src=\u00bbhttps:\/\/esclaustre.com\/wp-content\/uploads\/2019\/05\/Entre-Orillas.jpg\u00bb \/][\/et_pb_column_inner][\/et_pb_row_inner][et_pb_row_inner admin_label=\u00bbRow\u00bb _builder_version=\u00bb3.0.51&#8243; background_position_1=\u00bbtop_left\u00bb background_repeat_1=\u00bbno-repeat\u00bb module_class=\u00bbtribe-events-content__content\u00bb][et_pb_column_inner type=\u00bb4_4&#8243; saved_specialty_column_type=\u00bb3_4&#8243;][et_pb_code _builder_version=\u00bb3.0.51&#8243;][socialpug_share][\/et_pb_code][et_pb_text _builder_version=\u00bb3.0.64&#8243; background_layout=\u00bblight\u00bb text_orientation=\u00bbleft\u00bb border_style=\u00bbsolid\u00bb]<\/p>\n<h1>\u00abEntre Orillas\u00bb flamenco, afrocuba y guajiro se abrazan<\/h1>\n<blockquote class=\"\">\n<div class=\"\">\n<div class=\"\" dir=\"ltr\">\n<div class=\"gmail_quote\">\n<div class=\"\" dir=\"ltr\">\n<div class=\"gmail_quote\">\n<div class=\"\" dir=\"ltr\">\n<div class=\"gmail_quote\">\n<div class=\"\" dir=\"auto\">\n<div class=\"\" dir=\"auto\">\n<div class=\"gmail_quote\">\n<blockquote class=\"gmail_quote\">\n<div class=\"\" dir=\"ltr\">\n<div class=\"gmail_quote\"><\/div>\n<\/div>\n<\/blockquote>\n<\/div>\n<\/div>\n<\/div>\n<\/div>\n<\/div>\n<\/div>\n<\/div>\n<\/div>\n<\/div>\n<\/div>\n<\/blockquote>\n<p><strong>Entre Orillas<\/strong> es un sue\u00f1o compartido. Un proyecto inspirado en el intercambio musical entre Cuba y Espa\u00f1a en el que el quej\u00edo flamenco, lo afrocubano y lo guajiro se abrazan y la tradici\u00f3n e innovaci\u00f3n van de la mano.<\/p>\n<p>Por un lado se refleja la influencia de g\u00e9neros cubanos en el flamenco y viceversa y por el otro, Entre orillas abre nuevos caminos para dar un paso m\u00e1s en este apasionante viaje de idas y vueltas. Un espect\u00e1culo que sabe a mar, huele a cuero y madera y suena a coraz\u00f3n.<\/p>\n<p>Una idea de la cantaora Cristina L\u00f3pez y del percusionista Carlos Cuenca acompa\u00f1ados de la cantante Yadira Ferrer, Marc L\u00f3pez a la guitarra, el flautista Juanma G\u00f3mez, Pablo G\u00f3mez a la percusi\u00f3n y con la colaboraci\u00f3n de amigos y artistas de Cuba y Espa\u00f1a.<\/p>\n<p>&nbsp;<\/p>\n<p><a href=\"http:\/\/entreorillasmusic.com\" target=\"_blank\" rel=\"noopener\">www.entreorillasmusic.com<\/a><\/p>\n<p>[\/et_pb_text][\/et_pb_column_inner][\/et_pb_row_inner][\/et_pb_column][et_pb_column type=\u00bb1_4&#8243;][et_pb_customEventMetaFields admin_label=\u00bbEsClaustre Camps Event\u00bb _builder_version=\u00bb3.0.51&#8243; location=\u00bbon\u00bb schedule=\u00bbon\u00bb price=\u00bbon\u00bb module_class=\u00bbappendTo_tribe-events-infoBlocks_landscape\u00bb \/][et_pb_button _builder_version=\u00bb3.0.64&#8243; button_text=\u00bbComprar\u00bb url_new_window=\u00bbon\u00bb button_alignment=\u00bbleft\u00bb background_layout=\u00bblight\u00bb custom_button=\u00bboff\u00bb button_letter_spacing=\u00bb0&#8243; button_icon_placement=\u00bbright\u00bb button_letter_spacing_hover=\u00bb0&#8243; module_class=\u00bbbtn-ticket appendTo_tribe-events-infoBlocks_landscape\u00bb button_url=\u00bbhttps:\/\/entradas.codetickets.com\/entradas\/entre-orillas\/7212\/esclaustre\/online\u00bb disabled=\u00bboff\u00bb \/][et_pb_customEventCategories _builder_version=\u00bb3.0.51&#8243; \/][et_pb_customEventTags _builder_version=\u00bb3.0.51&#8243; \/][\/et_pb_column][\/][ bb_built=\u00bb1&#8243; fullwidth=\u00bboff\u00bb specialty=\u00bbon\u00bb disabled=\u00bbon\u00bb][\/][ bb_built=\u00bb1&#8243; fullwidth=\u00bboff\u00bb specialty=\u00bbon\u00bb disabled=\u00bbon\u00bb][\/]<\/p>\n","protected":false},"excerpt":{"rendered":"<p>Entre Orillas es un proyecto musical basado en la comunicaci\u00f3n entre el flamenco y la m\u00fasica cubana. Un nuevo viaje de ida y vuelta.<\/p>\n","protected":false},"author":1,"featured_media":5166,"template":"","meta":{"_acf_changed":false,"_tribe_events_status":"","_tribe_events_status_reason":"","_tribe_events_is_hybrid":"","_tribe_events_is_virtual":"","_tribe_events_virtual_video_source":"","_tribe_events_virtual_embed_video":"","_tribe_events_virtual_linked_button_text":"","_tribe_events_virtual_linked_button":"","_tribe_events_virtual_show_embed_at":"","_tribe_events_virtual_show_embed_to":[],"_tribe_events_virtual_show_on_event":"","_tribe_events_virtual_show_on_views":"","_tribe_events_virtual_url":"","footnotes":""},"tags":[1003,1000,142,1001,1002],"tribe_events_cat":[919,111],"class_list":["post-5168","tribe_events","type-tribe_events","status-publish","has-post-thumbnail","hentry","tag-afrocubano","tag-cuba-es","tag-flamenco-es","tag-guajiro-es","tag-musica-cubana-es","tribe_events_cat-mao-mes-flors-es","tribe_events_cat-musica-es","cat_mao-mes-flors-es","cat_musica-es"],"acf":[],"_links":{"self":[{"href":"https:\/\/esclaustre.com\/es\/wp-json\/wp\/v2\/tribe_events\/5168","targetHints":{"allow":["GET"]}}],"collection":[{"href":"https:\/\/esclaustre.com\/es\/wp-json\/wp\/v2\/tribe_events"}],"about":[{"href":"https:\/\/esclaustre.com\/es\/wp-json\/wp\/v2\/types\/tribe_events"}],"author":[{"embeddable":true,"href":"https:\/\/esclaustre.com\/es\/wp-json\/wp\/v2\/users\/1"}],"version-history":[{"count":0,"href":"https:\/\/esclaustre.com\/es\/wp-json\/wp\/v2\/tribe_events\/5168\/revisions"}],"wp:featuredmedia":[{"embeddable":true,"href":"https:\/\/esclaustre.com\/es\/wp-json\/wp\/v2\/media\/5166"}],"wp:attachment":[{"href":"https:\/\/esclaustre.com\/es\/wp-json\/wp\/v2\/media?parent=5168"}],"wp:term":[{"taxonomy":"post_tag","embeddable":true,"href":"https:\/\/esclaustre.com\/es\/wp-json\/wp\/v2\/tags?post=5168"},{"taxonomy":"tribe_events_cat","embeddable":true,"href":"https:\/\/esclaustre.com\/es\/wp-json\/wp\/v2\/tribe_events_cat?post=5168"}],"curies":[{"name":"wp","href":"https:\/\/api.w.org\/{rel}","templated":true}]}}