{"id":5873,"date":"2019-06-17T18:00:54","date_gmt":"2019-06-17T18:00:54","guid":{"rendered":"https:\/\/esclaustre.com\/event\/aurora-copy\/"},"modified":"2019-06-17T18:48:29","modified_gmt":"2019-06-17T18:48:29","slug":"pere-bujosa","status":"publish","type":"tribe_events","link":"https:\/\/esclaustre.com\/es\/event\/pere-bujosa\/","title":{"rendered":"Pere Bujosa"},"content":{"rendered":"<p>[ bb_built=\u00bb1&#8243; fullwidth=\u00bboff\u00bb specialty=\u00bbon\u00bb][et_pb_column type=\u00bb3_4&#8243; specialty_columns=\u00bb3&#8243;][et_pb_row_inner admin_label=\u00bbRow\u00bb _builder_version=\u00bb3.0.51&#8243; background_position_1=\u00bbtop_left\u00bb background_repeat_1=\u00bbno-repeat\u00bb module_class=\u00bbtribe-events-content__img\u00bb][et_pb_column_inner type=\u00bb4_4&#8243; saved_specialty_column_type=\u00bb3_4&#8243;][et_pb_image _builder_version=\u00bb3.0.64&#8243; show_in_lightbox=\u00bboff\u00bb url_new_window=\u00bboff\u00bb use_overlay=\u00bboff\u00bb sticky=\u00bboff\u00bb align=\u00bbleft\u00bb always_center_on_mobile=\u00bbon\u00bb border_style=\u00bbsolid\u00bb force_fullwidth=\u00bboff\u00bb src=\u00bbhttps:\/\/esclaustre.com\/wp-content\/uploads\/2019\/06\/Pere-Bujosa-Trio.jpg\u00bb \/][\/et_pb_column_inner][\/et_pb_row_inner][et_pb_row_inner admin_label=\u00bbRow\u00bb _builder_version=\u00bb3.0.51&#8243; background_position_1=\u00bbtop_left\u00bb background_repeat_1=\u00bbno-repeat\u00bb module_class=\u00bbtribe-events-content__content\u00bb][et_pb_column_inner type=\u00bb4_4&#8243; saved_specialty_column_type=\u00bb3_4&#8243;][et_pb_code _builder_version=\u00bb3.0.51&#8243;][socialpug_share][\/et_pb_code][et_pb_text _builder_version=\u00bb3.0.64&#8243; background_layout=\u00bblight\u00bb text_orientation=\u00bbleft\u00bb border_style=\u00bbsolid\u00bb]<\/p>\n<div class=\"page\" title=\"Page 30\">\n<div class=\"layoutArea\">\n<div class=\"column\">\n<div class=\"page\" title=\"Page 30\">\n<div class=\"layoutArea\">\n<div class=\"column\"><\/div>\n<\/div>\n<\/div>\n<\/div>\n<\/div>\n<\/div>\n<div class=\"page\" title=\"Page 30\">\n<div class=\"layoutArea\">\n<div class=\"column\">\n<div class=\"page\" title=\"Page 30\">\n<div class=\"layoutArea\">\n<h1><strong>\u00abPere Bujosa\u00a0<span style=\"color: #000000;\">Trio\u00bb<\/span>\u00a0nos presenta Wabi-Sabi<\/strong><\/h1>\n<\/div>\n<\/div>\n<\/div>\n<\/div>\n<\/div>\n<p><strong><span class=\"q_dropcap normal\">P<\/span><\/strong><span class=\"s1\"><b>ere Bujosa<\/b><\/span><span class=\"s2\"> (Palma, 1992) es un contrabajista mallorqu\u00edn actualmente establecido entre Holanda y Espa\u00f1a, que ha tocado durante los \u00faltimos a\u00f1os en diversos escenarios de Europa, adem\u00e1s de haber residido y desarrollado su carrera art\u00edstica en pa\u00edses como Alemania, Dinamarca y los Estados Unidos. En esta ocasi\u00f3n ha formado equipo con dos interesantes m\u00fasicos nacionales, Xavi Torres al piano y Joan Terol a la bater\u00eda, quienes, residiendo tambi\u00e9n en el extranjero, forman parte activa tanto de la escena del jazz espa\u00f1ol as\u00ed como de la del holand\u00e9s.<\/span><\/p>\n<p class=\"p1\"><span class=\"s2\">En 2018, los tres artistas se reunieron para grabar el segundo disco de <\/span><span class=\"s1\"><b>Pere Bujosa <\/b><\/span><span class=\"s2\">que consta de nuevas composiciones originales escritas y llevar\u00e1 el t\u00edtulo de <i>Wabi-Sabi<\/i>. En este disco la formaci\u00f3n explora sus posibilidades para reflejar las inquietudes art\u00edsticas adquiridas despu\u00e9s de a\u00f1os de conciertos, giras y diferentes proyectos.<\/span><\/p>\n<p><span style=\"color: #ff0000;\"><b>Wabi-Sabi<\/b><\/span><\/p>\n<p class=\"p1\"><span class=\"s2\">Con <i>Wabi-Sabi<\/i>, <\/span><span class=\"s1\"><b>Bujosa <\/b><\/span><span class=\"s2\">pretende reflejar su investigaci\u00f3n y pasi\u00f3n por el ritmo y las texturas. El tr\u00edo pretende explorar la libertad \u2014y a la vez reto\u2014 que comporta un formato cl\u00e1sico, al tiempo que introduce influencias de otras m\u00fasicas como la electr\u00f3nica, el rock o el <i>free<\/i>.<\/span><\/p>\n<div class=\"page\" title=\"Page 30\">\n<div class=\"layoutArea\">\n<div class=\"column\">\n<div class=\"page\" title=\"Page 30\">\n<div class=\"layoutArea\">\n<div class=\"column\">\n<p><b>Pere Bujosa &#8211; Contrabajo<br \/>\nXavi Torres &#8211; Piano<br \/>\nJoan Terol &#8211; Bateria<\/b><\/p>\n<p><a href=\"https:\/\/www.perebujosamusic.com\/\" target=\"_blank\" rel=\"noopener\">www.perebujosamusic.com<\/a><\/p>\n<\/div>\n<\/div>\n<\/div>\n<\/div>\n<\/div>\n<\/div>\n<p>&nbsp;<\/p>\n<p>[\/et_pb_text][et_pb_code _builder_version=\u00bb3.0.51&#8243;][socialpug_share][\/et_pb_code][\/et_pb_column_inner][\/et_pb_row_inner][\/et_pb_column][et_pb_column type=\u00bb1_4&#8243;][et_pb_customEventMetaFields admin_label=\u00bbEsClaustre Camps Event\u00bb _builder_version=\u00bb3.0.51&#8243; location=\u00bbon\u00bb schedule=\u00bbon\u00bb price=\u00bbon\u00bb module_class=\u00bbappendTo_tribe-events-infoBlocks_landscape\u00bb \/][et_pb_button _builder_version=\u00bb3.0.64&#8243; button_text=\u00bbComprar\u00bb url_new_window=\u00bbon\u00bb button_alignment=\u00bbleft\u00bb background_layout=\u00bblight\u00bb custom_button=\u00bboff\u00bb button_letter_spacing=\u00bb0&#8243; button_icon_placement=\u00bbright\u00bb button_letter_spacing_hover=\u00bb0&#8243; module_class=\u00bbbtn-ticket appendTo_tribe-events-infoBlocks_landscape\u00bb button_url=\u00bbhttps:\/\/entradas.codetickets.com\/entradas\/pere-bujosa-trio\/7501\/esclaustre\/online?lang=es_ES\u00bb \/][et_pb_customEventCategories _builder_version=\u00bb3.0.51&#8243; \/][et_pb_customEventTags _builder_version=\u00bb3.0.51&#8243; \/][\/et_pb_column][\/][ bb_built=\u00bb1&#8243; fullwidth=\u00bboff\u00bb specialty=\u00bbon\u00bb disabled=\u00bbon\u00bb][\/][ bb_built=\u00bb1&#8243; fullwidth=\u00bboff\u00bb specialty=\u00bbon\u00bb disabled=\u00bbon\u00bb][\/]<\/p>\n","protected":false},"excerpt":{"rendered":"<p>Pere Bujosa (Palma, 1992) es un contrabajista mallorqu\u00edn actualmente establecido entre Holanda y Espa\u00f1a, que ha tocado durante los \u00faltimos a\u00f1os en diversos escenarios de Europa, adem\u00e1s de haber residido y desarrollado su carrera art\u00edstica en pa\u00edses como Alemania, Dinamarca y los Estados Unidos.<\/p>\n","protected":false},"author":1,"featured_media":5871,"template":"","meta":{"_acf_changed":false,"_tribe_events_status":"","_tribe_events_status_reason":"","_tribe_events_is_hybrid":"","_tribe_events_is_virtual":"","_tribe_events_virtual_video_source":"","_tribe_events_virtual_embed_video":"","_tribe_events_virtual_linked_button_text":"","_tribe_events_virtual_linked_button":"","_tribe_events_virtual_show_embed_at":"","_tribe_events_virtual_show_embed_to":[],"_tribe_events_virtual_show_on_event":"","_tribe_events_virtual_show_on_views":"","_tribe_events_virtual_url":"","footnotes":""},"tags":[1157,108,129],"tribe_events_cat":[410,111],"class_list":["post-5873","tribe_events","type-tribe_events","status-publish","has-post-thumbnail","hentry","tag-amsterdam-es","tag-jazz-es","tag-mallorca-es","tribe_events_cat-cultura-es","tribe_events_cat-musica-es","cat_cultura-es","cat_musica-es"],"acf":[],"_links":{"self":[{"href":"https:\/\/esclaustre.com\/es\/wp-json\/wp\/v2\/tribe_events\/5873","targetHints":{"allow":["GET"]}}],"collection":[{"href":"https:\/\/esclaustre.com\/es\/wp-json\/wp\/v2\/tribe_events"}],"about":[{"href":"https:\/\/esclaustre.com\/es\/wp-json\/wp\/v2\/types\/tribe_events"}],"author":[{"embeddable":true,"href":"https:\/\/esclaustre.com\/es\/wp-json\/wp\/v2\/users\/1"}],"version-history":[{"count":0,"href":"https:\/\/esclaustre.com\/es\/wp-json\/wp\/v2\/tribe_events\/5873\/revisions"}],"wp:featuredmedia":[{"embeddable":true,"href":"https:\/\/esclaustre.com\/es\/wp-json\/wp\/v2\/media\/5871"}],"wp:attachment":[{"href":"https:\/\/esclaustre.com\/es\/wp-json\/wp\/v2\/media?parent=5873"}],"wp:term":[{"taxonomy":"post_tag","embeddable":true,"href":"https:\/\/esclaustre.com\/es\/wp-json\/wp\/v2\/tags?post=5873"},{"taxonomy":"tribe_events_cat","embeddable":true,"href":"https:\/\/esclaustre.com\/es\/wp-json\/wp\/v2\/tribe_events_cat?post=5873"}],"curies":[{"name":"wp","href":"https:\/\/api.w.org\/{rel}","templated":true}]}}