{"id":6042,"date":"2019-06-20T20:21:56","date_gmt":"2019-06-20T20:21:56","guid":{"rendered":"https:\/\/esclaustre.com\/event\/xanguito-copy\/"},"modified":"2019-06-20T20:48:10","modified_gmt":"2019-06-20T20:48:10","slug":"menorca-pride","status":"publish","type":"tribe_events","link":"https:\/\/esclaustre.com\/es\/event\/menorca-pride\/","title":{"rendered":"Menorca Pride"},"content":{"rendered":"<p>[ bb_built=\u00bb1&#8243; fullwidth=\u00bboff\u00bb specialty=\u00bbon\u00bb][et_pb_column type=\u00bb3_4&#8243; specialty_columns=\u00bb3&#8243;][et_pb_row_inner admin_label=\u00bbRow\u00bb _builder_version=\u00bb3.0.51&#8243; background_position_1=\u00bbtop_left\u00bb background_repeat_1=\u00bbno-repeat\u00bb module_class=\u00bbtribe-events-content__img\u00bb][et_pb_column_inner type=\u00bb4_4&#8243; saved_specialty_column_type=\u00bb3_4&#8243;][et_pb_image _builder_version=\u00bb3.0.64&#8243; show_in_lightbox=\u00bboff\u00bb url_new_window=\u00bboff\u00bb use_overlay=\u00bboff\u00bb sticky=\u00bboff\u00bb align=\u00bbleft\u00bb always_center_on_mobile=\u00bbon\u00bb border_style=\u00bbsolid\u00bb force_fullwidth=\u00bboff\u00bb src=\u00bbhttps:\/\/esclaustre.com\/wp-content\/uploads\/2019\/06\/Menorca-Pride.jpg\u00bb \/][\/et_pb_column_inner][\/et_pb_row_inner][et_pb_row_inner admin_label=\u00bbRow\u00bb _builder_version=\u00bb3.0.51&#8243; background_position_1=\u00bbtop_left\u00bb background_repeat_1=\u00bbno-repeat\u00bb module_class=\u00bbtribe-events-content__content\u00bb][et_pb_column_inner type=\u00bb4_4&#8243; saved_specialty_column_type=\u00bb3_4&#8243;][et_pb_code _builder_version=\u00bb3.0.51&#8243;][socialpug_share][\/et_pb_code][et_pb_text _builder_version=\u00bb3.0.64&#8243; background_layout=\u00bblight\u00bb text_orientation=\u00bbleft\u00bb border_style=\u00bbsolid\u00bb]<\/p>\n<h1>A Ma\u00f3 vivim amb Orgull LGTBIQ+<\/h1>\n<p>Diversos dies d&#8217;un extens programa\u00a0de la setmana LGTBI+ de Ma\u00f3 elaborat per diverses entitats com @diverxiamenorca @sesfoneres, Mend\u00f3 Naturals, Mem\u00f2ries de Menorca. I amb la col\u00b7laboraci\u00f3 d&#8217; <a href=\"https:\/\/esclaustre.com\" target=\"_blank\" rel=\"noopener\">Es Claustre<\/a> per fer de Ma\u00f3 una ciutat orgullosa!<\/p>\n<h2>Activitats Es Claustre del Carme<\/h2>\n<p>&nbsp;<\/p>\n<p>21.00H Concert de <strong>Moments a Cor<\/strong><\/p>\n<p>21.30H Lectura del manifest de l&#8217;Orgull LGTBIQ+ a Menorca<\/p>\n<p>21.45H Festa Final amb dj <strong>Pep Noguera<\/strong> (<a href=\"https:\/\/diabeticasaceleradas.com\" target=\"_blank\" rel=\"noopener\">Diab\u00e9ticas Aceleradas<\/a>)<\/p>\n<p>Diverses entitats i col\u00b7lectius, aix\u00ed com persones a t\u00edtol individual s&#8217;han agrupat enguany en l&#8217;organitzaci\u00f3 de la festivitat.<\/p>\n<p><strong>Ses Foneres<\/strong> &#8211; Col\u00b7lectiu Transfeminista de Menorca \u00e9s una comunitat lliure, subversiva i de lluita, contr\u00e0ria al binarisme i l\u2019heteropatriarcat.<\/p>\n<p><strong>Diverxia Menorca<\/strong> es un lugar de encuentro y apoyo que nace para visibilizar la diversidad de nuestra isla y hacerla m\u00e1s plural, inclusiva y respetuosa.<\/p>\n<p>[\/et_pb_text][\/et_pb_column_inner][\/et_pb_row_inner][\/et_pb_column][et_pb_column type=\u00bb1_4&#8243;][et_pb_customEventMetaFields admin_label=\u00bbEsClaustre Camps Event\u00bb _builder_version=\u00bb3.0.51&#8243; location=\u00bbon\u00bb schedule=\u00bbon\u00bb price=\u00bbon\u00bb module_class=\u00bbappendTo_tribe-events-infoBlocks_landscape\u00bb \/][et_pb_button _builder_version=\u00bb3.0.64&#8243; button_text=\u00bbGratu\u00eft\u00bb url_new_window=\u00bbon\u00bb button_alignment=\u00bbleft\u00bb background_layout=\u00bblight\u00bb custom_button=\u00bboff\u00bb button_letter_spacing=\u00bb0&#8243; button_icon_placement=\u00bbright\u00bb button_letter_spacing_hover=\u00bb0&#8243; module_class=\u00bbbtn-ticket appendTo_tribe-events-infoBlocks_landscape\u00bb button_url=\u00bbhttps:\/\/entradas.codetickets.com\/entradas\/\u00bb \/][et_pb_customEventCategories _builder_version=\u00bb3.0.51&#8243; \/][et_pb_customEventTags _builder_version=\u00bb3.0.51&#8243; \/][\/et_pb_column][\/][ bb_built=\u00bb1&#8243; fullwidth=\u00bboff\u00bb specialty=\u00bbon\u00bb disabled=\u00bbon\u00bb][\/][ bb_built=\u00bb1&#8243; fullwidth=\u00bboff\u00bb specialty=\u00bbon\u00bb disabled=\u00bbon\u00bb][\/]<\/p>\n","protected":false},"excerpt":{"rendered":"<p>Diversos dies d&#8217;un extens programa\u00a0de la setmana LGTBI+ de Ma\u00f3 elaborat per diverses entitats com @diverxiamenorca @sesfoneres, Mend\u00f3 Naturals, Mem\u00f2ries de Menorca. I amb la col\u00b7laboraci\u00f3 d&#8217; Es Claustre per fer de Ma\u00f3 una ciutat orgullosa!<\/p>\n","protected":false},"author":1,"featured_media":6040,"template":"","meta":{"_acf_changed":false,"_tribe_events_status":"","_tribe_events_status_reason":"","_tribe_events_is_hybrid":"","_tribe_events_is_virtual":"","_tribe_events_virtual_video_source":"","_tribe_events_virtual_embed_video":"","_tribe_events_virtual_linked_button_text":"","_tribe_events_virtual_linked_button":"","_tribe_events_virtual_show_embed_at":"","_tribe_events_virtual_show_embed_to":[],"_tribe_events_virtual_show_on_event":"","_tribe_events_virtual_show_on_views":"","_tribe_events_virtual_url":"","footnotes":""},"tags":[657,211,1174],"tribe_events_cat":[403],"class_list":["post-6042","tribe_events","type-tribe_events","status-publish","has-post-thumbnail","hentry","tag-mao-es","tag-menorca-es","tag-orgull-lgtbi-es","tribe_events_cat-festa-es","cat_festa-es"],"acf":[],"_links":{"self":[{"href":"https:\/\/esclaustre.com\/es\/wp-json\/wp\/v2\/tribe_events\/6042","targetHints":{"allow":["GET"]}}],"collection":[{"href":"https:\/\/esclaustre.com\/es\/wp-json\/wp\/v2\/tribe_events"}],"about":[{"href":"https:\/\/esclaustre.com\/es\/wp-json\/wp\/v2\/types\/tribe_events"}],"author":[{"embeddable":true,"href":"https:\/\/esclaustre.com\/es\/wp-json\/wp\/v2\/users\/1"}],"version-history":[{"count":0,"href":"https:\/\/esclaustre.com\/es\/wp-json\/wp\/v2\/tribe_events\/6042\/revisions"}],"wp:featuredmedia":[{"embeddable":true,"href":"https:\/\/esclaustre.com\/es\/wp-json\/wp\/v2\/media\/6040"}],"wp:attachment":[{"href":"https:\/\/esclaustre.com\/es\/wp-json\/wp\/v2\/media?parent=6042"}],"wp:term":[{"taxonomy":"post_tag","embeddable":true,"href":"https:\/\/esclaustre.com\/es\/wp-json\/wp\/v2\/tags?post=6042"},{"taxonomy":"tribe_events_cat","embeddable":true,"href":"https:\/\/esclaustre.com\/es\/wp-json\/wp\/v2\/tribe_events_cat?post=6042"}],"curies":[{"name":"wp","href":"https:\/\/api.w.org\/{rel}","templated":true}]}}