{"id":6644,"date":"2019-09-16T08:05:18","date_gmt":"2019-09-16T08:05:18","guid":{"rendered":"https:\/\/esclaustre.com\/event\/fira-b\/"},"modified":"2019-09-16T10:07:44","modified_gmt":"2019-09-16T10:07:44","slug":"fira-b","status":"publish","type":"tribe_events","link":"https:\/\/esclaustre.com\/es\/event\/fira-b\/","title":{"rendered":"Fira B!"},"content":{"rendered":"<p>[ bb_built=\u00bb1&#8243; fullwidth=\u00bboff\u00bb specialty=\u00bbon\u00bb][et_pb_column type=\u00bb3_4&#8243; specialty_columns=\u00bb3&#8243;][et_pb_row_inner admin_label=\u00bbRow\u00bb _builder_version=\u00bb3.0.51&#8243; background_position_1=\u00bbtop_left\u00bb background_repeat_1=\u00bbno-repeat\u00bb module_class=\u00bbtribe-events-content__img\u00bb][et_pb_column_inner type=\u00bb4_4&#8243; saved_specialty_column_type=\u00bb3_4&#8243;][et_pb_image _builder_version=\u00bb3.0.64&#8243; src=\u00bbhttps:\/\/esclaustre.com\/wp-content\/uploads\/2019\/09\/FiraB.jpg\u00bb show_in_lightbox=\u00bboff\u00bb url_new_window=\u00bboff\u00bb use_overlay=\u00bboff\u00bb sticky=\u00bboff\u00bb align=\u00bbleft\u00bb always_center_on_mobile=\u00bbon\u00bb border_style=\u00bbsolid\u00bb force_fullwidth=\u00bboff\u00bb \/][\/et_pb_column_inner][\/et_pb_row_inner][et_pb_row_inner admin_label=\u00bbRow\u00bb _builder_version=\u00bb3.0.51&#8243; background_position_1=\u00bbtop_left\u00bb background_repeat_1=\u00bbno-repeat\u00bb module_class=\u00bbtribe-events-content__content\u00bb][et_pb_column_inner type=\u00bb4_4&#8243; saved_specialty_column_type=\u00bb3_4&#8243;][et_pb_code _builder_version=\u00bb3.0.64&#8243;][socialpug_share][\/et_pb_code][et_pb_text _builder_version=\u00bb3.0.64&#8243; background_layout=\u00bblight\u00bb text_orientation=\u00bbleft\u00bb border_style=\u00bbsolid\u00bb]<\/p>\n<h2><strong>FiraB! el\u00a0mercat professional de m\u00fasica i arts esc\u00e8niques de les Illes Balears<\/strong><\/h2>\n<p><strong>Fira B!<\/strong> \u00e9s el mercat professional de m\u00fasica i arts esc\u00e8niques de les Illes Balears, i es celebra a Palma del 3 al 6 d&#8217;octubre de 2019 organitzada per la Conselleria de Presid\u00e8ncia, Cultura i Igualtat a trav\u00e9s de l&#8217;<a href=\"http:\/\/www.iebalearics.org\/ca\/\" target=\"_blank\" rel=\"noopener\">Institut d&#8217;Estudis Bale\u00e0rics<\/a>.<\/p>\n<p>L&#8217;equip d&#8217;<strong>Es Claustre<\/strong> hi serem presents novament, tal com venim fent en les darreres edicions que realitza Fira B i recolzant fermament les apostes per les accions art\u00edstiques i activitats culturals de l&#8217;Institut d&#8217;Estudis Bale\u00e0rics.<\/p>\n<p>M\u00fasica, Teatre, Noves Escenes i Dramat\u00fargies, Performance, Circ&#8230; Una aposta ferma per la Cultura feta a les diferents illes i una oportunitat de creaci\u00f3 de Mercat i Intercanvi amb els programadors i artistes convidats.<\/p>\n<p>Es Claustre hi serem!<\/p>\n<p><a href=\"http:\/\/www.firab.org\/ca\/\" target=\"_blank\" rel=\"noopener\">www.firab.org<\/a><\/p>\n<p>&nbsp;<\/p>\n<p><iframe title=\"vimeo-player\" src=\"https:\/\/player.vimeo.com\/video\/319924221\" width=\"640\" height=\"272\" frameborder=\"0\" allowfullscreen=\"allowfullscreen\"><\/iframe><\/p>\n<p>[\/et_pb_text][\/et_pb_column_inner][\/et_pb_row_inner][\/et_pb_column][et_pb_column type=\u00bb1_4&#8243;][et_pb_customEventMetaFields admin_label=\u00bbEsClaustre Camps Event\u00bb _builder_version=\u00bb3.0.64&#8243; location=\u00bbon\u00bb schedule=\u00bbon\u00bb price=\u00bbon\u00bb module_class=\u00bbappendTo_tribe-events-infoBlocks_landscape\u00bb \/][et_pb_button _builder_version=\u00bb3.0.64&#8243; button_text=\u00bb Inscripci\u00f3\u00bb url_new_window=\u00bbon\u00bb button_alignment=\u00bbcenter\u00bb background_layout=\u00bblight\u00bb custom_button=\u00bboff\u00bb button_text_color=\u00bb#ffffff\u00bb button_bg_color=\u00bb#f92b44&#8243; button_border_width=\u00bb0&#8243; button_border_radius=\u00bb0&#8243; button_letter_spacing=\u00bb0&#8243; button_icon_placement=\u00bbright\u00bb button_letter_spacing_hover=\u00bb0&#8243; module_class=\u00bbbtn-ticket appendTo_tribe-events-infoBlocks_landscape\u00bb button_url=\u00bbhttp:\/\/www.firab.org\/ca\/p\/jornades-pro\/\u00bb \/][et_pb_customEventCategories _builder_version=\u00bb3.0.64&#8243; \/][et_pb_customEventTags _builder_version=\u00bb3.0.64&#8243; \/][\/et_pb_column][\/]<\/p>\n","protected":false},"excerpt":{"rendered":"<p>Fira B! \u00e9s el mercat professional de m\u00fasica i arts esc\u00e8niques de les Illes Balears, i es celebra a Palma del 3 al 6 d&#8217;octubre de 2019 organitzada per la Conselleria de Presid\u00e8ncia, Cultura i Igualtat a trav\u00e9s de l&#8217;Institut d&#8217;Estudis Bale\u00e0rics.<\/p>\n","protected":false},"author":1,"featured_media":6641,"template":"","meta":{"_acf_changed":false,"_tribe_events_status":"","_tribe_events_status_reason":"","_tribe_events_is_hybrid":"","_tribe_events_is_virtual":"","_tribe_events_virtual_video_source":"","_tribe_events_virtual_embed_video":"","_tribe_events_virtual_linked_button_text":"","_tribe_events_virtual_linked_button":"","_tribe_events_virtual_show_embed_at":"","_tribe_events_virtual_show_embed_to":[],"_tribe_events_virtual_show_on_event":"","_tribe_events_virtual_show_on_views":"","_tribe_events_virtual_url":"","footnotes":""},"tags":[129,1277],"tribe_events_cat":[1279,410,843,111],"class_list":["post-6644","tribe_events","type-tribe_events","status-publish","has-post-thumbnail","hentry","tag-mallorca-es","tag-mercat-professional-es","tribe_events_cat-arts-esceniques-es","tribe_events_cat-cultura-es","tribe_events_cat-jornades-professionals-es","tribe_events_cat-musica-es","cat_arts-esceniques-es","cat_cultura-es","cat_jornades-professionals-es","cat_musica-es"],"acf":[],"_links":{"self":[{"href":"https:\/\/esclaustre.com\/es\/wp-json\/wp\/v2\/tribe_events\/6644","targetHints":{"allow":["GET"]}}],"collection":[{"href":"https:\/\/esclaustre.com\/es\/wp-json\/wp\/v2\/tribe_events"}],"about":[{"href":"https:\/\/esclaustre.com\/es\/wp-json\/wp\/v2\/types\/tribe_events"}],"author":[{"embeddable":true,"href":"https:\/\/esclaustre.com\/es\/wp-json\/wp\/v2\/users\/1"}],"version-history":[{"count":0,"href":"https:\/\/esclaustre.com\/es\/wp-json\/wp\/v2\/tribe_events\/6644\/revisions"}],"wp:featuredmedia":[{"embeddable":true,"href":"https:\/\/esclaustre.com\/es\/wp-json\/wp\/v2\/media\/6641"}],"wp:attachment":[{"href":"https:\/\/esclaustre.com\/es\/wp-json\/wp\/v2\/media?parent=6644"}],"wp:term":[{"taxonomy":"post_tag","embeddable":true,"href":"https:\/\/esclaustre.com\/es\/wp-json\/wp\/v2\/tags?post=6644"},{"taxonomy":"tribe_events_cat","embeddable":true,"href":"https:\/\/esclaustre.com\/es\/wp-json\/wp\/v2\/tribe_events_cat?post=6644"}],"curies":[{"name":"wp","href":"https:\/\/api.w.org\/{rel}","templated":true}]}}