{"id":6742,"date":"2019-10-04T07:48:31","date_gmt":"2019-10-04T07:48:31","guid":{"rendered":"https:\/\/esclaustre.com\/event\/festa-final-temporada-2019-copy\/"},"modified":"2019-10-24T13:50:16","modified_gmt":"2019-10-24T13:50:16","slug":"plats-convidats","status":"publish","type":"tribe_events","link":"https:\/\/esclaustre.com\/es\/event\/plats-convidats\/","title":{"rendered":"Plats Convidats [CANCEL\u00b7LAT]"},"content":{"rendered":"<p>[ bb_built=\u00bb1&#8243; fullwidth=\u00bboff\u00bb specialty=\u00bbon\u00bb][et_pb_column type=\u00bb3_4&#8243; specialty_columns=\u00bb3&#8243;][et_pb_row_inner admin_label=\u00bbRow\u00bb _builder_version=\u00bb3.0.51&#8243; background_position_1=\u00bbtop_left\u00bb background_repeat_1=\u00bbno-repeat\u00bb module_class=\u00bbtribe-events-content__img\u00bb][et_pb_column_inner type=\u00bb4_4&#8243; saved_specialty_column_type=\u00bb3_4&#8243;][et_pb_image _builder_version=\u00bb3.0.64&#8243; src=\u00bbhttps:\/\/esclaustre.com\/wp-content\/uploads\/2019\/10\/Peixos_de_la_terra.jpg\u00bb show_in_lightbox=\u00bboff\u00bb url_new_window=\u00bboff\u00bb use_overlay=\u00bboff\u00bb sticky=\u00bboff\u00bb align=\u00bbleft\u00bb always_center_on_mobile=\u00bbon\u00bb border_style=\u00bbsolid\u00bb force_fullwidth=\u00bboff\u00bb \/][\/et_pb_column_inner][\/et_pb_row_inner][et_pb_row_inner admin_label=\u00bbRow\u00bb _builder_version=\u00bb3.0.51&#8243; background_position_1=\u00bbtop_left\u00bb background_repeat_1=\u00bbno-repeat\u00bb module_class=\u00bbtribe-events-content__content\u00bb][et_pb_column_inner type=\u00bb4_4&#8243; saved_specialty_column_type=\u00bb3_4&#8243;][et_pb_code _builder_version=\u00bb3.0.64&#8243;][socialpug_share][\/et_pb_code][et_pb_text _builder_version=\u00bb3.0.64&#8243; background_layout=\u00bblight\u00bb text_orientation=\u00bbleft\u00bb border_style=\u00bbsolid\u00bb]<\/p>\n<h1><span style=\"color: #000000;\">Plats Convidats \u00a0<\/span>[CANCEL\u00b7LAT]<\/h1>\n<h2>Es reemprendr\u00e0 el mes d&#8217;abril de 2020 amb noves cuines i dj&#8217;s<\/h2>\n<p><b>Plats Convidats <\/b>es presenta al Mercat del Claustre del Carme on diferents cuiners que no tenen restaurant ni lloc fixe s&#8217;instalen al Pati d&#8217;Es Claustre per mostrar les seves creacions gastron\u00f2miques dins el format itinerant que els caracteritza.<\/p>\n<p>Tota una oportunitat de poder cop\u00e7ar de primera m\u00e0 les t\u00e8cniques de coci\u00f3 en fumats, encurtits, macerats de productes de proximitat d&#8217;uns tallers que sovint son ocults.<\/p>\n<p>El dissabte dia <strong>12 d&#8217;octubre<\/strong> tindrem a <span style=\"color: #000000;\"><b>Muchacho Carb\u00f3n<\/b><\/span>.<span class=\"Apple-converted-space\">\u00a0<\/span>Tot un secret al descobert per poder veure i degustar els seus productes de temporada amb fumats i a la brasa. Cuina ef\u00edmera feta al foc amb el gust identitari de la brasa. Fumats espectaculars amb detalls tradicionals i for\u00e0nis.\u00a0Muchacho Carb\u00f3n aterrer\u00e0 al Claustre amb tots els seus artefactes de foc, brasa i fum que estar\u00e0s temptat de provar-los un a un.<\/p>\n<p><span style=\"color: #000000;\"><strong>Muchacho Carb\u00f3n<\/strong><\/span> + <a href=\"https:\/\/esclaustre.com\/es\/event\/daltonic\/\" target=\"_blank\" rel=\"noopener\">Daltonic<\/a> dj i <a href=\"\/?p=2995\" target=\"_blank\" rel=\"noopener\">Kid Calzone<\/a> dj<\/p>\n<p>El dissabte <strong>19 d&#8217;octubre<\/strong> el protagonista ser\u00e0 <strong>Makitake<\/strong>: M\u00f3n Jap\u00f3.<\/p>\n<p>T\u00e1rtar de Salm\u00f3, Rainbow spicy crab &amp; tunawakame, Nigiris, Wakame i Mochis<\/p>\n<p><span style=\"color: #000000;\"><strong>Makitake<\/strong><\/span> + <a href=\"https:\/\/esclaustre.com\/es\/event\/dj-hanakito\/\" target=\"_blank\" rel=\"noopener\">Hanakito<\/a> + dj <span style=\"color: #000000;\"><strong>Eridu<\/strong><\/span><\/p>\n<p>El dissabte dia <strong>26 d&#8217;octubre<\/strong> anir\u00e0 a c\u00e0rrec de <span style=\"color: #000000;\"><b>Peixos de la Terra<\/b><\/span>, arribats de Mallorca per oferir-nos els processos i els racons m\u00e9s ben guardats dels productes de la terra.\u00a0Les mares de postguerra, a Mallorca, cuinaven per les seves fam\u00edlies deliciosos plats de peix, que no es podien permetre comprar, arrebossant tronxos de bleda, propers, econ\u00f2mics i accessibles. A aquest plat (i aquesta petita mentida d&#8217;amor) se l\u2019anomena peixos de la terra. Una forma de cuinar amb el que un t\u00e9 a m\u00e0,<span class=\"Apple-converted-space\">\u00a0 <\/span>trempant-ho amb una mica de m\u00e0gia i afecte per a crear plats inoblidables. I aix\u00f2 \u00e9s exactament el que fa aquesta gent amb producte local. Peixos de la Terra s\u00f3n un h\u00edbrid entre un porc de gla, animal noble i r\u00fastic, i un peix nedant a contracorrent<\/p>\n<p><span style=\"color: #000000;\"><strong>Peixos de la Terra<\/strong><\/span>\u00a0+\u00a0<span style=\"color: #000000;\"><strong>Tharaton Linna<\/strong><\/span> + <span style=\"color: #000000;\"><strong>Godie<\/strong><\/span><\/p>\n<h2><span style=\"color: #000000;\"><strong>Cuines Clandestines, N\u00f2mades, Furtives<\/strong><\/span><\/h2>\n<p><b>Cuines Clandestines, N\u00f2mades i Furtives<\/b> es presenta Es Claustre on hi haur\u00e0 un entorn acollidor per poder menjar i estar amb l&#8217;ambient m\u00e9s canalla de Ma\u00f3, amb la m\u00fasica i els dj&#8217;s convidats com a protagonistes del Pati del Claustre durant tota un llarga jornada de dissabte al centre de Ma\u00f3.<\/p>\n<p>Una cuina secreta, un ambient de Mercat, amb dj&#8217;s al Pati del Claustre, vermuts, aperitius, cerveses i vins on cada dissabte podr\u00e0s arribar despistat i sortir-ne amb l&#8217;espectacle de veure les cuines m\u00e9s amagades al descobert.<\/p>\n<p>&nbsp;<\/p>\n<p>&nbsp;<\/p>\n<p>[\/et_pb_text][\/et_pb_column_inner][\/et_pb_row_inner][\/et_pb_column][et_pb_column type=\u00bb1_4&#8243;][et_pb_customEventMetaFields admin_label=\u00bbEsClaustre Camps Event\u00bb _builder_version=\u00bb3.0.64&#8243; location=\u00bbon\u00bb schedule=\u00bbon\u00bb price=\u00bbon\u00bb module_class=\u00bbappendTo_tribe-events-infoBlocks_landscape\u00bb \/][et_pb_button _builder_version=\u00bb3.0.64&#8243; button_text=\u00bbGratu\u00eft\u00bb url_new_window=\u00bbon\u00bb button_alignment=\u00bbcenter\u00bb background_layout=\u00bblight\u00bb custom_button=\u00bboff\u00bb button_text_color=\u00bb#ffffff\u00bb button_bg_color=\u00bb#f92b44&#8243; button_border_width=\u00bb0&#8243; button_border_radius=\u00bb0&#8243; button_letter_spacing=\u00bb0&#8243; button_icon_placement=\u00bbright\u00bb button_letter_spacing_hover=\u00bb0&#8243; module_class=\u00bbbtn-ticket appendTo_tribe-events-infoBlocks_landscape\u00bb \/][et_pb_customEventCategories _builder_version=\u00bb3.0.64&#8243; \/][et_pb_customEventTags _builder_version=\u00bb3.0.64&#8243; \/][\/et_pb_column][\/]<\/p>\n","protected":false},"excerpt":{"rendered":"<p>[CANCEL\u00b7LAT] Plats Convidats. Cuines Clandestines, N\u00f2mades, Furtives es presenta al Mercat del Claustre del Carme on diferents cuiners que no tenen restaurant ni lloc fixe s&#8217;instalen al Pati d&#8217;Es Claustre per mostrar les seves creacions gastron\u00f2miques dins el format itinerant que els caracteritza.<\/p>\n","protected":false},"author":1,"featured_media":6748,"template":"","meta":{"_acf_changed":false,"_tribe_events_status":"","_tribe_events_status_reason":"","_tribe_events_is_hybrid":"","_tribe_events_is_virtual":"","_tribe_events_virtual_video_source":"","_tribe_events_virtual_embed_video":"","_tribe_events_virtual_linked_button_text":"","_tribe_events_virtual_linked_button":"","_tribe_events_virtual_show_embed_at":"","_tribe_events_virtual_show_embed_to":[],"_tribe_events_virtual_show_on_event":"","_tribe_events_virtual_show_on_views":"","_tribe_events_virtual_url":"","footnotes":""},"tags":[656,1316,1298,1299],"tribe_events_cat":[410,111,661],"class_list":["post-6742","tribe_events","type-tribe_events","status-publish","has-post-thumbnail","hentry","tag-djs-es","tag-makitake-es","tag-muchacho-carbon-es","tag-peixos-de-la-terra-es","tribe_events_cat-cultura-es","tribe_events_cat-musica-es","tribe_events_cat-vermut-es","cat_cultura-es","cat_musica-es","cat_vermut-es"],"acf":[],"_links":{"self":[{"href":"https:\/\/esclaustre.com\/es\/wp-json\/wp\/v2\/tribe_events\/6742","targetHints":{"allow":["GET"]}}],"collection":[{"href":"https:\/\/esclaustre.com\/es\/wp-json\/wp\/v2\/tribe_events"}],"about":[{"href":"https:\/\/esclaustre.com\/es\/wp-json\/wp\/v2\/types\/tribe_events"}],"author":[{"embeddable":true,"href":"https:\/\/esclaustre.com\/es\/wp-json\/wp\/v2\/users\/1"}],"version-history":[{"count":0,"href":"https:\/\/esclaustre.com\/es\/wp-json\/wp\/v2\/tribe_events\/6742\/revisions"}],"wp:featuredmedia":[{"embeddable":true,"href":"https:\/\/esclaustre.com\/es\/wp-json\/wp\/v2\/media\/6748"}],"wp:attachment":[{"href":"https:\/\/esclaustre.com\/es\/wp-json\/wp\/v2\/media?parent=6742"}],"wp:term":[{"taxonomy":"post_tag","embeddable":true,"href":"https:\/\/esclaustre.com\/es\/wp-json\/wp\/v2\/tags?post=6742"},{"taxonomy":"tribe_events_cat","embeddable":true,"href":"https:\/\/esclaustre.com\/es\/wp-json\/wp\/v2\/tribe_events_cat?post=6742"}],"curies":[{"name":"wp","href":"https:\/\/api.w.org\/{rel}","templated":true}]}}